{"id":14274,"date":"2021-08-26T10:35:39","date_gmt":"2021-08-26T08:35:39","guid":{"rendered":"http:\/\/www.thibxl.be\/photos\/?post_type=envira&#038;p=14274"},"modified":"2021-08-26T10:35:39","modified_gmt":"2021-08-26T08:35:39","slug":"pere-lachaise-paris","status":"publish","type":"envira","link":"https:\/\/www.thibxl.be\/photos\/galeries\/pere-lachaise-paris\/","title":{"rendered":"P\u00e8re Lachaise (Paris)"},"author":1,"featured_media":7494,"template":"","gallery_data":{"id":14274,"gallery":{"7":{"status":"active","src":"https:\/\/www.thibxl.be\/photos\/wp-content\/uploads\/bus-61\/Bus-61-Paris-RATP-Septembre-2019-7.jpg","title":"Bus 3415 (EQ-356-QF) sur la ligne 61 (RATP) \u00e0 P\u00e8re Lachaise (Paris)","link":"http:\/\/www.thibxl.be\/photos\/wp-content\/uploads\/bus-61\/Bus-61-Paris-RATP-Septembre-2019-7.jpg","alt":"Bus 3415 (EQ-356-QF) sur la ligne 61 (RATP) \u00e0 P\u00e8re Lachaise (Paris)","caption":"Irisbus Citelis Line n\u00b03415 (EQ-356-QF) sur la ligne 61 (RATP) \u00e0 P\u00e8re Lachaise (Paris)","thumb":"","tags":[],"id":6923,"height":0,"width":0},"4":{"status":"active","src":"https:\/\/www.thibxl.be\/photos\/wp-content\/uploads\/m2\/M\u00e9tro-2-Paris-RATP-Mai-2011-11.jpg","title":"M\u00e9tro 036 sur la ligne 2 (RATP) \u00e0 P\u00e8re Lachaise (Paris)","link":"http:\/\/www.thibxl.be\/photos\/wp-content\/uploads\/m2\/M\u00e9tro-2-Paris-RATP-Mai-2011-11.jpg","alt":"M\u00e9tro 036 sur la ligne 2 (RATP) \u00e0 P\u00e8re Lachaise (Paris)","caption":"MF 01 n\u00b0036 sur la ligne 2 (RATP) \u00e0 P\u00e8re Lachaise (Paris)","thumb":"","tags":[],"id":5817,"height":0,"width":0},"13":{"status":"active","src":"https:\/\/www.thibxl.be\/photos\/wp-content\/uploads\/bus-71\/Bus-71-Paris-RATP-Septembre-2019-4.jpg","title":"Bus 6113 (EK-935-LL) sur la ligne 71 (RATP) \u00e0 P\u00e8re Lachaise (Paris)","link":"http:\/\/www.thibxl.be\/photos\/wp-content\/uploads\/bus-71\/Bus-71-Paris-RATP-Septembre-2019-4.jpg","alt":"Bus 6113 (EK-935-LL) sur la ligne 71 (RATP) \u00e0 P\u00e8re Lachaise (Paris)","caption":"Iveco Urbanway 12 Hybrid n\u00b06113 (EK-935-LL) sur la ligne 71 (RATP) \u00e0 P\u00e8re Lachaise (Paris)","thumb":"","tags":[],"id":7492,"height":0,"width":0},"26":{"status":"active","src":"https:\/\/www.thibxl.be\/photos\/wp-content\/uploads\/m3\/M\u00e9tro-3-Paris-RATP-Septembre-2019-30.jpg","title":"M\u00e9tro 070 sur la ligne 3 (RATP) \u00e0 P\u00e8re Lachaise (Paris)","link":"http:\/\/www.thibxl.be\/photos\/wp-content\/uploads\/m3\/M\u00e9tro-3-Paris-RATP-Septembre-2019-30.jpg","alt":"M\u00e9tro 070 sur la ligne 3 (RATP) \u00e0 P\u00e8re Lachaise (Paris)","caption":"MF 67 n\u00b0070 sur la ligne 3 (RATP) \u00e0 P\u00e8re Lachaise (Paris)","thumb":"","tags":[],"id":5962,"height":0,"width":0},"2":{"status":"active","src":"https:\/\/www.thibxl.be\/photos\/wp-content\/uploads\/m3\/M\u00e9tro-3-Paris-RATP-Septembre-2019-5.jpg","title":"M\u00e9tro 058 sur la ligne 3 (RATP) \u00e0 P\u00e8re Lachaise (Paris)","link":"http:\/\/www.thibxl.be\/photos\/wp-content\/uploads\/m3\/M\u00e9tro-3-Paris-RATP-Septembre-2019-5.jpg","alt":"M\u00e9tro 058 sur la ligne 3 (RATP) \u00e0 P\u00e8re Lachaise (Paris)","caption":"MF 67 n\u00b0058 sur la ligne 3 (RATP) \u00e0 P\u00e8re Lachaise (Paris)","thumb":"","tags":[],"id":5937,"height":0,"width":0},"24":{"status":"active","src":"https:\/\/www.thibxl.be\/photos\/wp-content\/uploads\/m2\/M\u00e9tro-2-Paris-RATP-Mai-2011-9.jpg","title":"M\u00e9tro 036 sur la ligne 2 (RATP) \u00e0 P\u00e8re Lachaise (Paris)","link":"http:\/\/www.thibxl.be\/photos\/wp-content\/uploads\/m2\/M\u00e9tro-2-Paris-RATP-Mai-2011-9.jpg","alt":"M\u00e9tro 036 sur la ligne 2 (RATP) \u00e0 P\u00e8re Lachaise (Paris)","caption":"MF 01 n\u00b0036 sur la ligne 2 (RATP) \u00e0 P\u00e8re Lachaise (Paris)","thumb":"","tags":[],"id":5815,"height":0,"width":0},"27":{"status":"active","src":"https:\/\/www.thibxl.be\/photos\/wp-content\/uploads\/bus-71\/Bus-71-Paris-RATP-Septembre-2019-10.jpg","title":"Bus 6113 (EK-935-LL) sur la ligne 71 (RATP) \u00e0 P\u00e8re Lachaise (Paris)","link":"http:\/\/www.thibxl.be\/photos\/wp-content\/uploads\/bus-71\/Bus-71-Paris-RATP-Septembre-2019-10.jpg","alt":"Bus 6113 (EK-935-LL) sur la ligne 71 (RATP) \u00e0 P\u00e8re Lachaise (Paris)","caption":"Iveco Urbanway 12 Hybrid n\u00b06113 (EK-935-LL) sur la ligne 71 (RATP) \u00e0 P\u00e8re Lachaise (Paris)","thumb":"","tags":[],"id":7498,"height":0,"width":0},"25":{"status":"active","src":"https:\/\/www.thibxl.be\/photos\/wp-content\/uploads\/bus-69\/Bus-69-Paris-RATP-Septembre-2019-5.jpg","title":"Bus 8868 (DS-026-NK) sur la ligne 69 (RATP) \u00e0 P\u00e8re Lachaise (Paris)","link":"http:\/\/www.thibxl.be\/photos\/wp-content\/uploads\/bus-69\/Bus-69-Paris-RATP-Septembre-2019-5.jpg","alt":"Bus 8868 (DS-026-NK) sur la ligne 69 (RATP) \u00e0 P\u00e8re Lachaise (Paris)","caption":"Iveco Urbanway 12 n\u00b08868 (DS-026-NK) sur la ligne 69 (RATP) \u00e0 P\u00e8re Lachaise (Paris)","thumb":"","tags":[],"id":7089,"height":0,"width":0},"17":{"status":"active","src":"https:\/\/www.thibxl.be\/photos\/wp-content\/uploads\/m2\/M\u00e9tro-2-Paris-RATP-Mai-2011-6.jpg","title":"M\u00e9tro 003 sur la ligne 2 (RATP) \u00e0 P\u00e8re Lachaise (Paris)","link":"http:\/\/www.thibxl.be\/photos\/wp-content\/uploads\/m2\/M\u00e9tro-2-Paris-RATP-Mai-2011-6.jpg","alt":"M\u00e9tro 003 sur la ligne 2 (RATP) \u00e0 P\u00e8re Lachaise (Paris)","caption":"MF 01 n\u00b0003 sur la ligne 2 (RATP) \u00e0 P\u00e8re Lachaise (Paris)","thumb":"","tags":[],"id":5812,"height":0,"width":0},"11":{"status":"active","src":"https:\/\/www.thibxl.be\/photos\/wp-content\/uploads\/bus-69\/Bus-69-Paris-RATP-Septembre-2019-3.jpg","title":"Bus 8868 (DS-026-NK) sur la ligne 69 (RATP) \u00e0 P\u00e8re Lachaise (Paris)","link":"http:\/\/www.thibxl.be\/photos\/wp-content\/uploads\/bus-69\/Bus-69-Paris-RATP-Septembre-2019-3.jpg","alt":"Bus 8868 (DS-026-NK) sur la ligne 69 (RATP) \u00e0 P\u00e8re Lachaise (Paris)","caption":"Iveco Urbanway 12 n\u00b08868 (DS-026-NK) sur la ligne 69 (RATP) \u00e0 P\u00e8re Lachaise (Paris)","thumb":"","tags":[],"id":7087,"height":0,"width":0},"19":{"status":"active","src":"https:\/\/www.thibxl.be\/photos\/wp-content\/uploads\/bus-61\/Bus-61-Paris-RATP-Septembre-2019-3.jpg","title":"Bus 3415 (EQ-356-QF) sur la ligne 61 (RATP) \u00e0 P\u00e8re Lachaise (Paris)","link":"http:\/\/www.thibxl.be\/photos\/wp-content\/uploads\/bus-61\/Bus-61-Paris-RATP-Septembre-2019-3.jpg","alt":"Bus 3415 (EQ-356-QF) sur la ligne 61 (RATP) \u00e0 P\u00e8re Lachaise (Paris)","caption":"Irisbus Citelis Line n\u00b03415 (EQ-356-QF) sur la ligne 61 (RATP) \u00e0 P\u00e8re Lachaise (Paris)","thumb":"","tags":[],"id":6919,"height":0,"width":0},"16":{"status":"active","src":"https:\/\/www.thibxl.be\/photos\/wp-content\/uploads\/bus-71\/Bus-71-Paris-RATP-Septembre-2019-7.jpg","title":"Bus 6106 (EK-856-LL) sur la ligne 71 (RATP) \u00e0 P\u00e8re Lachaise (Paris)","link":"http:\/\/www.thibxl.be\/photos\/wp-content\/uploads\/bus-71\/Bus-71-Paris-RATP-Septembre-2019-7.jpg","alt":"Bus 6106 (EK-856-LL) sur la ligne 71 (RATP) \u00e0 P\u00e8re Lachaise (Paris)","caption":"Iveco Urbanway 12 Hybrid n\u00b06106 (EK-856-LL) sur la ligne 71 (RATP) \u00e0 P\u00e8re Lachaise (Paris)","thumb":"","tags":[],"id":7495,"height":0,"width":0},"9":{"status":"active","src":"https:\/\/www.thibxl.be\/photos\/wp-content\/uploads\/m3\/M\u00e9tro-3-Paris-RATP-Septembre-2019-27.jpg","title":"M\u00e9tro 070 sur la ligne 3 (RATP) \u00e0 P\u00e8re Lachaise (Paris)","link":"http:\/\/www.thibxl.be\/photos\/wp-content\/uploads\/m3\/M\u00e9tro-3-Paris-RATP-Septembre-2019-27.jpg","alt":"M\u00e9tro 070 sur la ligne 3 (RATP) \u00e0 P\u00e8re Lachaise (Paris)","caption":"MF 67 n\u00b0070 sur la ligne 3 (RATP) \u00e0 P\u00e8re Lachaise (Paris)","thumb":"","tags":[],"id":5959,"height":0,"width":0},"22":{"status":"active","src":"https:\/\/www.thibxl.be\/photos\/wp-content\/uploads\/bus-71\/Bus-71-Paris-RATP-Septembre-2019-11.jpg","title":"Bus 6106 (EK-856-LL) sur la ligne 71 (RATP) \u00e0 P\u00e8re Lachaise (Paris)","link":"http:\/\/www.thibxl.be\/photos\/wp-content\/uploads\/bus-71\/Bus-71-Paris-RATP-Septembre-2019-11.jpg","alt":"Bus 6106 (EK-856-LL) sur la ligne 71 (RATP) \u00e0 P\u00e8re Lachaise (Paris)","caption":"Iveco Urbanway 12 Hybrid n\u00b06106 (EK-856-LL) sur la ligne 71 (RATP) \u00e0 P\u00e8re Lachaise (Paris)","thumb":"","tags":[],"id":7499,"height":0,"width":0},"0":{"status":"active","src":"https:\/\/www.thibxl.be\/photos\/wp-content\/uploads\/bus-61\/Bus-61-Paris-RATP-Septembre-2019-2.jpg","title":"Bus 3487 (AA-178-ML) sur la ligne 61 (RATP) \u00e0 P\u00e8re Lachaise (Paris)","link":"http:\/\/www.thibxl.be\/photos\/wp-content\/uploads\/bus-61\/Bus-61-Paris-RATP-Septembre-2019-2.jpg","alt":"Bus 3487 (AA-178-ML) sur la ligne 61 (RATP) \u00e0 P\u00e8re Lachaise (Paris)","caption":"Irisbus Citelis Line n\u00b03487 (AA-178-ML) sur la ligne 61 (RATP) \u00e0 P\u00e8re Lachaise (Paris)","thumb":"","tags":[],"id":6918,"height":0,"width":0},"10":{"status":"active","src":"https:\/\/www.thibxl.be\/photos\/wp-content\/uploads\/bus-71\/Bus-71-Paris-RATP-Septembre-2019-5.jpg","title":"Bus 6119 (EK-836-VS) sur la ligne 71 (RATP) \u00e0 P\u00e8re Lachaise (Paris)","link":"http:\/\/www.thibxl.be\/photos\/wp-content\/uploads\/bus-71\/Bus-71-Paris-RATP-Septembre-2019-5.jpg","alt":"Bus 6119 (EK-836-VS) sur la ligne 71 (RATP) \u00e0 P\u00e8re Lachaise (Paris)","caption":"Iveco Urbanway 12 Hybrid n\u00b06119 (EK-836-VS) sur la ligne 71 (RATP) \u00e0 P\u00e8re Lachaise (Paris)","thumb":"","tags":[],"id":7493,"height":0,"width":0},"21":{"status":"active","src":"https:\/\/www.thibxl.be\/photos\/wp-content\/uploads\/bus-71\/Bus-71-Paris-RATP-Septembre-2019-3.jpg","title":"Bus 6106 (EK-856-LL) sur la ligne 71 (RATP) \u00e0 P\u00e8re Lachaise (Paris)","link":"http:\/\/www.thibxl.be\/photos\/wp-content\/uploads\/bus-71\/Bus-71-Paris-RATP-Septembre-2019-3.jpg","alt":"Bus 6106 (EK-856-LL) sur la ligne 71 (RATP) \u00e0 P\u00e8re Lachaise (Paris)","caption":"Iveco Urbanway 12 Hybrid n\u00b06106 (EK-856-LL) sur la ligne 71 (RATP) \u00e0 P\u00e8re Lachaise (Paris)","thumb":"","tags":[],"id":7491,"height":0,"width":0},"8":{"status":"active","src":"https:\/\/www.thibxl.be\/photos\/wp-content\/uploads\/bus-69\/Bus-69-Paris-RATP-Septembre-2019-1.jpg","title":"Bus 8868 (DS-026-NK) sur la ligne 69 (RATP) \u00e0 P\u00e8re Lachaise (Paris)","link":"http:\/\/www.thibxl.be\/photos\/wp-content\/uploads\/bus-69\/Bus-69-Paris-RATP-Septembre-2019-1.jpg","alt":"Bus 8868 (DS-026-NK) sur la ligne 69 (RATP) \u00e0 P\u00e8re Lachaise (Paris)","caption":"Iveco Urbanway 12 n\u00b08868 (DS-026-NK) sur la ligne 69 (RATP) \u00e0 P\u00e8re Lachaise (Paris)","thumb":"","tags":[],"id":7085,"height":0,"width":0},"5":{"status":"active","src":"https:\/\/www.thibxl.be\/photos\/wp-content\/uploads\/bus-71\/Bus-71-Paris-RATP-Septembre-2019-9.jpg","title":"Bus 6106 (EK-856-LL) sur la ligne 71 (RATP) \u00e0 P\u00e8re Lachaise (Paris)","link":"http:\/\/www.thibxl.be\/photos\/wp-content\/uploads\/bus-71\/Bus-71-Paris-RATP-Septembre-2019-9.jpg","alt":"Bus 6106 (EK-856-LL) sur la ligne 71 (RATP) \u00e0 P\u00e8re Lachaise (Paris)","caption":"Iveco Urbanway 12 Hybrid n\u00b06106 (EK-856-LL) sur la ligne 71 (RATP) \u00e0 P\u00e8re Lachaise (Paris)","thumb":"","tags":[],"id":7497,"height":0,"width":0},"6":{"status":"active","src":"https:\/\/www.thibxl.be\/photos\/wp-content\/uploads\/bus-69\/Bus-69-Paris-RATP-Septembre-2019-2.jpg","title":"Bus 8868 (DS-026-NK) sur la ligne 69 (RATP) \u00e0 P\u00e8re Lachaise (Paris)","link":"http:\/\/www.thibxl.be\/photos\/wp-content\/uploads\/bus-69\/Bus-69-Paris-RATP-Septembre-2019-2.jpg","alt":"Bus 8868 (DS-026-NK) sur la ligne 69 (RATP) \u00e0 P\u00e8re Lachaise (Paris)","caption":"Iveco Urbanway 12 n\u00b08868 (DS-026-NK) sur la ligne 69 (RATP) \u00e0 P\u00e8re Lachaise (Paris)","thumb":"","tags":[],"id":7086,"height":0,"width":0},"1":{"status":"active","src":"https:\/\/www.thibxl.be\/photos\/wp-content\/uploads\/m3\/M\u00e9tro-3-Paris-RATP-Septembre-2019-2.jpg","title":"M\u00e9tro 058 sur la ligne 3 (RATP) \u00e0 P\u00e8re Lachaise (Paris)","link":"http:\/\/www.thibxl.be\/photos\/wp-content\/uploads\/m3\/M\u00e9tro-3-Paris-RATP-Septembre-2019-2.jpg","alt":"M\u00e9tro 058 sur la ligne 3 (RATP) \u00e0 P\u00e8re Lachaise (Paris)","caption":"MF 67 n\u00b0058 sur la ligne 3 (RATP) \u00e0 P\u00e8re Lachaise (Paris)","thumb":"","tags":[],"id":5972,"height":0,"width":0},"12":{"status":"active","src":"https:\/\/www.thibxl.be\/photos\/wp-content\/uploads\/bus-61\/Bus-61-Paris-RATP-Septembre-2019-4.jpg","title":"Bus 3487 (AA-178-ML) sur la ligne 61 (RATP) \u00e0 P\u00e8re Lachaise (Paris)","link":"http:\/\/www.thibxl.be\/photos\/wp-content\/uploads\/bus-61\/Bus-61-Paris-RATP-Septembre-2019-4.jpg","alt":"Bus 3487 (AA-178-ML) sur la ligne 61 (RATP) \u00e0 P\u00e8re Lachaise (Paris)","caption":"Irisbus Citelis Line n\u00b03487 (AA-178-ML) sur la ligne 61 (RATP) \u00e0 P\u00e8re Lachaise (Paris)","thumb":"","tags":[],"id":6920,"height":0,"width":0},"18":{"status":"active","src":"https:\/\/www.thibxl.be\/photos\/wp-content\/uploads\/bus-61\/Bus-61-Paris-RATP-Septembre-2019-1.jpg","title":"Bus 3487 (AA-178-ML) sur la ligne 61 (RATP) \u00e0 P\u00e8re Lachaise (Paris)","link":"http:\/\/www.thibxl.be\/photos\/wp-content\/uploads\/bus-61\/Bus-61-Paris-RATP-Septembre-2019-1.jpg","alt":"Bus 3487 (AA-178-ML) sur la ligne 61 (RATP) \u00e0 P\u00e8re Lachaise (Paris)","caption":"Irisbus Citelis Line n\u00b03487 (AA-178-ML) sur la ligne 61 (RATP) \u00e0 P\u00e8re Lachaise (Paris)","thumb":"","tags":[],"id":6917,"height":0,"width":0},"29":{"status":"active","src":"https:\/\/www.thibxl.be\/photos\/wp-content\/uploads\/bus-71\/Bus-71-Paris-RATP-Septembre-2019-1-1.jpg","title":"Bus 6113 (EK-935-LL) sur la ligne 71 (RATP) \u00e0 P\u00e8re Lachaise (Paris)","link":"http:\/\/www.thibxl.be\/photos\/wp-content\/uploads\/bus-71\/Bus-71-Paris-RATP-Septembre-2019-1-1.jpg","alt":"Bus 6113 (EK-935-LL) sur la ligne 71 (RATP) \u00e0 P\u00e8re Lachaise (Paris)","caption":"Iveco Urbanway 12 Hybrid n\u00b06113 (EK-935-LL) sur la ligne 71 (RATP) \u00e0 P\u00e8re Lachaise (Paris)","thumb":"","tags":[],"id":7500,"height":0,"width":0},"28":{"status":"active","src":"https:\/\/www.thibxl.be\/photos\/wp-content\/uploads\/bus-61\/Bus-61-Paris-RATP-Septembre-2019-6.jpg","title":"Bus 3487 (AA-178-ML) sur la ligne 61 (RATP) \u00e0 P\u00e8re Lachaise (Paris)","link":"http:\/\/www.thibxl.be\/photos\/wp-content\/uploads\/bus-61\/Bus-61-Paris-RATP-Septembre-2019-6.jpg","alt":"Bus 3487 (AA-178-ML) sur la ligne 61 (RATP) \u00e0 P\u00e8re Lachaise (Paris)","caption":"Irisbus Citelis Line n\u00b03487 (AA-178-ML) sur la ligne 61 (RATP) \u00e0 P\u00e8re Lachaise (Paris)","thumb":"","tags":[],"id":6922,"height":0,"width":0},"14":{"status":"active","src":"https:\/\/www.thibxl.be\/photos\/wp-content\/uploads\/bus-71\/Bus-71-Paris-RATP-Septembre-2019-2.jpg","title":"Bus 6119 (EK-836-VS) sur la ligne 71 (RATP) \u00e0 P\u00e8re Lachaise (Paris)","link":"http:\/\/www.thibxl.be\/photos\/wp-content\/uploads\/bus-71\/Bus-71-Paris-RATP-Septembre-2019-2.jpg","alt":"Bus 6119 (EK-836-VS) sur la ligne 71 (RATP) \u00e0 P\u00e8re Lachaise (Paris)","caption":"Iveco Urbanway 12 Hybrid n\u00b06119 (EK-836-VS) sur la ligne 71 (RATP) \u00e0 P\u00e8re Lachaise (Paris)","thumb":"","tags":[],"id":7501,"height":0,"width":0},"20":{"status":"active","src":"https:\/\/www.thibxl.be\/photos\/wp-content\/uploads\/bus-69\/Bus-69-Paris-RATP-Septembre-2019-4.jpg","title":"Bus 8868 (DS-026-NK) sur la ligne 69 (RATP) \u00e0 P\u00e8re Lachaise (Paris)","link":"http:\/\/www.thibxl.be\/photos\/wp-content\/uploads\/bus-69\/Bus-69-Paris-RATP-Septembre-2019-4.jpg","alt":"Bus 8868 (DS-026-NK) sur la ligne 69 (RATP) \u00e0 P\u00e8re Lachaise (Paris)","caption":"Iveco Urbanway 12 n\u00b08868 (DS-026-NK) sur la ligne 69 (RATP) \u00e0 P\u00e8re Lachaise (Paris)","thumb":"","tags":[],"id":7088,"height":0,"width":0},"15":{"status":"active","src":"https:\/\/www.thibxl.be\/photos\/wp-content\/uploads\/bus-71\/Bus-71-Paris-RATP-Septembre-2019-8.jpg","title":"Bus 6113 (EK-935-LL) sur la ligne 71 (RATP) \u00e0 P\u00e8re Lachaise (Paris)","link":"http:\/\/www.thibxl.be\/photos\/wp-content\/uploads\/bus-71\/Bus-71-Paris-RATP-Septembre-2019-8.jpg","alt":"Bus 6113 (EK-935-LL) sur la ligne 71 (RATP) \u00e0 P\u00e8re Lachaise (Paris)","caption":"Iveco Urbanway 12 Hybrid n\u00b06113 (EK-935-LL) sur la ligne 71 (RATP) \u00e0 P\u00e8re Lachaise (Paris)","thumb":"","tags":[],"id":7496,"height":0,"width":0},"23":{"status":"active","src":"https:\/\/www.thibxl.be\/photos\/wp-content\/uploads\/bus-71\/Bus-71-Paris-RATP-Septembre-2019-6.jpg","title":"Bus 6106 (EK-856-LL) sur la ligne 71 (RATP) \u00e0 P\u00e8re Lachaise (Paris)","link":"http:\/\/www.thibxl.be\/photos\/wp-content\/uploads\/bus-71\/Bus-71-Paris-RATP-Septembre-2019-6.jpg","alt":"Bus 6106 (EK-856-LL) sur la ligne 71 (RATP) \u00e0 P\u00e8re Lachaise (Paris)","caption":"Iveco Urbanway 12 Hybrid n\u00b06106 (EK-856-LL) sur la ligne 71 (RATP) \u00e0 P\u00e8re Lachaise (Paris)","thumb":"","tags":[],"id":7494,"height":0,"width":0},"3":{"status":"active","src":"https:\/\/www.thibxl.be\/photos\/wp-content\/uploads\/bus-61\/Bus-61-Paris-RATP-Septembre-2019-5.jpg","title":"Bus 3415 (EQ-356-QF) sur la ligne 61 (RATP) \u00e0 P\u00e8re Lachaise (Paris)","link":"http:\/\/www.thibxl.be\/photos\/wp-content\/uploads\/bus-61\/Bus-61-Paris-RATP-Septembre-2019-5.jpg","alt":"Bus 3415 (EQ-356-QF) sur la ligne 61 (RATP) \u00e0 P\u00e8re Lachaise (Paris)","caption":"Irisbus Citelis Line n\u00b03415 (EQ-356-QF) sur la ligne 61 (RATP) \u00e0 P\u00e8re Lachaise (Paris)","thumb":"","tags":[],"id":6921,"height":0,"width":0}},"config":{"sort_order":"1","type":"default","layout":"automatic","columns":"0","gallery_theme":"base","justified_margins":1,"justified_last_row":"nojustify","lazy_loading":1,"lazy_loading_delay":500,"gutter":0,"margin":0,"image_size":"default","square_size":false,"crop_width":640,"crop_height":480,"crop":0,"crop_position":"c","additional_copy_0":0,"additional_copy_title":0,"additional_copy_caption":0,"additional_copy_title_caption":0,"additional_copy_0_mobile":0,"additional_copy_title_mobile":0,"additional_copy_caption_mobile":0,"additional_copy_title_caption_mobile":0,"gallery_column_title_caption":"0","gallery_column_title_caption_mobile":"0","additional_copy_automatic_0":0,"additional_copy_automatic_title":0,"additional_copy_automatic_caption":0,"additional_copy_automatic_title_caption":0,"additional_copy_automatic_0_mobile":0,"additional_copy_automatic_title_mobile":0,"additional_copy_automatic_caption_mobile":0,"additional_copy_automatic_title_caption_mobile":0,"gallery_automatic_title_caption":"caption","gallery_automatic_title_caption_mobile":"0","justified_row_height":150,"description_position":"0","description":"","random":"1","sorting_direction":"ASC","image_sizes_random":[],"isotope":0,"lightbox_enabled":1,"gallery_link_enabled":1,"lightbox_theme":"base_dark","lightbox_image_size":"default","title_display":"float","lightbox_title_caption":"caption","arrows":1,"arrows_position":"inside","toolbar":0,"toolbar_title":0,"toolbar_position":"top","loop":1,"lightbox_open_close_effect":"fade","effect":"fade","supersize":0,"thumbnails_toggle":0,"thumbnails_hide":0,"image_counter":1,"thumbnails":1,"thumbnails_width":75,"thumbnails_height":50,"thumbnails_position":"bottom","thumbnails_custom_size":0,"mobile":1,"mobile_width":320,"mobile_height":240,"mobile_lightbox":1,"mobile_gallery_link_enabled":1,"mobile_arrows":1,"mobile_toolbar":1,"mobile_thumbnails":0,"mobile_touchwipe_close":0,"mobile_thumbnails_width":75,"mobile_thumbnails_height":50,"mobile_justified_row_height":80,"keyboard":true,"standalone_template":"","classes":["envira-default-gallery"],"rtl":0,"slug":"pere-lachaise-paris","custom_css":"#envira-gallery-124 {\r\n    \/* margin-bottom: 20px; *\/\r\n    \/* font-size: 18px; *\/\r\n    \/* font-family: \"roboto\"; *\/\r\n}","deeplinking":1,"download_all":0,"download_all_position":"below","download_all_label":"Download All Images","download":0,"download_custom_name":"","download_position":"top-left","download_image_size":"default","download_force":0,"password_protection_download":false,"download_invalid_password_message":false,"download_lightbox":0,"download_lightbox_position":"top-left","download_lightbox_force":0,"native_gallery_override":0,"fullscreen":0,"open_fullscreen":0,"protection":1,"protection_popup":0,"protection_message":"","protection_title":"","protection_button_text":"","slideshow":0,"autoplay":0,"slideshow_hover":0,"ss_speed":5000,"tags":1,"tags_filter":"","tags_position":"above","tags_all_enabled":1,"tags_all":"Toutes les photos","tags_sorting":"","tags_manual_sorting":[""],"tags_display":"","tags_scroll":0,"tags_mobile":1,"tags_count":0,"title":"P\u00e8re Lachaise (Paris)"}},"_links":{"self":[{"href":"https:\/\/www.thibxl.be\/photos\/wp-json\/wp\/v2\/envira-gallery\/14274"}],"collection":[{"href":"https:\/\/www.thibxl.be\/photos\/wp-json\/wp\/v2\/envira-gallery"}],"about":[{"href":"https:\/\/www.thibxl.be\/photos\/wp-json\/wp\/v2\/types\/envira"}],"author":[{"embeddable":true,"href":"https:\/\/www.thibxl.be\/photos\/wp-json\/wp\/v2\/users\/1"}],"wp:featuredmedia":[{"embeddable":true,"href":"https:\/\/www.thibxl.be\/photos\/wp-json\/wp\/v2\/media\/7494"}],"wp:attachment":[{"href":"https:\/\/www.thibxl.be\/photos\/wp-json\/wp\/v2\/media?parent=14274"}],"curies":[{"name":"wp","href":"https:\/\/api.w.org\/{rel}","templated":true}]}}