{"id":14268,"date":"2021-08-26T10:32:57","date_gmt":"2021-08-26T08:32:57","guid":{"rendered":"http:\/\/www.thibxl.be\/photos\/?post_type=envira&#038;p=14268"},"modified":"2021-08-26T10:32:57","modified_gmt":"2021-08-26T08:32:57","slug":"velizy-villacoublay","status":"publish","type":"envira","link":"https:\/\/www.thibxl.be\/photos\/galeries\/velizy-villacoublay\/","title":{"rendered":"V\u00e9lizy-Villacoublay"},"author":1,"featured_media":2695,"template":"","gallery_data":{"id":14268,"gallery":{"43":{"status":"active","src":"https:\/\/www.thibxl.be\/photos\/wp-content\/uploads\/tram-t6\/Tram-6-Paris-RATP-T6-Octobre-2016-30.jpg","title":"Tram 604 sur la ligne T6 (RATP) \u00e0 V\u00e9lizy-Villacoublay","link":"http:\/\/www.thibxl.be\/photos\/wp-content\/uploads\/tram-t6\/Tram-6-Paris-RATP-T6-Octobre-2016-30.jpg","alt":"Tram 604 sur la ligne T6 (RATP) \u00e0 V\u00e9lizy-Villacoublay","caption":"Translohr STE6 n\u00b0604 sur la ligne T6 (RATP) \u00e0 V\u00e9lizy-Villacoublay","thumb":"","tags":[],"id":2552,"height":0,"width":0},"4":{"status":"active","src":"https:\/\/www.thibxl.be\/photos\/wp-content\/uploads\/tram-t6\/Tram-6-Paris-RATP-T6-Juillet-2015-73.jpg","title":"Tram 625 sur la ligne T6 (RATP) \u00e0 V\u00e9lizy-Villacoublay","link":"http:\/\/www.thibxl.be\/photos\/wp-content\/uploads\/tram-t6\/Tram-6-Paris-RATP-T6-Juillet-2015-73.jpg","alt":"Tram 625 sur la ligne T6 (RATP) \u00e0 V\u00e9lizy-Villacoublay","caption":"Translohr STE6 n\u00b0625 sur la ligne T6 (RATP) \u00e0 V\u00e9lizy-Villacoublay","thumb":"","tags":[],"id":2646,"height":0,"width":0},"52":{"status":"active","src":"https:\/\/www.thibxl.be\/photos\/wp-content\/uploads\/tram-t6\/Tram-6-Paris-RATP-T6-Juillet-2015-36.jpg","title":"Tram 625 sur la ligne T6 (RATP) \u00e0 V\u00e9lizy-Villacoublay","link":"http:\/\/www.thibxl.be\/photos\/wp-content\/uploads\/tram-t6\/Tram-6-Paris-RATP-T6-Juillet-2015-36.jpg","alt":"Tram 625 sur la ligne T6 (RATP) \u00e0 V\u00e9lizy-Villacoublay","caption":"Translohr STE6 n\u00b0625 sur la ligne T6 (RATP) \u00e0 V\u00e9lizy-Villacoublay","thumb":"","tags":[],"id":2609,"height":0,"width":0},"16":{"status":"active","src":"https:\/\/www.thibxl.be\/photos\/wp-content\/uploads\/tram-t6\/Tram-6-Paris-RATP-T6-Juillet-2015-49.jpg","title":"Tram 625 sur la ligne T6 (RATP) \u00e0 V\u00e9lizy-Villacoublay","link":"http:\/\/www.thibxl.be\/photos\/wp-content\/uploads\/tram-t6\/Tram-6-Paris-RATP-T6-Juillet-2015-49.jpg","alt":"Tram 625 sur la ligne T6 (RATP) \u00e0 V\u00e9lizy-Villacoublay","caption":"Translohr STE6 n\u00b0625 sur la ligne T6 (RATP) \u00e0 V\u00e9lizy-Villacoublay","thumb":"","tags":[],"id":2622,"height":0,"width":0},"48":{"status":"active","src":"https:\/\/www.thibxl.be\/photos\/wp-content\/uploads\/tram-t6\/Tram-6-Paris-RATP-T6-Juillet-2015-91.jpg","title":"Tram 625 sur la ligne T6 (RATP) \u00e0 V\u00e9lizy-Villacoublay","link":"http:\/\/www.thibxl.be\/photos\/wp-content\/uploads\/tram-t6\/Tram-6-Paris-RATP-T6-Juillet-2015-91.jpg","alt":"Tram 625 sur la ligne T6 (RATP) \u00e0 V\u00e9lizy-Villacoublay","caption":"Translohr STE6 n\u00b0625 sur la ligne T6 (RATP) \u00e0 V\u00e9lizy-Villacoublay","thumb":"","tags":[],"id":2664,"height":0,"width":0},"53":{"status":"active","src":"https:\/\/www.thibxl.be\/photos\/wp-content\/uploads\/tram-t6\/Tram-6-Paris-RATP-T6-Juillet-2015-38.jpg","title":"Tram 618 sur la ligne T6 (RATP) \u00e0 V\u00e9lizy-Villacoublay","link":"http:\/\/www.thibxl.be\/photos\/wp-content\/uploads\/tram-t6\/Tram-6-Paris-RATP-T6-Juillet-2015-38.jpg","alt":"Tram 618 sur la ligne T6 (RATP) \u00e0 V\u00e9lizy-Villacoublay","caption":"Translohr STE6 n\u00b0618 sur la ligne T6 (RATP) \u00e0 V\u00e9lizy-Villacoublay","thumb":"","tags":[],"id":2611,"height":0,"width":0},"58":{"status":"active","src":"https:\/\/www.thibxl.be\/photos\/wp-content\/uploads\/tram-t6\/Tram-6-Paris-RATP-T6-Juillet-2015-9.jpg","title":"Tram 612 sur la ligne T6 (RATP) \u00e0 V\u00e9lizy-Villacoublay","link":"http:\/\/www.thibxl.be\/photos\/wp-content\/uploads\/tram-t6\/Tram-6-Paris-RATP-T6-Juillet-2015-9.jpg","alt":"Tram 612 sur la ligne T6 (RATP) \u00e0 V\u00e9lizy-Villacoublay","caption":"Translohr STE6 n\u00b0612 sur la ligne T6 (RATP) \u00e0 V\u00e9lizy-Villacoublay","thumb":"","tags":[],"id":2582,"height":0,"width":0},"17":{"status":"active","src":"https:\/\/www.thibxl.be\/photos\/wp-content\/uploads\/tram-t6\/Tram-6-Paris-RATP-T6-Juillet-2015-21.jpg","title":"Tram 625 sur la ligne T6 (RATP) \u00e0 V\u00e9lizy-Villacoublay","link":"http:\/\/www.thibxl.be\/photos\/wp-content\/uploads\/tram-t6\/Tram-6-Paris-RATP-T6-Juillet-2015-21.jpg","alt":"Tram 625 sur la ligne T6 (RATP) \u00e0 V\u00e9lizy-Villacoublay","caption":"Translohr STE6 n\u00b0625 sur la ligne T6 (RATP) \u00e0 V\u00e9lizy-Villacoublay","thumb":"","tags":[],"id":2594,"height":0,"width":0},"44":{"status":"active","src":"https:\/\/www.thibxl.be\/photos\/wp-content\/uploads\/tram-t6\/Tram-6-Paris-RATP-T6-Juillet-2015-12.jpg","title":"Tram 625 sur la ligne T6 (RATP) \u00e0 V\u00e9lizy-Villacoublay","link":"http:\/\/www.thibxl.be\/photos\/wp-content\/uploads\/tram-t6\/Tram-6-Paris-RATP-T6-Juillet-2015-12.jpg","alt":"Tram 625 sur la ligne T6 (RATP) \u00e0 V\u00e9lizy-Villacoublay","caption":"Translohr STE6 n\u00b0625 sur la ligne T6 (RATP) \u00e0 V\u00e9lizy-Villacoublay","thumb":"","tags":[],"id":2585,"height":0,"width":0},"24":{"status":"active","src":"https:\/\/www.thibxl.be\/photos\/wp-content\/uploads\/tram-t6\/Tram-6-Paris-RATP-T6-Juillet-2015-87.jpg","title":"Tram 608 sur la ligne T6 (RATP) \u00e0 V\u00e9lizy-Villacoublay","link":"http:\/\/www.thibxl.be\/photos\/wp-content\/uploads\/tram-t6\/Tram-6-Paris-RATP-T6-Juillet-2015-87.jpg","alt":"Tram 608 sur la ligne T6 (RATP) \u00e0 V\u00e9lizy-Villacoublay","caption":"Translohr STE6 n\u00b0608 sur la ligne T6 (RATP) \u00e0 V\u00e9lizy-Villacoublay","thumb":"","tags":[],"id":2660,"height":0,"width":0},"25":{"status":"active","src":"https:\/\/www.thibxl.be\/photos\/wp-content\/uploads\/tram-t6\/Tram-6-Paris-RATP-T6-Juillet-2015-117.jpg","title":"Tram 612 sur la ligne T6 (RATP) \u00e0 V\u00e9lizy-Villacoublay","link":"http:\/\/www.thibxl.be\/photos\/wp-content\/uploads\/tram-t6\/Tram-6-Paris-RATP-T6-Juillet-2015-117.jpg","alt":"Tram 612 sur la ligne T6 (RATP) \u00e0 V\u00e9lizy-Villacoublay","caption":"Translohr STE6 n\u00b0612 sur la ligne T6 (RATP) \u00e0 V\u00e9lizy-Villacoublay","thumb":"","tags":[],"id":2690,"height":0,"width":0},"40":{"status":"active","src":"https:\/\/www.thibxl.be\/photos\/wp-content\/uploads\/tram-t6\/Tram-6-Paris-RATP-T6-Juillet-2015-69.jpg","title":"Tram 608 sur la ligne T6 (RATP) \u00e0 V\u00e9lizy-Villacoublay","link":"http:\/\/www.thibxl.be\/photos\/wp-content\/uploads\/tram-t6\/Tram-6-Paris-RATP-T6-Juillet-2015-69.jpg","alt":"Tram 608 sur la ligne T6 (RATP) \u00e0 V\u00e9lizy-Villacoublay","caption":"Translohr STE6 n\u00b0608 sur la ligne T6 (RATP) \u00e0 V\u00e9lizy-Villacoublay","thumb":"","tags":[],"id":2642,"height":0,"width":0},"2":{"status":"active","src":"https:\/\/www.thibxl.be\/photos\/wp-content\/uploads\/tram-t6\/Tram-6-Paris-RATP-T6-Octobre-2016-38.jpg","title":"Int\u00e9rieur du Translohr STE6 n\u00b0626 sur la ligne T6 (RATP)","link":"http:\/\/www.thibxl.be\/photos\/wp-content\/uploads\/tram-t6\/Tram-6-Paris-RATP-T6-Octobre-2016-38.jpg","alt":"Int\u00e9rieur du Translohr STE6 n\u00b0626 sur la ligne T6 (RATP)","caption":"Int\u00e9rieur du Translohr STE6 n\u00b0626 sur la ligne T6 (RATP)","thumb":"","tags":[],"id":2560,"height":0,"width":0},"49":{"status":"active","src":"https:\/\/www.thibxl.be\/photos\/wp-content\/uploads\/tram-t6\/Tram-6-Paris-RATP-T6-Juillet-2015-55.jpg","title":"Tram 625 sur la ligne T6 (RATP) \u00e0 V\u00e9lizy-Villacoublay","link":"http:\/\/www.thibxl.be\/photos\/wp-content\/uploads\/tram-t6\/Tram-6-Paris-RATP-T6-Juillet-2015-55.jpg","alt":"Tram 625 sur la ligne T6 (RATP) \u00e0 V\u00e9lizy-Villacoublay","caption":"Translohr STE6 n\u00b0625 sur la ligne T6 (RATP) \u00e0 V\u00e9lizy-Villacoublay","thumb":"","tags":[],"id":2628,"height":0,"width":0},"56":{"status":"active","src":"https:\/\/www.thibxl.be\/photos\/wp-content\/uploads\/tram-t6\/Tram-6-Paris-RATP-T6-Octobre-2016-15.jpg","title":"Voies du T6 (RATP) \u00e0 V\u00e9lizy-Villacoublay","link":"http:\/\/www.thibxl.be\/photos\/wp-content\/uploads\/tram-t6\/Tram-6-Paris-RATP-T6-Octobre-2016-15.jpg","alt":"Voies du T6 (RATP) \u00e0 V\u00e9lizy-Villacoublay","caption":"Voies du T6 (RATP) \u00e0 V\u00e9lizy-Villacoublay","thumb":"","tags":[],"id":2537,"height":0,"width":0},"8":{"status":"active","src":"https:\/\/www.thibxl.be\/photos\/wp-content\/uploads\/tram-t6\/Tram-6-Paris-RATP-T6-Octobre-2016-8.jpg","title":"Voies du T6 (RATP) \u00e0 V\u00e9lizy-Villacoublay","link":"http:\/\/www.thibxl.be\/photos\/wp-content\/uploads\/tram-t6\/Tram-6-Paris-RATP-T6-Octobre-2016-8.jpg","alt":"Voies du T6 (RATP) \u00e0 V\u00e9lizy-Villacoublay","caption":"Voies du T6 (RATP) \u00e0 V\u00e9lizy-Villacoublay","thumb":"","tags":[],"id":2530,"height":0,"width":0},"45":{"status":"active","src":"https:\/\/www.thibxl.be\/photos\/wp-content\/uploads\/tram-t6\/Tram-6-Paris-RATP-T6-Juillet-2015-126.jpg","title":"Tram 625 sur la ligne T6 (RATP) \u00e0 V\u00e9lizy-Villacoublay","link":"http:\/\/www.thibxl.be\/photos\/wp-content\/uploads\/tram-t6\/Tram-6-Paris-RATP-T6-Juillet-2015-126.jpg","alt":"Tram 625 sur la ligne T6 (RATP) \u00e0 V\u00e9lizy-Villacoublay","caption":"Translohr STE6 n\u00b0625 sur la ligne T6 (RATP) \u00e0 V\u00e9lizy-Villacoublay","thumb":"","tags":[],"id":2699,"height":0,"width":0},"26":{"status":"active","src":"https:\/\/www.thibxl.be\/photos\/wp-content\/uploads\/tram-t6\/Tram-6-Paris-RATP-T6-Juillet-2015-23.jpg","title":"Tram 618 sur la ligne T6 (RATP) \u00e0 V\u00e9lizy-Villacoublay","link":"http:\/\/www.thibxl.be\/photos\/wp-content\/uploads\/tram-t6\/Tram-6-Paris-RATP-T6-Juillet-2015-23.jpg","alt":"Tram 618 sur la ligne T6 (RATP) \u00e0 V\u00e9lizy-Villacoublay","caption":"Translohr STE6 n\u00b0618 sur la ligne T6 (RATP) \u00e0 V\u00e9lizy-Villacoublay","thumb":"","tags":[],"id":2596,"height":0,"width":0},"29":{"status":"active","src":"https:\/\/www.thibxl.be\/photos\/wp-content\/uploads\/tram-t6\/Tram-6-Paris-RATP-T6-Juillet-2015-13.jpg","title":"Tram 612 sur la ligne T6 (RATP) \u00e0 V\u00e9lizy-Villacoublay","link":"http:\/\/www.thibxl.be\/photos\/wp-content\/uploads\/tram-t6\/Tram-6-Paris-RATP-T6-Juillet-2015-13.jpg","alt":"Tram 612 sur la ligne T6 (RATP) \u00e0 V\u00e9lizy-Villacoublay","caption":"Translohr STE6 n\u00b0612 sur la ligne T6 (RATP) \u00e0 V\u00e9lizy-Villacoublay","thumb":"","tags":[],"id":2586,"height":0,"width":0},"14":{"status":"active","src":"https:\/\/www.thibxl.be\/photos\/wp-content\/uploads\/tram-t6\/Tram-6-Paris-RATP-T6-Octobre-2016-44.jpg","title":"Tram 604 sur la ligne T6 (RATP) \u00e0 V\u00e9lizy-Villacoublay","link":"http:\/\/www.thibxl.be\/photos\/wp-content\/uploads\/tram-t6\/Tram-6-Paris-RATP-T6-Octobre-2016-44.jpg","alt":"Tram 604 sur la ligne T6 (RATP) \u00e0 V\u00e9lizy-Villacoublay","caption":"Translohr STE6 n\u00b0604 sur la ligne T6 (RATP) \u00e0 V\u00e9lizy-Villacoublay","thumb":"","tags":[],"id":2566,"height":0,"width":0},"38":{"status":"active","src":"https:\/\/www.thibxl.be\/photos\/wp-content\/uploads\/tram-t6\/Tram-6-Paris-RATP-T6-Juillet-2015-113.jpg","title":"Tram 608 sur la ligne T6 (RATP) \u00e0 V\u00e9lizy-Villacoublay","link":"http:\/\/www.thibxl.be\/photos\/wp-content\/uploads\/tram-t6\/Tram-6-Paris-RATP-T6-Juillet-2015-113.jpg","alt":"Tram 608 sur la ligne T6 (RATP) \u00e0 V\u00e9lizy-Villacoublay","caption":"Translohr STE6 n\u00b0608 sur la ligne T6 (RATP) \u00e0 V\u00e9lizy-Villacoublay","thumb":"","tags":[],"id":2686,"height":0,"width":0},"18":{"status":"active","src":"https:\/\/www.thibxl.be\/photos\/wp-content\/uploads\/tram-t6\/Tram-6-Paris-RATP-T6-Juillet-2015-34.jpg","title":"Tram 608 sur la ligne T6 (RATP) \u00e0 V\u00e9lizy-Villacoublay","link":"http:\/\/www.thibxl.be\/photos\/wp-content\/uploads\/tram-t6\/Tram-6-Paris-RATP-T6-Juillet-2015-34.jpg","alt":"Tram 608 sur la ligne T6 (RATP) \u00e0 V\u00e9lizy-Villacoublay","caption":"Translohr STE6 n\u00b0608 sur la ligne T6 (RATP) \u00e0 V\u00e9lizy-Villacoublay","thumb":"","tags":[],"id":2607,"height":0,"width":0},"63":{"status":"active","src":"https:\/\/www.thibxl.be\/photos\/wp-content\/uploads\/tram-t6\/Tram-6-Paris-RATP-T6-Juillet-2015-120.jpg","title":"Tram 625 sur la ligne T6 (RATP) \u00e0 V\u00e9lizy-Villacoublay","link":"http:\/\/www.thibxl.be\/photos\/wp-content\/uploads\/tram-t6\/Tram-6-Paris-RATP-T6-Juillet-2015-120.jpg","alt":"Tram 625 sur la ligne T6 (RATP) \u00e0 V\u00e9lizy-Villacoublay","caption":"Translohr STE6 n\u00b0625 sur la ligne T6 (RATP) \u00e0 V\u00e9lizy-Villacoublay","thumb":"","tags":[],"id":2693,"height":0,"width":0},"54":{"status":"active","src":"https:\/\/www.thibxl.be\/photos\/wp-content\/uploads\/tram-t6\/Tram-6-Paris-RATP-T6-Juillet-2015-82.jpg","title":"Tram 625 sur la ligne T6 (RATP) \u00e0 V\u00e9lizy-Villacoublay","link":"http:\/\/www.thibxl.be\/photos\/wp-content\/uploads\/tram-t6\/Tram-6-Paris-RATP-T6-Juillet-2015-82.jpg","alt":"Tram 625 sur la ligne T6 (RATP) \u00e0 V\u00e9lizy-Villacoublay","caption":"Translohr STE6 n\u00b0625 sur la ligne T6 (RATP) \u00e0 V\u00e9lizy-Villacoublay","thumb":"","tags":[],"id":2655,"height":0,"width":0},"60":{"status":"active","src":"https:\/\/www.thibxl.be\/photos\/wp-content\/uploads\/tram-t6\/Tram-6-Paris-RATP-T6-Juillet-2015-54.jpg","title":"Tram 625 sur la ligne T6 (RATP) \u00e0 V\u00e9lizy-Villacoublay","link":"http:\/\/www.thibxl.be\/photos\/wp-content\/uploads\/tram-t6\/Tram-6-Paris-RATP-T6-Juillet-2015-54.jpg","alt":"Tram 625 sur la ligne T6 (RATP) \u00e0 V\u00e9lizy-Villacoublay","caption":"Translohr STE6 n\u00b0625 sur la ligne T6 (RATP) \u00e0 V\u00e9lizy-Villacoublay","thumb":"","tags":[],"id":2627,"height":0,"width":0},"1":{"status":"active","src":"https:\/\/www.thibxl.be\/photos\/wp-content\/uploads\/tram-t6\/Tram-6-Paris-RATP-T6-Juillet-2015-110.jpg","title":"Tram 625 sur la ligne T6 (RATP) \u00e0 V\u00e9lizy-Villacoublay","link":"http:\/\/www.thibxl.be\/photos\/wp-content\/uploads\/tram-t6\/Tram-6-Paris-RATP-T6-Juillet-2015-110.jpg","alt":"Tram 625 sur la ligne T6 (RATP) \u00e0 V\u00e9lizy-Villacoublay","caption":"Translohr STE6 n\u00b0625 sur la ligne T6 (RATP) \u00e0 V\u00e9lizy-Villacoublay","thumb":"","tags":[],"id":2683,"height":0,"width":0},"19":{"status":"active","src":"https:\/\/www.thibxl.be\/photos\/wp-content\/uploads\/tram-t6\/Tram-6-Paris-RATP-T6-Juillet-2015-20.jpg","title":"Tram 608 sur la ligne T6 (RATP) \u00e0 V\u00e9lizy-Villacoublay","link":"http:\/\/www.thibxl.be\/photos\/wp-content\/uploads\/tram-t6\/Tram-6-Paris-RATP-T6-Juillet-2015-20.jpg","alt":"Tram 608 sur la ligne T6 (RATP) \u00e0 V\u00e9lizy-Villacoublay","caption":"Translohr STE6 n\u00b0608 sur la ligne T6 (RATP) \u00e0 V\u00e9lizy-Villacoublay","thumb":"","tags":[],"id":2593,"height":0,"width":0},"6":{"status":"active","src":"https:\/\/www.thibxl.be\/photos\/wp-content\/uploads\/tram-t6\/Tram-6-Paris-RATP-T6-Juillet-2015-122.jpg","title":"Tram 612 sur la ligne T6 (RATP) \u00e0 V\u00e9lizy-Villacoublay","link":"http:\/\/www.thibxl.be\/photos\/wp-content\/uploads\/tram-t6\/Tram-6-Paris-RATP-T6-Juillet-2015-122.jpg","alt":"Tram 612 sur la ligne T6 (RATP) \u00e0 V\u00e9lizy-Villacoublay","caption":"Translohr STE6 n\u00b0612 sur la ligne T6 (RATP) \u00e0 V\u00e9lizy-Villacoublay","thumb":"","tags":[],"id":2695,"height":0,"width":0},"23":{"status":"active","src":"https:\/\/www.thibxl.be\/photos\/wp-content\/uploads\/tram-t6\/Tram-6-Paris-RATP-T6-Octobre-2016-21.jpg","title":"Voies du T6 (RATP) \u00e0 V\u00e9lizy-Villacoublay","link":"http:\/\/www.thibxl.be\/photos\/wp-content\/uploads\/tram-t6\/Tram-6-Paris-RATP-T6-Octobre-2016-21.jpg","alt":"Voies du T6 (RATP) \u00e0 V\u00e9lizy-Villacoublay","caption":"Voies du T6 (RATP) \u00e0 V\u00e9lizy-Villacoublay","thumb":"","tags":[],"id":2543,"height":0,"width":0},"21":{"status":"active","src":"https:\/\/www.thibxl.be\/photos\/wp-content\/uploads\/tram-t6\/Tram-6-Paris-RATP-T6-Juillet-2015-123.jpg","title":"Tram 618 sur la ligne T6 (RATP) \u00e0 V\u00e9lizy-Villacoublay","link":"http:\/\/www.thibxl.be\/photos\/wp-content\/uploads\/tram-t6\/Tram-6-Paris-RATP-T6-Juillet-2015-123.jpg","alt":"Tram 618 sur la ligne T6 (RATP) \u00e0 V\u00e9lizy-Villacoublay","caption":"Translohr STE6 n\u00b0618 sur la ligne T6 (RATP) \u00e0 V\u00e9lizy-Villacoublay","thumb":"","tags":[],"id":2696,"height":0,"width":0},"64":{"status":"active","src":"https:\/\/www.thibxl.be\/photos\/wp-content\/uploads\/tram-t6\/Tram-6-Paris-RATP-T6-Juillet-2015-101.jpg","title":"Tram 625 sur la ligne T6 (RATP) \u00e0 V\u00e9lizy-Villacoublay","link":"http:\/\/www.thibxl.be\/photos\/wp-content\/uploads\/tram-t6\/Tram-6-Paris-RATP-T6-Juillet-2015-101.jpg","alt":"Tram 625 sur la ligne T6 (RATP) \u00e0 V\u00e9lizy-Villacoublay","caption":"Translohr STE6 n\u00b0625 sur la ligne T6 (RATP) \u00e0 V\u00e9lizy-Villacoublay","thumb":"","tags":[],"id":2674,"height":0,"width":0},"7":{"status":"active","src":"https:\/\/www.thibxl.be\/photos\/wp-content\/uploads\/tram-t6\/Tram-6-Paris-RATP-T6-Juillet-2015-78.jpg","title":"Tram 625 sur la ligne T6 (RATP) \u00e0 V\u00e9lizy-Villacoublay","link":"http:\/\/www.thibxl.be\/photos\/wp-content\/uploads\/tram-t6\/Tram-6-Paris-RATP-T6-Juillet-2015-78.jpg","alt":"Tram 625 sur la ligne T6 (RATP) \u00e0 V\u00e9lizy-Villacoublay","caption":"Translohr STE6 n\u00b0625 sur la ligne T6 (RATP) \u00e0 V\u00e9lizy-Villacoublay","thumb":"","tags":[],"id":2651,"height":0,"width":0},"30":{"status":"active","src":"https:\/\/www.thibxl.be\/photos\/wp-content\/uploads\/tram-t6\/Tram-6-Paris-RATP-T6-Juillet-2015-81.jpg","title":"Tram 625 sur la ligne T6 (RATP) \u00e0 V\u00e9lizy-Villacoublay","link":"http:\/\/www.thibxl.be\/photos\/wp-content\/uploads\/tram-t6\/Tram-6-Paris-RATP-T6-Juillet-2015-81.jpg","alt":"Tram 625 sur la ligne T6 (RATP) \u00e0 V\u00e9lizy-Villacoublay","caption":"Translohr STE6 n\u00b0625 sur la ligne T6 (RATP) \u00e0 V\u00e9lizy-Villacoublay","thumb":"","tags":[],"id":2654,"height":0,"width":0},"31":{"status":"active","src":"https:\/\/www.thibxl.be\/photos\/wp-content\/uploads\/tram-t6\/Tram-6-Paris-RATP-T6-Juillet-2015-33.jpg","title":"Tram 625 sur la ligne T6 (RATP) \u00e0 V\u00e9lizy-Villacoublay","link":"http:\/\/www.thibxl.be\/photos\/wp-content\/uploads\/tram-t6\/Tram-6-Paris-RATP-T6-Juillet-2015-33.jpg","alt":"Tram 625 sur la ligne T6 (RATP) \u00e0 V\u00e9lizy-Villacoublay","caption":"Translohr STE6 n\u00b0625 sur la ligne T6 (RATP) \u00e0 V\u00e9lizy-Villacoublay","thumb":"","tags":[],"id":2606,"height":0,"width":0},"41":{"status":"active","src":"https:\/\/www.thibxl.be\/photos\/wp-content\/uploads\/tram-t6\/Tram-6-Paris-RATP-T6-Octobre-2016-1.jpg","title":"Tram 604 sur la ligne T6 (RATP) \u00e0 V\u00e9lizy-Villacoublay","link":"http:\/\/www.thibxl.be\/photos\/wp-content\/uploads\/tram-t6\/Tram-6-Paris-RATP-T6-Octobre-2016-1.jpg","alt":"Tram 604 sur la ligne T6 (RATP) \u00e0 V\u00e9lizy-Villacoublay","caption":"Translohr STE6 n\u00b0604 sur la ligne T6 (RATP) \u00e0 V\u00e9lizy-Villacoublay","thumb":"","tags":[],"id":2523,"height":0,"width":0},"42":{"status":"active","src":"https:\/\/www.thibxl.be\/photos\/wp-content\/uploads\/tram-t6\/Tram-6-Paris-RATP-T6-Juillet-2015-77.jpg","title":"Tram 625 sur la ligne T6 (RATP) \u00e0 V\u00e9lizy-Villacoublay","link":"http:\/\/www.thibxl.be\/photos\/wp-content\/uploads\/tram-t6\/Tram-6-Paris-RATP-T6-Juillet-2015-77.jpg","alt":"Tram 625 sur la ligne T6 (RATP) \u00e0 V\u00e9lizy-Villacoublay","caption":"Translohr STE6 n\u00b0625 sur la ligne T6 (RATP) \u00e0 V\u00e9lizy-Villacoublay","thumb":"","tags":[],"id":2650,"height":0,"width":0},"36":{"status":"active","src":"https:\/\/www.thibxl.be\/photos\/wp-content\/uploads\/tram-t6\/Tram-6-Paris-RATP-T6-Octobre-2016-42.jpg","title":"Voies du T6 (RATP) \u00e0 V\u00e9lizy-Villacoublay","link":"http:\/\/www.thibxl.be\/photos\/wp-content\/uploads\/tram-t6\/Tram-6-Paris-RATP-T6-Octobre-2016-42.jpg","alt":"Voies du T6 (RATP) \u00e0 V\u00e9lizy-Villacoublay","caption":"Voies du T6 (RATP) \u00e0 V\u00e9lizy-Villacoublay","thumb":"","tags":[],"id":2564,"height":0,"width":0},"28":{"status":"active","src":"https:\/\/www.thibxl.be\/photos\/wp-content\/uploads\/tram-t6\/Tram-6-Paris-RATP-T6-Octobre-2016-2.jpg","title":"Tram 626 sur la ligne T6 (RATP) \u00e0 V\u00e9lizy-Villacoublay","link":"http:\/\/www.thibxl.be\/photos\/wp-content\/uploads\/tram-t6\/Tram-6-Paris-RATP-T6-Octobre-2016-2.jpg","alt":"Tram 626 sur la ligne T6 (RATP) \u00e0 V\u00e9lizy-Villacoublay","caption":"Translohr STE6 n\u00b0626 sur la ligne T6 (RATP) \u00e0 V\u00e9lizy-Villacoublay","thumb":"","tags":[],"id":2524,"height":0,"width":0},"13":{"status":"active","src":"https:\/\/www.thibxl.be\/photos\/wp-content\/uploads\/tram-t6\/Tram-6-Paris-RATP-T6-Octobre-2016-32.jpg","title":"Tram 604 sur la ligne T6 (RATP) \u00e0 V\u00e9lizy-Villacoublay","link":"http:\/\/www.thibxl.be\/photos\/wp-content\/uploads\/tram-t6\/Tram-6-Paris-RATP-T6-Octobre-2016-32.jpg","alt":"Tram 604 sur la ligne T6 (RATP) \u00e0 V\u00e9lizy-Villacoublay","caption":"Translohr STE6 n\u00b0604 sur la ligne T6 (RATP) \u00e0 V\u00e9lizy-Villacoublay","thumb":"","tags":[],"id":2554,"height":0,"width":0},"57":{"status":"active","src":"https:\/\/www.thibxl.be\/photos\/wp-content\/uploads\/tram-t6\/Tram-6-Paris-RATP-T6-Juillet-2015-90.jpg","title":"Tram 625 sur la ligne T6 (RATP) \u00e0 V\u00e9lizy-Villacoublay","link":"http:\/\/www.thibxl.be\/photos\/wp-content\/uploads\/tram-t6\/Tram-6-Paris-RATP-T6-Juillet-2015-90.jpg","alt":"Tram 625 sur la ligne T6 (RATP) \u00e0 V\u00e9lizy-Villacoublay","caption":"Translohr STE6 n\u00b0625 sur la ligne T6 (RATP) \u00e0 V\u00e9lizy-Villacoublay","thumb":"","tags":[],"id":2663,"height":0,"width":0},"10":{"status":"active","src":"https:\/\/www.thibxl.be\/photos\/wp-content\/uploads\/tram-t6\/Tram-6-Paris-RATP-T6-Juillet-2015-116.jpg","title":"Tram 625 sur la ligne T6 (RATP) \u00e0 V\u00e9lizy-Villacoublay","link":"http:\/\/www.thibxl.be\/photos\/wp-content\/uploads\/tram-t6\/Tram-6-Paris-RATP-T6-Juillet-2015-116.jpg","alt":"Tram 625 sur la ligne T6 (RATP) \u00e0 V\u00e9lizy-Villacoublay","caption":"Translohr STE6 n\u00b0625 sur la ligne T6 (RATP) \u00e0 V\u00e9lizy-Villacoublay","thumb":"","tags":[],"id":2689,"height":0,"width":0},"37":{"status":"active","src":"https:\/\/www.thibxl.be\/photos\/wp-content\/uploads\/tram-t6\/Tram-6-Paris-RATP-T6-Juillet-2015-22.jpg","title":"Tram 625 sur la ligne T6 (RATP) \u00e0 V\u00e9lizy-Villacoublay","link":"http:\/\/www.thibxl.be\/photos\/wp-content\/uploads\/tram-t6\/Tram-6-Paris-RATP-T6-Juillet-2015-22.jpg","alt":"Tram 625 sur la ligne T6 (RATP) \u00e0 V\u00e9lizy-Villacoublay","caption":"Translohr STE6 n\u00b0625 sur la ligne T6 (RATP) \u00e0 V\u00e9lizy-Villacoublay","thumb":"","tags":[],"id":2595,"height":0,"width":0},"65":{"status":"active","src":"https:\/\/www.thibxl.be\/photos\/wp-content\/uploads\/tram-t6\/Tram-6-Paris-RATP-T6-Juillet-2015-76.jpg","title":"Tram 612 sur la ligne T6 (RATP) \u00e0 V\u00e9lizy-Villacoublay","link":"http:\/\/www.thibxl.be\/photos\/wp-content\/uploads\/tram-t6\/Tram-6-Paris-RATP-T6-Juillet-2015-76.jpg","alt":"Tram 612 sur la ligne T6 (RATP) \u00e0 V\u00e9lizy-Villacoublay","caption":"Translohr STE6 n\u00b0612 sur la ligne T6 (RATP) \u00e0 V\u00e9lizy-Villacoublay","thumb":"","tags":[],"id":2649,"height":0,"width":0},"51":{"status":"active","src":"https:\/\/www.thibxl.be\/photos\/wp-content\/uploads\/tram-t6\/Tram-6-Paris-RATP-T6-Juillet-2015-127.jpg","title":"Tram 625 sur la ligne T6 (RATP) \u00e0 V\u00e9lizy-Villacoublay","link":"http:\/\/www.thibxl.be\/photos\/wp-content\/uploads\/tram-t6\/Tram-6-Paris-RATP-T6-Juillet-2015-127.jpg","alt":"Tram 625 sur la ligne T6 (RATP) \u00e0 V\u00e9lizy-Villacoublay","caption":"Translohr STE6 n\u00b0625 sur la ligne T6 (RATP) \u00e0 V\u00e9lizy-Villacoublay","thumb":"","tags":[],"id":2700,"height":0,"width":0},"20":{"status":"active","src":"https:\/\/www.thibxl.be\/photos\/wp-content\/uploads\/tram-t6\/Tram-6-Paris-RATP-T6-Juillet-2015-6.jpg","title":"Tram 625 sur la ligne T6 (RATP) \u00e0 V\u00e9lizy-Villacoublay","link":"http:\/\/www.thibxl.be\/photos\/wp-content\/uploads\/tram-t6\/Tram-6-Paris-RATP-T6-Juillet-2015-6.jpg","alt":"Tram 625 sur la ligne T6 (RATP) \u00e0 V\u00e9lizy-Villacoublay","caption":"Translohr STE6 n\u00b0625 sur la ligne T6 (RATP) \u00e0 V\u00e9lizy-Villacoublay","thumb":"","tags":[],"id":2579,"height":0,"width":0},"32":{"status":"active","src":"https:\/\/www.thibxl.be\/photos\/wp-content\/uploads\/tram-t6\/Tram-6-Paris-RATP-T6-Juillet-2015-60.jpg","title":"Tram 608 sur la ligne T6 (RATP) \u00e0 V\u00e9lizy-Villacoublay","link":"http:\/\/www.thibxl.be\/photos\/wp-content\/uploads\/tram-t6\/Tram-6-Paris-RATP-T6-Juillet-2015-60.jpg","alt":"Tram 608 sur la ligne T6 (RATP) \u00e0 V\u00e9lizy-Villacoublay","caption":"Translohr STE6 n\u00b0608 sur la ligne T6 (RATP) \u00e0 V\u00e9lizy-Villacoublay","thumb":"","tags":[],"id":2633,"height":0,"width":0},"50":{"status":"active","src":"https:\/\/www.thibxl.be\/photos\/wp-content\/uploads\/tram-t6\/Tram-6-Paris-RATP-T6-Juillet-2015-35.jpg","title":"Tram 614 sur la ligne T6 (RATP) \u00e0 V\u00e9lizy-Villacoublay","link":"http:\/\/www.thibxl.be\/photos\/wp-content\/uploads\/tram-t6\/Tram-6-Paris-RATP-T6-Juillet-2015-35.jpg","alt":"Tram 614 sur la ligne T6 (RATP) \u00e0 V\u00e9lizy-Villacoublay","caption":"Translohr STE6 n\u00b0614 sur la ligne T6 (RATP) \u00e0 V\u00e9lizy-Villacoublay","thumb":"","tags":[],"id":2608,"height":0,"width":0},"59":{"status":"active","src":"https:\/\/www.thibxl.be\/photos\/wp-content\/uploads\/tram-t6\/Tram-6-Paris-RATP-T6-Juillet-2015-72.jpg","title":"Tram 625 sur la ligne T6 (RATP) \u00e0 V\u00e9lizy-Villacoublay","link":"http:\/\/www.thibxl.be\/photos\/wp-content\/uploads\/tram-t6\/Tram-6-Paris-RATP-T6-Juillet-2015-72.jpg","alt":"Tram 625 sur la ligne T6 (RATP) \u00e0 V\u00e9lizy-Villacoublay","caption":"Translohr STE6 n\u00b0625 sur la ligne T6 (RATP) \u00e0 V\u00e9lizy-Villacoublay","thumb":"","tags":[],"id":2645,"height":0,"width":0},"55":{"status":"active","src":"https:\/\/www.thibxl.be\/photos\/wp-content\/uploads\/tram-t6\/Tram-6-Paris-RATP-T6-Octobre-2016-41.jpg","title":"Voies du T6 (RATP) \u00e0 V\u00e9lizy-Villacoublay","link":"http:\/\/www.thibxl.be\/photos\/wp-content\/uploads\/tram-t6\/Tram-6-Paris-RATP-T6-Octobre-2016-41.jpg","alt":"Voies du T6 (RATP) \u00e0 V\u00e9lizy-Villacoublay","caption":"Voies du T6 (RATP) \u00e0 V\u00e9lizy-Villacoublay","thumb":"","tags":[],"id":2563,"height":0,"width":0},"15":{"status":"active","src":"https:\/\/www.thibxl.be\/photos\/wp-content\/uploads\/tram-t6\/Tram-6-Paris-RATP-T6-Juillet-2015-5.jpg","title":"Tram 614 sur la ligne T6 (RATP) \u00e0 V\u00e9lizy-Villacoublay","link":"http:\/\/www.thibxl.be\/photos\/wp-content\/uploads\/tram-t6\/Tram-6-Paris-RATP-T6-Juillet-2015-5.jpg","alt":"Tram 614 sur la ligne T6 (RATP) \u00e0 V\u00e9lizy-Villacoublay","caption":"Translohr STE6 n\u00b0614 sur la ligne T6 (RATP) \u00e0 V\u00e9lizy-Villacoublay","thumb":"","tags":[],"id":2578,"height":0,"width":0},"47":{"status":"active","src":"https:\/\/www.thibxl.be\/photos\/wp-content\/uploads\/tram-t6\/Tram-6-Paris-RATP-T6-Octobre-2016-27.jpg","title":"Tram 626 sur la ligne T6 (RATP) \u00e0 V\u00e9lizy-Villacoublay","link":"http:\/\/www.thibxl.be\/photos\/wp-content\/uploads\/tram-t6\/Tram-6-Paris-RATP-T6-Octobre-2016-27.jpg","alt":"Tram 626 sur la ligne T6 (RATP) \u00e0 V\u00e9lizy-Villacoublay","caption":"Translohr STE6 n\u00b0626 sur la ligne T6 (RATP) \u00e0 V\u00e9lizy-Villacoublay","thumb":"","tags":[],"id":2549,"height":0,"width":0},"9":{"status":"active","src":"https:\/\/www.thibxl.be\/photos\/wp-content\/uploads\/tram-t6\/Tram-6-Paris-RATP-T6-Juillet-2015-26.jpg","title":"Tram 612 sur la ligne T6 (RATP) \u00e0 V\u00e9lizy-Villacoublay","link":"http:\/\/www.thibxl.be\/photos\/wp-content\/uploads\/tram-t6\/Tram-6-Paris-RATP-T6-Juillet-2015-26.jpg","alt":"Tram 612 sur la ligne T6 (RATP) \u00e0 V\u00e9lizy-Villacoublay","caption":"Translohr STE6 n\u00b0612 sur la ligne T6 (RATP) \u00e0 V\u00e9lizy-Villacoublay","thumb":"","tags":[],"id":2599,"height":0,"width":0},"34":{"status":"active","src":"https:\/\/www.thibxl.be\/photos\/wp-content\/uploads\/tram-t6\/Tram-6-Paris-RATP-T6-Octobre-2016-36.jpg","title":"Tram 626 sur la ligne T6 (RATP) \u00e0 V\u00e9lizy-Villacoublay","link":"http:\/\/www.thibxl.be\/photos\/wp-content\/uploads\/tram-t6\/Tram-6-Paris-RATP-T6-Octobre-2016-36.jpg","alt":"Tram 626 sur la ligne T6 (RATP) \u00e0 V\u00e9lizy-Villacoublay","caption":"Translohr STE6 n\u00b0626 sur la ligne T6 (RATP) \u00e0 V\u00e9lizy-Villacoublay","thumb":"","tags":[],"id":2558,"height":0,"width":0},"39":{"status":"active","src":"https:\/\/www.thibxl.be\/photos\/wp-content\/uploads\/tram-t6\/Tram-6-Paris-RATP-T6-Juillet-2015-119.jpg","title":"Tram 614 sur la ligne T6 (RATP) \u00e0 V\u00e9lizy-Villacoublay","link":"http:\/\/www.thibxl.be\/photos\/wp-content\/uploads\/tram-t6\/Tram-6-Paris-RATP-T6-Juillet-2015-119.jpg","alt":"Tram 614 sur la ligne T6 (RATP) \u00e0 V\u00e9lizy-Villacoublay","caption":"Translohr STE6 n\u00b0614 sur la ligne T6 (RATP) \u00e0 V\u00e9lizy-Villacoublay","thumb":"","tags":[],"id":2692,"height":0,"width":0},"33":{"status":"active","src":"https:\/\/www.thibxl.be\/photos\/wp-content\/uploads\/tram-t6\/Tram-6-Paris-RATP-T6-Juillet-2015-68.jpg","title":"Tram 625 sur la ligne T6 (RATP) \u00e0 V\u00e9lizy-Villacoublay","link":"http:\/\/www.thibxl.be\/photos\/wp-content\/uploads\/tram-t6\/Tram-6-Paris-RATP-T6-Juillet-2015-68.jpg","alt":"Tram 625 sur la ligne T6 (RATP) \u00e0 V\u00e9lizy-Villacoublay","caption":"Translohr STE6 n\u00b0625 sur la ligne T6 (RATP) \u00e0 V\u00e9lizy-Villacoublay","thumb":"","tags":[],"id":2641,"height":0,"width":0},"66":{"status":"active","src":"https:\/\/www.thibxl.be\/photos\/wp-content\/uploads\/tram-t6\/Tram-6-Paris-RATP-T6-Juillet-2015-53.jpg","title":"Tram 607 sur la ligne T6 (RATP) \u00e0 V\u00e9lizy-Villacoublay","link":"http:\/\/www.thibxl.be\/photos\/wp-content\/uploads\/tram-t6\/Tram-6-Paris-RATP-T6-Juillet-2015-53.jpg","alt":"Tram 607 sur la ligne T6 (RATP) \u00e0 V\u00e9lizy-Villacoublay","caption":"Translohr STE6 n\u00b0607 sur la ligne T6 (RATP) \u00e0 V\u00e9lizy-Villacoublay","thumb":"","tags":[],"id":2626,"height":0,"width":0},"61":{"status":"active","src":"https:\/\/www.thibxl.be\/photos\/wp-content\/uploads\/tram-t6\/Tram-6-Paris-RATP-T6-Juillet-2015-40.jpg","title":"Tram 614 sur la ligne T6 (RATP) \u00e0 V\u00e9lizy-Villacoublay","link":"http:\/\/www.thibxl.be\/photos\/wp-content\/uploads\/tram-t6\/Tram-6-Paris-RATP-T6-Juillet-2015-40.jpg","alt":"Tram 614 sur la ligne T6 (RATP) \u00e0 V\u00e9lizy-Villacoublay","caption":"Translohr STE6 n\u00b0614 sur la ligne T6 (RATP) \u00e0 V\u00e9lizy-Villacoublay","thumb":"","tags":[],"id":2613,"height":0,"width":0},"5":{"status":"active","src":"https:\/\/www.thibxl.be\/photos\/wp-content\/uploads\/tram-t6\/Tram-6-Paris-RATP-T6-Juillet-2015-57.jpg","title":"Tram 625 sur la ligne T6 (RATP) \u00e0 V\u00e9lizy-Villacoublay","link":"http:\/\/www.thibxl.be\/photos\/wp-content\/uploads\/tram-t6\/Tram-6-Paris-RATP-T6-Juillet-2015-57.jpg","alt":"Tram 625 sur la ligne T6 (RATP) \u00e0 V\u00e9lizy-Villacoublay","caption":"Translohr STE6 n\u00b0625 sur la ligne T6 (RATP) \u00e0 V\u00e9lizy-Villacoublay","thumb":"","tags":[],"id":2630,"height":0,"width":0},"22":{"status":"active","src":"https:\/\/www.thibxl.be\/photos\/wp-content\/uploads\/tram-t6\/Tram-6-Paris-RATP-T6-Juillet-2015-18.jpg","title":"Tram 625 sur la ligne T6 (RATP) \u00e0 V\u00e9lizy-Villacoublay","link":"http:\/\/www.thibxl.be\/photos\/wp-content\/uploads\/tram-t6\/Tram-6-Paris-RATP-T6-Juillet-2015-18.jpg","alt":"Tram 625 sur la ligne T6 (RATP) \u00e0 V\u00e9lizy-Villacoublay","caption":"Translohr STE6 n\u00b0625 sur la ligne T6 (RATP) \u00e0 V\u00e9lizy-Villacoublay","thumb":"","tags":[],"id":2591,"height":0,"width":0},"0":{"status":"active","src":"https:\/\/www.thibxl.be\/photos\/wp-content\/uploads\/tram-t6\/Tram-6-Paris-RATP-T6-Juillet-2015-28.jpg","title":"Tram 612 sur la ligne T6 (RATP) \u00e0 V\u00e9lizy-Villacoublay","link":"http:\/\/www.thibxl.be\/photos\/wp-content\/uploads\/tram-t6\/Tram-6-Paris-RATP-T6-Juillet-2015-28.jpg","alt":"Tram 612 sur la ligne T6 (RATP) \u00e0 V\u00e9lizy-Villacoublay","caption":"Translohr STE6 n\u00b0612 sur la ligne T6 (RATP) \u00e0 V\u00e9lizy-Villacoublay","thumb":"","tags":[],"id":2601,"height":0,"width":0},"27":{"status":"active","src":"https:\/\/www.thibxl.be\/photos\/wp-content\/uploads\/tram-t6\/Tram-6-Paris-RATP-T6-Juillet-2015-61.jpg","title":"Tram 612 sur la ligne T6 (RATP) \u00e0 V\u00e9lizy-Villacoublay","link":"http:\/\/www.thibxl.be\/photos\/wp-content\/uploads\/tram-t6\/Tram-6-Paris-RATP-T6-Juillet-2015-61.jpg","alt":"Tram 612 sur la ligne T6 (RATP) \u00e0 V\u00e9lizy-Villacoublay","caption":"Translohr STE6 n\u00b0612 sur la ligne T6 (RATP) \u00e0 V\u00e9lizy-Villacoublay","thumb":"","tags":[],"id":2634,"height":0,"width":0},"3":{"status":"active","src":"https:\/\/www.thibxl.be\/photos\/wp-content\/uploads\/tram-t6\/Tram-6-Paris-RATP-T6-Juillet-2015-50.jpg","title":"Tram 625 sur la ligne T6 (RATP) \u00e0 V\u00e9lizy-Villacoublay","link":"http:\/\/www.thibxl.be\/photos\/wp-content\/uploads\/tram-t6\/Tram-6-Paris-RATP-T6-Juillet-2015-50.jpg","alt":"Tram 625 sur la ligne T6 (RATP) \u00e0 V\u00e9lizy-Villacoublay","caption":"Translohr STE6 n\u00b0625 sur la ligne T6 (RATP) \u00e0 V\u00e9lizy-Villacoublay","thumb":"","tags":[],"id":2623,"height":0,"width":0},"62":{"status":"active","src":"https:\/\/www.thibxl.be\/photos\/wp-content\/uploads\/tram-t6\/Tram-6-Paris-RATP-T6-Juillet-2015-74.jpg","title":"Tram 608 sur la ligne T6 (RATP) \u00e0 V\u00e9lizy-Villacoublay","link":"http:\/\/www.thibxl.be\/photos\/wp-content\/uploads\/tram-t6\/Tram-6-Paris-RATP-T6-Juillet-2015-74.jpg","alt":"Tram 608 sur la ligne T6 (RATP) \u00e0 V\u00e9lizy-Villacoublay","caption":"Translohr STE6 n\u00b0608 sur la ligne T6 (RATP) \u00e0 V\u00e9lizy-Villacoublay","thumb":"","tags":[],"id":2647,"height":0,"width":0},"46":{"status":"active","src":"https:\/\/www.thibxl.be\/photos\/wp-content\/uploads\/tram-t6\/Tram-6-Paris-RATP-T6-Juillet-2015-11.jpg","title":"Tram 614 sur la ligne T6 (RATP) \u00e0 V\u00e9lizy-Villacoublay","link":"http:\/\/www.thibxl.be\/photos\/wp-content\/uploads\/tram-t6\/Tram-6-Paris-RATP-T6-Juillet-2015-11.jpg","alt":"Tram 614 sur la ligne T6 (RATP) \u00e0 V\u00e9lizy-Villacoublay","caption":"Translohr STE6 n\u00b0614 sur la ligne T6 (RATP) \u00e0 V\u00e9lizy-Villacoublay","thumb":"","tags":[],"id":2584,"height":0,"width":0},"11":{"status":"active","src":"https:\/\/www.thibxl.be\/photos\/wp-content\/uploads\/tram-t6\/Tram-6-Paris-RATP-T6-Juillet-2015-41.jpg","title":"Tram 612 sur la ligne T6 (RATP) \u00e0 V\u00e9lizy-Villacoublay","link":"http:\/\/www.thibxl.be\/photos\/wp-content\/uploads\/tram-t6\/Tram-6-Paris-RATP-T6-Juillet-2015-41.jpg","alt":"Tram 612 sur la ligne T6 (RATP) \u00e0 V\u00e9lizy-Villacoublay","caption":"Translohr STE6 n\u00b0612 sur la ligne T6 (RATP) \u00e0 V\u00e9lizy-Villacoublay","thumb":"","tags":[],"id":2614,"height":0,"width":0},"12":{"status":"active","src":"https:\/\/www.thibxl.be\/photos\/wp-content\/uploads\/tram-t6\/Tram-6-Paris-RATP-T6-Juillet-2015-3.jpg","title":"Tram 625 sur la ligne T6 (RATP) \u00e0 V\u00e9lizy-Villacoublay","link":"http:\/\/www.thibxl.be\/photos\/wp-content\/uploads\/tram-t6\/Tram-6-Paris-RATP-T6-Juillet-2015-3.jpg","alt":"Tram 625 sur la ligne T6 (RATP) \u00e0 V\u00e9lizy-Villacoublay","caption":"Translohr STE6 n\u00b0625 sur la ligne T6 (RATP) \u00e0 V\u00e9lizy-Villacoublay","thumb":"","tags":[],"id":2576,"height":0,"width":0},"35":{"status":"active","src":"https:\/\/www.thibxl.be\/photos\/wp-content\/uploads\/tram-t6\/Tram-6-Paris-RATP-T6-Juillet-2015-44.jpg","title":"Tram 612 sur la ligne T6 (RATP) \u00e0 V\u00e9lizy-Villacoublay","link":"http:\/\/www.thibxl.be\/photos\/wp-content\/uploads\/tram-t6\/Tram-6-Paris-RATP-T6-Juillet-2015-44.jpg","alt":"Tram 612 sur la ligne T6 (RATP) \u00e0 V\u00e9lizy-Villacoublay","caption":"Translohr STE6 n\u00b0612 sur la ligne T6 (RATP) \u00e0 V\u00e9lizy-Villacoublay","thumb":"","tags":[],"id":2617,"height":0,"width":0}},"config":{"sort_order":"1","type":"default","layout":"automatic","columns":"0","gallery_theme":"base","justified_margins":1,"justified_last_row":"nojustify","lazy_loading":1,"lazy_loading_delay":500,"gutter":0,"margin":0,"image_size":"default","square_size":false,"crop_width":640,"crop_height":480,"crop":0,"crop_position":"c","additional_copy_0":0,"additional_copy_title":0,"additional_copy_caption":0,"additional_copy_title_caption":0,"additional_copy_0_mobile":0,"additional_copy_title_mobile":0,"additional_copy_caption_mobile":0,"additional_copy_title_caption_mobile":0,"gallery_column_title_caption":"0","gallery_column_title_caption_mobile":"0","additional_copy_automatic_0":0,"additional_copy_automatic_title":0,"additional_copy_automatic_caption":0,"additional_copy_automatic_title_caption":0,"additional_copy_automatic_0_mobile":0,"additional_copy_automatic_title_mobile":0,"additional_copy_automatic_caption_mobile":0,"additional_copy_automatic_title_caption_mobile":0,"gallery_automatic_title_caption":"caption","gallery_automatic_title_caption_mobile":"0","justified_row_height":150,"description_position":"0","description":"","random":"1","sorting_direction":"ASC","image_sizes_random":[],"isotope":0,"lightbox_enabled":1,"gallery_link_enabled":1,"lightbox_theme":"base_dark","lightbox_image_size":"default","title_display":"float","lightbox_title_caption":"caption","arrows":1,"arrows_position":"inside","toolbar":0,"toolbar_title":0,"toolbar_position":"top","loop":1,"lightbox_open_close_effect":"fade","effect":"fade","supersize":0,"thumbnails_toggle":0,"thumbnails_hide":0,"image_counter":1,"thumbnails":1,"thumbnails_width":75,"thumbnails_height":50,"thumbnails_position":"bottom","thumbnails_custom_size":0,"mobile":1,"mobile_width":320,"mobile_height":240,"mobile_lightbox":1,"mobile_gallery_link_enabled":1,"mobile_arrows":1,"mobile_toolbar":1,"mobile_thumbnails":0,"mobile_touchwipe_close":0,"mobile_thumbnails_width":75,"mobile_thumbnails_height":50,"mobile_justified_row_height":80,"keyboard":true,"standalone_template":"","classes":["envira-default-gallery"],"rtl":0,"slug":"velizy-villacoublay","custom_css":"#envira-gallery-124 {\r\n    \/* margin-bottom: 20px; *\/\r\n    \/* font-size: 18px; *\/\r\n    \/* font-family: \"roboto\"; *\/\r\n}","deeplinking":1,"download_all":0,"download_all_position":"below","download_all_label":"Download All Images","download":0,"download_custom_name":"","download_position":"top-left","download_image_size":"default","download_force":0,"password_protection_download":false,"download_invalid_password_message":false,"download_lightbox":0,"download_lightbox_position":"top-left","download_lightbox_force":0,"native_gallery_override":0,"fullscreen":0,"open_fullscreen":0,"protection":1,"protection_popup":0,"protection_message":"","protection_title":"","protection_button_text":"","slideshow":0,"autoplay":0,"slideshow_hover":0,"ss_speed":5000,"tags":1,"tags_filter":"","tags_position":"above","tags_all_enabled":1,"tags_all":"Toutes les photos","tags_sorting":"","tags_manual_sorting":[""],"tags_display":"","tags_scroll":0,"tags_mobile":1,"tags_count":0,"title":"V\u00e9lizy-Villacoublay"}},"_links":{"self":[{"href":"https:\/\/www.thibxl.be\/photos\/wp-json\/wp\/v2\/envira-gallery\/14268"}],"collection":[{"href":"https:\/\/www.thibxl.be\/photos\/wp-json\/wp\/v2\/envira-gallery"}],"about":[{"href":"https:\/\/www.thibxl.be\/photos\/wp-json\/wp\/v2\/types\/envira"}],"author":[{"embeddable":true,"href":"https:\/\/www.thibxl.be\/photos\/wp-json\/wp\/v2\/users\/1"}],"wp:featuredmedia":[{"embeddable":true,"href":"https:\/\/www.thibxl.be\/photos\/wp-json\/wp\/v2\/media\/2695"}],"wp:attachment":[{"href":"https:\/\/www.thibxl.be\/photos\/wp-json\/wp\/v2\/media?parent=14268"}],"curies":[{"name":"wp","href":"https:\/\/api.w.org\/{rel}","templated":true}]}}