{"id":14168,"date":"2021-08-25T21:14:45","date_gmt":"2021-08-25T19:14:45","guid":{"rendered":"http:\/\/www.thibxl.be\/photos\/?post_type=envira&#038;p=14168"},"modified":"2021-08-25T21:14:45","modified_gmt":"2021-08-25T19:14:45","slug":"creteil","status":"publish","type":"envira","link":"https:\/\/www.thibxl.be\/photos\/galeries\/creteil\/","title":{"rendered":"Cr\u00e9teil"},"author":1,"featured_media":12866,"template":"","gallery_data":{"id":14168,"gallery":{"19":{"status":"active","src":"https:\/\/www.thibxl.be\/photos\/wp-content\/uploads\/m8\/Ao\u00fbt-2012-81.jpg","title":"M\u00e9tro 116 sur la ligne 8 (RATP) \u00e0 Cr\u00e9teil","link":"http:\/\/www.thibxl.be\/photos\/wp-content\/uploads\/m8\/Ao\u00fbt-2012-81.jpg","alt":"M\u00e9tro 116 sur la ligne 8 (RATP) \u00e0 Cr\u00e9teil","caption":"MF 77 n\u00b0116 sur la ligne 8 (RATP) \u00e0 Cr\u00e9teil","thumb":"","tags":[],"id":4532,"height":0,"width":0},"65":{"status":"active","src":"https:\/\/www.thibxl.be\/photos\/wp-content\/uploads\/m8\/Ao\u00fbt-2012-35.jpg","title":"M\u00e9tro 128 sur la ligne 8 (RATP) \u00e0 Cr\u00e9teil","link":"http:\/\/www.thibxl.be\/photos\/wp-content\/uploads\/m8\/Ao\u00fbt-2012-35.jpg","alt":"M\u00e9tro 128 sur la ligne 8 (RATP) \u00e0 Cr\u00e9teil","caption":"MF 77 n\u00b0128 sur la ligne 8 (RATP) \u00e0 Cr\u00e9teil","thumb":"","tags":[],"id":4569,"height":0,"width":0},"80":{"status":"active","src":"https:\/\/www.thibxl.be\/photos\/wp-content\/uploads\/bus-308\/Bus-308-RATP-Paris-Novembre-2015-2.jpg","title":"Bus 8724 (CS-382-JY) sur la ligne 308 (RATP) \u00e0 Cr\u00e9teil","link":"http:\/\/www.thibxl.be\/photos\/wp-content\/uploads\/bus-308\/Bus-308-RATP-Paris-Novembre-2015-2.jpg","alt":"Bus 8724 (CS-382-JY) sur la ligne 308 (RATP) \u00e0 Cr\u00e9teil","caption":"Irisbus Citelis 12 n\u00b08724 (CS-382-JY) sur la ligne 308 (RATP) \u00e0 Cr\u00e9teil","thumb":"","tags":[],"id":11533,"height":0,"width":0},"40":{"status":"active","src":"https:\/\/www.thibxl.be\/photos\/wp-content\/uploads\/bus-23\/Bus-23-Veolia-Paris-Aout-2012-1.jpg","title":"Bus 3157 (BR-902-XY) sur la ligne 23 (SETRA) \u00e0 Cr\u00e9teil","link":"http:\/\/www.thibxl.be\/photos\/wp-content\/uploads\/bus-23\/Bus-23-Veolia-Paris-Aout-2012-1.jpg","alt":"Bus 3157 (BR-902-XY) sur la ligne 23 (SETRA) \u00e0 Cr\u00e9teil","caption":"Mercedes-Benz O 530 Citaro n\u00b03157 (BR-902-XY) sur la ligne 23 (SETRA) \u00e0 Cr\u00e9teil","thumb":"","tags":[],"id":12778,"height":0,"width":0},"124":{"status":"active","src":"https:\/\/www.thibxl.be\/photos\/wp-content\/uploads\/bus-k\/Bus-K-Paris-Aout-2012-3.jpg","title":"Bus 426 (110 DPZ 91) sur la ligne K (STRAV) \u00e0 Cr\u00e9teil","link":"http:\/\/www.thibxl.be\/photos\/wp-content\/uploads\/bus-k\/Bus-K-Paris-Aout-2012-3.jpg","alt":"Bus 426 (110 DPZ 91) sur la ligne K (STRAV) \u00e0 Cr\u00e9teil","caption":"Mercedes-Benz O 530 Citaro G n\u00b0426 (110 DPZ 91) sur la ligne K (STRAV) \u00e0 Cr\u00e9teil","thumb":"","tags":[],"id":12870,"height":0,"width":0},"46":{"status":"active","src":"https:\/\/www.thibxl.be\/photos\/wp-content\/uploads\/bus-393\/Bus-393-RATP-Paris-Aout-2012-1.jpg","title":"Bus 1944 (BN-551-LS) sur la ligne 393 (RATP) \u00e0 Cr\u00e9teil","link":"http:\/\/www.thibxl.be\/photos\/wp-content\/uploads\/bus-393\/Bus-393-RATP-Paris-Aout-2012-1.jpg","alt":"Bus 1944 (BN-551-LS) sur la ligne 393 (RATP) \u00e0 Cr\u00e9teil","caption":"Irisbus Citelis 18 n\u00b01944 (BN-551-LS) sur la ligne 393 (RATP) \u00e0 Cr\u00e9teil","thumb":"","tags":[],"id":12071,"height":0,"width":0},"14":{"status":"active","src":"https:\/\/www.thibxl.be\/photos\/wp-content\/uploads\/bus-117\/Bus-117-Paris-RATP-Novembre-2015-4.jpg","title":"Bus 7631 (720 QBF 75) sur la ligne 117 (RATP) \u00e0 Cr\u00e9teil","link":"http:\/\/www.thibxl.be\/photos\/wp-content\/uploads\/bus-117\/Bus-117-Paris-RATP-Novembre-2015-4.jpg","alt":"Bus 7631 (720 QBF 75) sur la ligne 117 (RATP) \u00e0 Cr\u00e9teil","caption":"Renault Agora S n\u00b07631 (720 QBF 75) sur la ligne 117 (RATP) \u00e0 Cr\u00e9teil","thumb":"","tags":[],"id":9251,"height":0,"width":0},"138":{"status":"active","src":"https:\/\/www.thibxl.be\/photos\/wp-content\/uploads\/m8\/Ao\u00fbt-2012-74.jpg","title":"M\u00e9tro 143 sur la ligne 8 (RATP) \u00e0 Cr\u00e9teil","link":"http:\/\/www.thibxl.be\/photos\/wp-content\/uploads\/m8\/Ao\u00fbt-2012-74.jpg","alt":"M\u00e9tro 143 sur la ligne 8 (RATP) \u00e0 Cr\u00e9teil","caption":"MF 77 n\u00b0143 sur la ligne 8 (RATP) \u00e0 Cr\u00e9teil","thumb":"","tags":[],"id":4525,"height":0,"width":0},"107":{"status":"active","src":"https:\/\/www.thibxl.be\/photos\/wp-content\/uploads\/m8\/Ao\u00fbt-2012-17.jpg","title":"M\u00e9tro 128 sur la ligne 8 (RATP) \u00e0 Cr\u00e9teil","link":"http:\/\/www.thibxl.be\/photos\/wp-content\/uploads\/m8\/Ao\u00fbt-2012-17.jpg","alt":"M\u00e9tro 128 sur la ligne 8 (RATP) \u00e0 Cr\u00e9teil","caption":"MF 77 n\u00b0128 sur la ligne 8 (RATP) \u00e0 Cr\u00e9teil","thumb":"","tags":[],"id":4551,"height":0,"width":0},"159":{"status":"active","src":"https:\/\/www.thibxl.be\/photos\/wp-content\/uploads\/bus-393\/Bus-393-RATP-Paris-Aout-2012-5.jpg","title":"Bus 1943 (BN-876-BC) sur la ligne 393 (RATP) \u00e0 Cr\u00e9teil","link":"http:\/\/www.thibxl.be\/photos\/wp-content\/uploads\/bus-393\/Bus-393-RATP-Paris-Aout-2012-5.jpg","alt":"Bus 1943 (BN-876-BC) sur la ligne 393 (RATP) \u00e0 Cr\u00e9teil","caption":"Irisbus Citelis 18 n\u00b01943 (BN-876-BC) sur la ligne 393 (RATP) \u00e0 Cr\u00e9teil","thumb":"","tags":[],"id":12075,"height":0,"width":0},"61":{"status":"active","src":"https:\/\/www.thibxl.be\/photos\/wp-content\/uploads\/bus-117\/Bus-117-Paris-RATP-Novembre-2015-7.jpg","title":"Bus 7631 (720 QBF 75) sur la ligne 117 (RATP) \u00e0 Cr\u00e9teil","link":"http:\/\/www.thibxl.be\/photos\/wp-content\/uploads\/bus-117\/Bus-117-Paris-RATP-Novembre-2015-7.jpg","alt":"Bus 7631 (720 QBF 75) sur la ligne 117 (RATP) \u00e0 Cr\u00e9teil","caption":"Renault Agora S n\u00b07631 (720 QBF 75) sur la ligne 117 (RATP) \u00e0 Cr\u00e9teil","thumb":"","tags":[],"id":9254,"height":0,"width":0},"95":{"status":"active","src":"https:\/\/www.thibxl.be\/photos\/wp-content\/uploads\/m8\/Ao\u00fbt-2012-79.jpg","title":"M\u00e9tro 116 sur la ligne 8 (RATP) \u00e0 Cr\u00e9teil","link":"http:\/\/www.thibxl.be\/photos\/wp-content\/uploads\/m8\/Ao\u00fbt-2012-79.jpg","alt":"M\u00e9tro 116 sur la ligne 8 (RATP) \u00e0 Cr\u00e9teil","caption":"MF 77 n\u00b0116 sur la ligne 8 (RATP) \u00e0 Cr\u00e9teil","thumb":"","tags":[],"id":4530,"height":0,"width":0},"137":{"status":"active","src":"https:\/\/www.thibxl.be\/photos\/wp-content\/uploads\/bus-317\/Bus-317-RATP-Paris-Novembre-2015-3.jpg","title":"Bus 5328 (BZ-992-KP) sur la ligne 317 (RATP) \u00e0 Cr\u00e9teil","link":"http:\/\/www.thibxl.be\/photos\/wp-content\/uploads\/bus-317\/Bus-317-RATP-Paris-Novembre-2015-3.jpg","alt":"Bus 5328 (BZ-992-KP) sur la ligne 317 (RATP) \u00e0 Cr\u00e9teil","caption":"Irisbus Citelis 12 n\u00b05328 (BZ-992-KP) sur la ligne 317 (RATP) \u00e0 Cr\u00e9teil","thumb":"","tags":[],"id":11543,"height":0,"width":0},"128":{"status":"active","src":"https:\/\/www.thibxl.be\/photos\/wp-content\/uploads\/m8\/Ao\u00fbt-2012-24.jpg","title":"M\u00e9tro 103 sur la ligne 8 (RATP) \u00e0 Cr\u00e9teil","link":"http:\/\/www.thibxl.be\/photos\/wp-content\/uploads\/m8\/Ao\u00fbt-2012-24.jpg","alt":"M\u00e9tro 103 sur la ligne 8 (RATP) \u00e0 Cr\u00e9teil","caption":"MF 77 n\u00b0103 sur la ligne 8 (RATP) \u00e0 Cr\u00e9teil","thumb":"","tags":[],"id":4558,"height":0,"width":0},"22":{"status":"active","src":"https:\/\/www.thibxl.be\/photos\/wp-content\/uploads\/m8\/Ao\u00fbt-2012-56.jpg","title":"M\u00e9tro 144 sur la ligne 8 (RATP) \u00e0 Cr\u00e9teil","link":"http:\/\/www.thibxl.be\/photos\/wp-content\/uploads\/m8\/Ao\u00fbt-2012-56.jpg","alt":"M\u00e9tro 144 sur la ligne 8 (RATP) \u00e0 Cr\u00e9teil","caption":"MF 77 n\u00b0144 sur la ligne 8 (RATP) \u00e0 Cr\u00e9teil","thumb":"","tags":[],"id":4590,"height":0,"width":0},"3":{"status":"active","src":"https:\/\/www.thibxl.be\/photos\/wp-content\/uploads\/bus-117\/Bus-117-Paris-RATP-Novembre-2015-18.jpg","title":"Bus 7631 (720 QBF 75) sur la ligne 117 (RATP) \u00e0 Cr\u00e9teil","link":"http:\/\/www.thibxl.be\/photos\/wp-content\/uploads\/bus-117\/Bus-117-Paris-RATP-Novembre-2015-18.jpg","alt":"Bus 7631 (720 QBF 75) sur la ligne 117 (RATP) \u00e0 Cr\u00e9teil","caption":"Renault Agora S n\u00b07631 (720 QBF 75) sur la ligne 117 (RATP) \u00e0 Cr\u00e9teil","thumb":"","tags":[],"id":9265,"height":0,"width":0},"7":{"status":"active","src":"https:\/\/www.thibxl.be\/photos\/wp-content\/uploads\/m8\/Ao\u00fbt-2012-77.jpg","title":"M\u00e9tro 143 sur la ligne 8 (RATP) \u00e0 Cr\u00e9teil","link":"http:\/\/www.thibxl.be\/photos\/wp-content\/uploads\/m8\/Ao\u00fbt-2012-77.jpg","alt":"M\u00e9tro 143 sur la ligne 8 (RATP) \u00e0 Cr\u00e9teil","caption":"MF 77 n\u00b0143 sur la ligne 8 (RATP) \u00e0 Cr\u00e9teil","thumb":"","tags":[],"id":4528,"height":0,"width":0},"134":{"status":"active","src":"https:\/\/www.thibxl.be\/photos\/wp-content\/uploads\/bus-217\/Bus-217-Paris-RATP-Ao\u00fbt-2012-9.jpg","title":"Bus 7270 (323 QAW 75) sur la ligne 217 (RATP) \u00e0 Cr\u00e9teil","link":"http:\/\/www.thibxl.be\/photos\/wp-content\/uploads\/bus-217\/Bus-217-Paris-RATP-Ao\u00fbt-2012-9.jpg","alt":"Bus 7270 (323 QAW 75) sur la ligne 217 (RATP) \u00e0 Cr\u00e9teil","caption":"Renault Agora S n\u00b07270 (323 QAW 75) sur la ligne 217 (RATP) \u00e0 Cr\u00e9teil","thumb":"","tags":[],"id":3600,"height":0,"width":0},"53":{"status":"active","src":"https:\/\/www.thibxl.be\/photos\/wp-content\/uploads\/m8\/Ao\u00fbt-2012-27.jpg","title":"M\u00e9tro 143 sur la ligne 8 (RATP) \u00e0 Cr\u00e9teil","link":"http:\/\/www.thibxl.be\/photos\/wp-content\/uploads\/m8\/Ao\u00fbt-2012-27.jpg","alt":"M\u00e9tro 143 sur la ligne 8 (RATP) \u00e0 Cr\u00e9teil","caption":"MF 77 n\u00b0143 sur la ligne 8 (RATP) \u00e0 Cr\u00e9teil","thumb":"","tags":[],"id":4561,"height":0,"width":0},"149":{"status":"active","src":"https:\/\/www.thibxl.be\/photos\/wp-content\/uploads\/bus-117\/Bus-117-Paris-RATP-Novembre-2015-13.jpg","title":"Bus 7636 (881 QBE 75) sur la ligne 117 (RATP) \u00e0 Cr\u00e9teil","link":"http:\/\/www.thibxl.be\/photos\/wp-content\/uploads\/bus-117\/Bus-117-Paris-RATP-Novembre-2015-13.jpg","alt":"Bus 7636 (881 QBE 75) sur la ligne 117 (RATP) \u00e0 Cr\u00e9teil","caption":"Renault Agora S n\u00b07636 (881 QBE 75) sur la ligne 117 (RATP) \u00e0 Cr\u00e9teil","thumb":"","tags":[],"id":9260,"height":0,"width":0},"33":{"status":"active","src":"https:\/\/www.thibxl.be\/photos\/wp-content\/uploads\/m8\/Ao\u00fbt-2012-26.jpg","title":"M\u00e9tro 105 sur la ligne 8 (RATP) \u00e0 Cr\u00e9teil","link":"http:\/\/www.thibxl.be\/photos\/wp-content\/uploads\/m8\/Ao\u00fbt-2012-26.jpg","alt":"M\u00e9tro 105 sur la ligne 8 (RATP) \u00e0 Cr\u00e9teil","caption":"MF 77 n\u00b0105 sur la ligne 8 (RATP) \u00e0 Cr\u00e9teil","thumb":"","tags":[],"id":4560,"height":0,"width":0},"11":{"status":"active","src":"https:\/\/www.thibxl.be\/photos\/wp-content\/uploads\/m8\/Ao\u00fbt-2012-82.jpg","title":"M\u00e9tro 124G sur la ligne 8 (RATP) \u00e0 Cr\u00e9teil","link":"http:\/\/www.thibxl.be\/photos\/wp-content\/uploads\/m8\/Ao\u00fbt-2012-82.jpg","alt":"M\u00e9tro 124G sur la ligne 8 (RATP) \u00e0 Cr\u00e9teil","caption":"MF 77 n\u00b0124G sur la ligne 8 (RATP) \u00e0 Cr\u00e9teil","thumb":"","tags":[],"id":4533,"height":0,"width":0},"141":{"status":"active","src":"https:\/\/www.thibxl.be\/photos\/wp-content\/uploads\/bus-117\/Bus-117-Paris-RATP-Aout-2012-4.jpg","title":"Bus 7604 (611 PZY 75) sur la ligne 117 (RATP) \u00e0 Cr\u00e9teil","link":"http:\/\/www.thibxl.be\/photos\/wp-content\/uploads\/bus-117\/Bus-117-Paris-RATP-Aout-2012-4.jpg","alt":"Bus 7604 (611 PZY 75) sur la ligne 117 (RATP) \u00e0 Cr\u00e9teil","caption":"Renault Agora S n\u00b07604 (611 PZY 75) sur la ligne 117 (RATP) \u00e0 Cr\u00e9teil","thumb":"","tags":[],"id":9241,"height":0,"width":0},"20":{"status":"active","src":"https:\/\/www.thibxl.be\/photos\/wp-content\/uploads\/m8\/Ao\u00fbt-2012-62.jpg","title":"M\u00e9tro 144 sur la ligne 8 (RATP) \u00e0 Cr\u00e9teil","link":"http:\/\/www.thibxl.be\/photos\/wp-content\/uploads\/m8\/Ao\u00fbt-2012-62.jpg","alt":"M\u00e9tro 144 sur la ligne 8 (RATP) \u00e0 Cr\u00e9teil","caption":"MF 77 n\u00b0144 sur la ligne 8 (RATP) \u00e0 Cr\u00e9teil","thumb":"","tags":[],"id":4513,"height":0,"width":0},"83":{"status":"active","src":"https:\/\/www.thibxl.be\/photos\/wp-content\/uploads\/bus-281\/Bus-281-Paris-RATP-Novembre-2015-2.jpg","title":"Bus 8622 (CK-343-SE) sur la ligne 281 (RATP) \u00e0 Cr\u00e9teil","link":"http:\/\/www.thibxl.be\/photos\/wp-content\/uploads\/bus-281\/Bus-281-Paris-RATP-Novembre-2015-2.jpg","alt":"Bus 8622 (CK-343-SE) sur la ligne 281 (RATP) \u00e0 Cr\u00e9teil","caption":"Irisbus Citelis 12 n\u00b08622 (CK-343-SE) sur la ligne 281 (RATP) \u00e0 Cr\u00e9teil","thumb":"","tags":[],"id":3869,"height":0,"width":0},"51":{"status":"active","src":"https:\/\/www.thibxl.be\/photos\/wp-content\/uploads\/bus-k\/Bus-K-Paris-Aout-2012-11.jpg","title":"Bus 425 (105 DPZ 91) sur la ligne K (STRAV) \u00e0 Cr\u00e9teil","link":"http:\/\/www.thibxl.be\/photos\/wp-content\/uploads\/bus-k\/Bus-K-Paris-Aout-2012-11.jpg","alt":"Bus 425 (105 DPZ 91) sur la ligne K (STRAV) \u00e0 Cr\u00e9teil","caption":"Mercedes-Benz O 530 Citaro G n\u00b0425 (105 DPZ 91) sur la ligne K (STRAV) \u00e0 Cr\u00e9teil","thumb":"","tags":[],"id":12867,"height":0,"width":0},"133":{"status":"active","src":"https:\/\/www.thibxl.be\/photos\/wp-content\/uploads\/m8\/Ao\u00fbt-2012-21.jpg","title":"M\u00e9tro 106 sur la ligne 8 (RATP) \u00e0 Cr\u00e9teil","link":"http:\/\/www.thibxl.be\/photos\/wp-content\/uploads\/m8\/Ao\u00fbt-2012-21.jpg","alt":"M\u00e9tro 106 sur la ligne 8 (RATP) \u00e0 Cr\u00e9teil","caption":"MF 77 n\u00b0106 sur la ligne 8 (RATP) \u00e0 Cr\u00e9teil","thumb":"","tags":[],"id":4555,"height":0,"width":0},"93":{"status":"active","src":"https:\/\/www.thibxl.be\/photos\/wp-content\/uploads\/bus-317\/Bus-317-RATP-Paris-Novembre-2015-1.jpg","title":"Bus 5334 (BZ-641-WL) sur la ligne 317 (RATP) \u00e0 Cr\u00e9teil","link":"http:\/\/www.thibxl.be\/photos\/wp-content\/uploads\/bus-317\/Bus-317-RATP-Paris-Novembre-2015-1.jpg","alt":"Bus 5334 (BZ-641-WL) sur la ligne 317 (RATP) \u00e0 Cr\u00e9teil","caption":"Irisbus Citelis 12 n\u00b05334 (BZ-641-WL) sur la ligne 317 (RATP) \u00e0 Cr\u00e9teil","thumb":"","tags":[],"id":11541,"height":0,"width":0},"54":{"status":"active","src":"https:\/\/www.thibxl.be\/photos\/wp-content\/uploads\/bus-308\/Bus-308-RATP-Paris-Aout-2012-2.jpg","title":"Bus 2518 sur la ligne 308 (RATP) \u00e0 Cr\u00e9teil","link":"http:\/\/www.thibxl.be\/photos\/wp-content\/uploads\/bus-308\/Bus-308-RATP-Paris-Aout-2012-2.jpg","alt":"Bus 2518 sur la ligne 308 (RATP) \u00e0 Cr\u00e9teil","caption":"Renault Agora S n\u00b02518 sur la ligne 308 (RATP) \u00e0 Cr\u00e9teil","thumb":"","tags":[],"id":11518,"height":0,"width":0},"115":{"status":"active","src":"https:\/\/www.thibxl.be\/photos\/wp-content\/uploads\/m8\/Ao\u00fbt-2012-76.jpg","title":"M\u00e9tro 107 sur la ligne 8 (RATP) \u00e0 Cr\u00e9teil","link":"http:\/\/www.thibxl.be\/photos\/wp-content\/uploads\/m8\/Ao\u00fbt-2012-76.jpg","alt":"M\u00e9tro 107 sur la ligne 8 (RATP) \u00e0 Cr\u00e9teil","caption":"MF 77 n\u00b0107 sur la ligne 8 (RATP) \u00e0 Cr\u00e9teil","thumb":"","tags":[],"id":4527,"height":0,"width":0},"100":{"status":"active","src":"https:\/\/www.thibxl.be\/photos\/wp-content\/uploads\/bus-k\/Bus-K-Paris-Aout-2012-1.jpg","title":"Bus 425 (105 DPZ 91) sur la ligne K (STRAV) \u00e0 Cr\u00e9teil","link":"http:\/\/www.thibxl.be\/photos\/wp-content\/uploads\/bus-k\/Bus-K-Paris-Aout-2012-1.jpg","alt":"Bus 425 (105 DPZ 91) sur la ligne K (STRAV) \u00e0 Cr\u00e9teil","caption":"Mercedes-Benz O 530 Citaro G n\u00b0425 (105 DPZ 91) sur la ligne K (STRAV) \u00e0 Cr\u00e9teil","thumb":"","tags":[],"id":12868,"height":0,"width":0},"38":{"status":"active","src":"https:\/\/www.thibxl.be\/photos\/wp-content\/uploads\/m8\/Ao\u00fbt-2012-5.jpg","title":"Station Cr\u00e9teil-L'Echat sur la ligne 8 (RATP) \u00e0 Cr\u00e9teil","link":"http:\/\/www.thibxl.be\/photos\/wp-content\/uploads\/m8\/Ao\u00fbt-2012-5.jpg","alt":"Station Cr\u00e9teil-L'Echat sur la ligne 8 (RATP) \u00e0 Cr\u00e9teil","caption":"Station Cr\u00e9teil-L'Echat sur la ligne 8 (RATP) \u00e0 Cr\u00e9teil","thumb":"","tags":[],"id":4539,"height":0,"width":0},"88":{"status":"active","src":"https:\/\/www.thibxl.be\/photos\/wp-content\/uploads\/m8\/Ao\u00fbt-2012-22.jpg","title":"M\u00e9tro 109 sur la ligne 8 (RATP) \u00e0 Cr\u00e9teil","link":"http:\/\/www.thibxl.be\/photos\/wp-content\/uploads\/m8\/Ao\u00fbt-2012-22.jpg","alt":"M\u00e9tro 109 sur la ligne 8 (RATP) \u00e0 Cr\u00e9teil","caption":"MF 77 n\u00b0109 sur la ligne 8 (RATP) \u00e0 Cr\u00e9teil","thumb":"","tags":[],"id":4556,"height":0,"width":0},"78":{"status":"active","src":"https:\/\/www.thibxl.be\/photos\/wp-content\/uploads\/m8\/Ao\u00fbt-2012-10.jpg","title":"M\u00e9tro 129 sur la ligne 8 (RATP) \u00e0 Cr\u00e9teil","link":"http:\/\/www.thibxl.be\/photos\/wp-content\/uploads\/m8\/Ao\u00fbt-2012-10.jpg","alt":"M\u00e9tro 129 sur la ligne 8 (RATP) \u00e0 Cr\u00e9teil","caption":"MF 77 n\u00b0129 sur la ligne 8 (RATP) \u00e0 Cr\u00e9teil","thumb":"","tags":[],"id":4544,"height":0,"width":0},"60":{"status":"active","src":"https:\/\/www.thibxl.be\/photos\/wp-content\/uploads\/m8\/Ao\u00fbt-2012-44.jpg","title":"Int\u00e9rieur du MF 77 n\u00b0016G sur la ligne 8 (RATP)","link":"http:\/\/www.thibxl.be\/photos\/wp-content\/uploads\/m8\/Ao\u00fbt-2012-44.jpg","alt":"Int\u00e9rieur du MF 77 n\u00b0016G sur la ligne 8 (RATP)","caption":"Int\u00e9rieur du MF 77 n\u00b0016G sur la ligne 8 (RATP)","thumb":"","tags":[],"id":4578,"height":0,"width":0},"41":{"status":"active","src":"https:\/\/www.thibxl.be\/photos\/wp-content\/uploads\/m8\/Ao\u00fbt-2012-42.jpg","title":"M\u00e9tro 100 sur la ligne 8 (RATP) \u00e0 Cr\u00e9teil","link":"http:\/\/www.thibxl.be\/photos\/wp-content\/uploads\/m8\/Ao\u00fbt-2012-42.jpg","alt":"M\u00e9tro 100 sur la ligne 8 (RATP) \u00e0 Cr\u00e9teil","caption":"MF 77 n\u00b0100 sur la ligne 8 (RATP) \u00e0 Cr\u00e9teil","thumb":"","tags":[],"id":4576,"height":0,"width":0},"135":{"status":"active","src":"https:\/\/www.thibxl.be\/photos\/wp-content\/uploads\/m8\/Ao\u00fbt-2012-75.jpg","title":"M\u00e9tro 143 sur la ligne 8 (RATP) \u00e0 Cr\u00e9teil","link":"http:\/\/www.thibxl.be\/photos\/wp-content\/uploads\/m8\/Ao\u00fbt-2012-75.jpg","alt":"M\u00e9tro 143 sur la ligne 8 (RATP) \u00e0 Cr\u00e9teil","caption":"MF 77 n\u00b0143 sur la ligne 8 (RATP) \u00e0 Cr\u00e9teil","thumb":"","tags":[],"id":4526,"height":0,"width":0},"39":{"status":"active","src":"https:\/\/www.thibxl.be\/photos\/wp-content\/uploads\/m8\/Ao\u00fbt-2012-40.jpg","title":"M\u00e9tro 126G sur la ligne 8 (RATP) \u00e0 Cr\u00e9teil","link":"http:\/\/www.thibxl.be\/photos\/wp-content\/uploads\/m8\/Ao\u00fbt-2012-40.jpg","alt":"M\u00e9tro 126G sur la ligne 8 (RATP) \u00e0 Cr\u00e9teil","caption":"MF 77 n\u00b0126G sur la ligne 8 (RATP) \u00e0 Cr\u00e9teil","thumb":"","tags":[],"id":4574,"height":0,"width":0},"110":{"status":"active","src":"https:\/\/www.thibxl.be\/photos\/wp-content\/uploads\/m8\/Ao\u00fbt-2012-63.jpg","title":"M\u00e9tro 103 sur la ligne 8 (RATP) \u00e0 Cr\u00e9teil","link":"http:\/\/www.thibxl.be\/photos\/wp-content\/uploads\/m8\/Ao\u00fbt-2012-63.jpg","alt":"M\u00e9tro 103 sur la ligne 8 (RATP) \u00e0 Cr\u00e9teil","caption":"MF 77 n\u00b0103 sur la ligne 8 (RATP) \u00e0 Cr\u00e9teil","thumb":"","tags":[],"id":4514,"height":0,"width":0},"99":{"status":"active","src":"https:\/\/www.thibxl.be\/photos\/wp-content\/uploads\/m8\/Ao\u00fbt-2012-73.jpg","title":"M\u00e9tro 126G sur la ligne 8 (RATP) \u00e0 Cr\u00e9teil","link":"http:\/\/www.thibxl.be\/photos\/wp-content\/uploads\/m8\/Ao\u00fbt-2012-73.jpg","alt":"M\u00e9tro 126G sur la ligne 8 (RATP) \u00e0 Cr\u00e9teil","caption":"MF 77 n\u00b0126G sur la ligne 8 (RATP) \u00e0 Cr\u00e9teil","thumb":"","tags":[],"id":4524,"height":0,"width":0},"9":{"status":"active","src":"https:\/\/www.thibxl.be\/photos\/wp-content\/uploads\/m8\/Ao\u00fbt-2012-39.jpg","title":"M\u00e9tro 106 sur la ligne 8 (RATP) \u00e0 Cr\u00e9teil","link":"http:\/\/www.thibxl.be\/photos\/wp-content\/uploads\/m8\/Ao\u00fbt-2012-39.jpg","alt":"M\u00e9tro 106 sur la ligne 8 (RATP) \u00e0 Cr\u00e9teil","caption":"MF 77 n\u00b0106 sur la ligne 8 (RATP) \u00e0 Cr\u00e9teil","thumb":"","tags":[],"id":4573,"height":0,"width":0},"79":{"status":"active","src":"https:\/\/www.thibxl.be\/photos\/wp-content\/uploads\/m8\/Ao\u00fbt-2012-48.jpg","title":"M\u00e9tro 124G sur la ligne 8 (RATP) \u00e0 Cr\u00e9teil","link":"http:\/\/www.thibxl.be\/photos\/wp-content\/uploads\/m8\/Ao\u00fbt-2012-48.jpg","alt":"M\u00e9tro 124G sur la ligne 8 (RATP) \u00e0 Cr\u00e9teil","caption":"MF 77 n\u00b0124G sur la ligne 8 (RATP) \u00e0 Cr\u00e9teil","thumb":"","tags":[],"id":4582,"height":0,"width":0},"101":{"status":"active","src":"https:\/\/www.thibxl.be\/photos\/wp-content\/uploads\/bus-117\/Bus-117-Paris-RATP-Novembre-2015-11.jpg","title":"Bus 7630 (115 QBJ 75) sur la ligne 117 (RATP) \u00e0 Cr\u00e9teil","link":"http:\/\/www.thibxl.be\/photos\/wp-content\/uploads\/bus-117\/Bus-117-Paris-RATP-Novembre-2015-11.jpg","alt":"Bus 7630 (115 QBJ 75) sur la ligne 117 (RATP) \u00e0 Cr\u00e9teil","caption":"Renault Agora S n\u00b07630 (115 QBJ 75) sur la ligne 117 (RATP) \u00e0 Cr\u00e9teil","thumb":"","tags":[],"id":9258,"height":0,"width":0},"31":{"status":"active","src":"https:\/\/www.thibxl.be\/photos\/wp-content\/uploads\/bus-308\/Bus-308-RATP-Paris-Novembre-2015-5.jpg","title":"Bus 8732 (CS-745-JZ) sur la ligne 308 (RATP) \u00e0 Cr\u00e9teil","link":"http:\/\/www.thibxl.be\/photos\/wp-content\/uploads\/bus-308\/Bus-308-RATP-Paris-Novembre-2015-5.jpg","alt":"Bus 8732 (CS-745-JZ) sur la ligne 308 (RATP) \u00e0 Cr\u00e9teil","caption":"Irisbus Citelis 12 n\u00b08732 (CS-745-JZ) sur la ligne 308 (RATP) \u00e0 Cr\u00e9teil","thumb":"","tags":[],"id":11536,"height":0,"width":0},"71":{"status":"active","src":"https:\/\/www.thibxl.be\/photos\/wp-content\/uploads\/bus-23\/Bus-23-Veolia-Paris-Aout-2012-3.jpg","title":"Bus 3157 (BR-902-XY) sur la ligne 23 (SETRA) \u00e0 Cr\u00e9teil","link":"http:\/\/www.thibxl.be\/photos\/wp-content\/uploads\/bus-23\/Bus-23-Veolia-Paris-Aout-2012-3.jpg","alt":"Bus 3157 (BR-902-XY) sur la ligne 23 (SETRA) \u00e0 Cr\u00e9teil","caption":"Mercedes-Benz O 530 Citaro n\u00b03157 (BR-902-XY) sur la ligne 23 (SETRA) \u00e0 Cr\u00e9teil","thumb":"","tags":[],"id":12780,"height":0,"width":0},"28":{"status":"active","src":"https:\/\/www.thibxl.be\/photos\/wp-content\/uploads\/m8\/Ao\u00fbt-2012-64.jpg","title":"M\u00e9tro 144 sur la ligne 8 (RATP) \u00e0 Cr\u00e9teil","link":"http:\/\/www.thibxl.be\/photos\/wp-content\/uploads\/m8\/Ao\u00fbt-2012-64.jpg","alt":"M\u00e9tro 144 sur la ligne 8 (RATP) \u00e0 Cr\u00e9teil","caption":"MF 77 n\u00b0144 sur la ligne 8 (RATP) \u00e0 Cr\u00e9teil","thumb":"","tags":[],"id":4515,"height":0,"width":0},"69":{"status":"active","src":"https:\/\/www.thibxl.be\/photos\/wp-content\/uploads\/bus-308\/Bus-308-RATP-Paris-Novembre-2015-7.jpg","title":"Bus 8732 (CS-745-JZ) sur la ligne 308 (RATP) \u00e0 Cr\u00e9teil","link":"http:\/\/www.thibxl.be\/photos\/wp-content\/uploads\/bus-308\/Bus-308-RATP-Paris-Novembre-2015-7.jpg","alt":"Bus 8732 (CS-745-JZ) sur la ligne 308 (RATP) \u00e0 Cr\u00e9teil","caption":"Irisbus Citelis 12 n\u00b08732 (CS-745-JZ) sur la ligne 308 (RATP) \u00e0 Cr\u00e9teil","thumb":"","tags":[],"id":11538,"height":0,"width":0},"8":{"status":"active","src":"https:\/\/www.thibxl.be\/photos\/wp-content\/uploads\/bus-217\/Bus-217-Paris-RATP-Ao\u00fbt-2012-3.jpg","title":"Bus 7237 (770 QAM 75) sur la ligne 217 (RATP) \u00e0 Cr\u00e9teil","link":"http:\/\/www.thibxl.be\/photos\/wp-content\/uploads\/bus-217\/Bus-217-Paris-RATP-Ao\u00fbt-2012-3.jpg","alt":"Bus 7237 (770 QAM 75) sur la ligne 217 (RATP) \u00e0 Cr\u00e9teil","caption":"Renault Agora S n\u00b07237 (770 QAM 75) sur la ligne 217 (RATP) \u00e0 Cr\u00e9teil","thumb":"","tags":[],"id":3594,"height":0,"width":0},"127":{"status":"active","src":"https:\/\/www.thibxl.be\/photos\/wp-content\/uploads\/m8\/Ao\u00fbt-2012-32.jpg","title":"M\u00e9tro 109 sur la ligne 8 (RATP) \u00e0 Cr\u00e9teil","link":"http:\/\/www.thibxl.be\/photos\/wp-content\/uploads\/m8\/Ao\u00fbt-2012-32.jpg","alt":"M\u00e9tro 109 sur la ligne 8 (RATP) \u00e0 Cr\u00e9teil","caption":"MF 77 n\u00b0109 sur la ligne 8 (RATP) \u00e0 Cr\u00e9teil","thumb":"","tags":[],"id":4566,"height":0,"width":0},"70":{"status":"active","src":"https:\/\/www.thibxl.be\/photos\/wp-content\/uploads\/bus-217\/Bus-217-Paris-RATP-Novembre-2015-2.jpg","title":"Bus 7228 (535 PZM 75) sur la ligne 217 (RATP) \u00e0 Cr\u00e9teil","link":"http:\/\/www.thibxl.be\/photos\/wp-content\/uploads\/bus-217\/Bus-217-Paris-RATP-Novembre-2015-2.jpg","alt":"Bus 7228 (535 PZM 75) sur la ligne 217 (RATP) \u00e0 Cr\u00e9teil","caption":"Renault Agora S n\u00b07228 (535 PZM 75) sur la ligne 217 (RATP) \u00e0 Cr\u00e9teil","thumb":"","tags":[],"id":3603,"height":0,"width":0},"140":{"status":"active","src":"https:\/\/www.thibxl.be\/photos\/wp-content\/uploads\/bus-393\/Bus-393-RATP-Paris-Aout-2012-4.jpg","title":"Bus 1944 (BN-551-LS) sur la ligne 393 (RATP) \u00e0 Cr\u00e9teil","link":"http:\/\/www.thibxl.be\/photos\/wp-content\/uploads\/bus-393\/Bus-393-RATP-Paris-Aout-2012-4.jpg","alt":"Bus 1944 (BN-551-LS) sur la ligne 393 (RATP) \u00e0 Cr\u00e9teil","caption":"Irisbus Citelis 18 n\u00b01944 (BN-551-LS) sur la ligne 393 (RATP) \u00e0 Cr\u00e9teil","thumb":"","tags":[],"id":12074,"height":0,"width":0},"91":{"status":"active","src":"https:\/\/www.thibxl.be\/photos\/wp-content\/uploads\/bus-117\/Bus-117-Paris-RATP-Aout-2012-2.jpg","title":"Bus 7604 (611 PZY 75) sur la ligne 117 (RATP) \u00e0 Cr\u00e9teil","link":"http:\/\/www.thibxl.be\/photos\/wp-content\/uploads\/bus-117\/Bus-117-Paris-RATP-Aout-2012-2.jpg","alt":"Bus 7604 (611 PZY 75) sur la ligne 117 (RATP) \u00e0 Cr\u00e9teil","caption":"Renault Agora S n\u00b07604 (611 PZY 75) sur la ligne 117 (RATP) \u00e0 Cr\u00e9teil","thumb":"","tags":[],"id":9239,"height":0,"width":0},"142":{"status":"active","src":"https:\/\/www.thibxl.be\/photos\/wp-content\/uploads\/m8\/Ao\u00fbt-2012-43.jpg","title":"M\u00e9tro 108 sur la ligne 8 (RATP) \u00e0 Cr\u00e9teil","link":"http:\/\/www.thibxl.be\/photos\/wp-content\/uploads\/m8\/Ao\u00fbt-2012-43.jpg","alt":"M\u00e9tro 108 sur la ligne 8 (RATP) \u00e0 Cr\u00e9teil","caption":"MF 77 n\u00b0108 sur la ligne 8 (RATP) \u00e0 Cr\u00e9teil","thumb":"","tags":[],"id":4577,"height":0,"width":0},"89":{"status":"active","src":"https:\/\/www.thibxl.be\/photos\/wp-content\/uploads\/bus-393\/Bus-393-RATP-Paris-Aout-2012-3.jpg","title":"Bus 1947 (BN-946-EJ) sur la ligne 393 (RATP) \u00e0 Cr\u00e9teil","link":"http:\/\/www.thibxl.be\/photos\/wp-content\/uploads\/bus-393\/Bus-393-RATP-Paris-Aout-2012-3.jpg","alt":"Bus 1947 (BN-946-EJ) sur la ligne 393 (RATP) \u00e0 Cr\u00e9teil","caption":"Irisbus Citelis 18 n\u00b01947 (BN-946-EJ) sur la ligne 393 (RATP) \u00e0 Cr\u00e9teil","thumb":"","tags":[],"id":12073,"height":0,"width":0},"92":{"status":"active","src":"https:\/\/www.thibxl.be\/photos\/wp-content\/uploads\/bus-b\/Bus-B-Transdev-Paris-Novembre-2015-1.jpg","title":"Bus 531 (BS-627-GB) sur la ligne B (STRAV) \u00e0 Cr\u00e9teil","link":"http:\/\/www.thibxl.be\/photos\/wp-content\/uploads\/bus-b\/Bus-B-Transdev-Paris-Novembre-2015-1.jpg","alt":"Bus 531 (BS-627-GB) sur la ligne B (STRAV) \u00e0 Cr\u00e9teil","caption":"Heuliez GX 327 n\u00b0531 (BS-627-GB) sur la ligne B (STRAV) \u00e0 Cr\u00e9teil","thumb":"","tags":[],"id":12812,"height":0,"width":0},"37":{"status":"active","src":"https:\/\/www.thibxl.be\/photos\/wp-content\/uploads\/bus-181\/Bus-181-Paris-RATP-Novembre-2015-4.jpg","title":"Bus 7039 (CK-581-PY) sur la ligne 181 (RATP) \u00e0 Cr\u00e9teil","link":"http:\/\/www.thibxl.be\/photos\/wp-content\/uploads\/bus-181\/Bus-181-Paris-RATP-Novembre-2015-4.jpg","alt":"Bus 7039 (CK-581-PY) sur la ligne 181 (RATP) \u00e0 Cr\u00e9teil","caption":"Irisbus Agora S GNV n\u00b07039 (CK-581-PY) sur la ligne 181 (RATP) \u00e0 Cr\u00e9teil","thumb":"","tags":[],"id":3392,"height":0,"width":0},"10":{"status":"active","src":"https:\/\/www.thibxl.be\/photos\/wp-content\/uploads\/bus-217\/Bus-217-Paris-RATP-Ao\u00fbt-2012-5.jpg","title":"Bus 7237 (770 QAM 75) sur la ligne 217 (RATP) \u00e0 Cr\u00e9teil","link":"http:\/\/www.thibxl.be\/photos\/wp-content\/uploads\/bus-217\/Bus-217-Paris-RATP-Ao\u00fbt-2012-5.jpg","alt":"Bus 7237 (770 QAM 75) sur la ligne 217 (RATP) \u00e0 Cr\u00e9teil","caption":"Renault Agora S n\u00b07237 (770 QAM 75) sur la ligne 217 (RATP) \u00e0 Cr\u00e9teil","thumb":"","tags":[],"id":3596,"height":0,"width":0},"64":{"status":"active","src":"https:\/\/www.thibxl.be\/photos\/wp-content\/uploads\/bus-308\/Bus-308-RATP-Paris-Novembre-2015-3.jpg","title":"Bus 8732 (CS-745-JZ) sur la ligne 308 (RATP) \u00e0 Cr\u00e9teil","link":"http:\/\/www.thibxl.be\/photos\/wp-content\/uploads\/bus-308\/Bus-308-RATP-Paris-Novembre-2015-3.jpg","alt":"Bus 8732 (CS-745-JZ) sur la ligne 308 (RATP) \u00e0 Cr\u00e9teil","caption":"Irisbus Citelis 12 n\u00b08732 (CS-745-JZ) sur la ligne 308 (RATP) \u00e0 Cr\u00e9teil","thumb":"","tags":[],"id":11534,"height":0,"width":0},"148":{"status":"active","src":"https:\/\/www.thibxl.be\/photos\/wp-content\/uploads\/m8\/Ao\u00fbt-2012-25.jpg","title":"M\u00e9tro 016G sur la ligne 8 (RATP) \u00e0 Cr\u00e9teil","link":"http:\/\/www.thibxl.be\/photos\/wp-content\/uploads\/m8\/Ao\u00fbt-2012-25.jpg","alt":"M\u00e9tro 016G sur la ligne 8 (RATP) \u00e0 Cr\u00e9teil","caption":"MF 77 n\u00b0016G sur la ligne 8 (RATP) \u00e0 Cr\u00e9teil","thumb":"","tags":[],"id":4559,"height":0,"width":0},"12":{"status":"active","src":"https:\/\/www.thibxl.be\/photos\/wp-content\/uploads\/bus-b\/Bus-B-Transdev-Paris-Novembre-2015-2.jpg","title":"Bus 531 (BS-627-GB) sur la ligne B (STRAV) \u00e0 Cr\u00e9teil","link":"http:\/\/www.thibxl.be\/photos\/wp-content\/uploads\/bus-b\/Bus-B-Transdev-Paris-Novembre-2015-2.jpg","alt":"Bus 531 (BS-627-GB) sur la ligne B (STRAV) \u00e0 Cr\u00e9teil","caption":"Heuliez GX 327 n\u00b0531 (BS-627-GB) sur la ligne B (STRAV) \u00e0 Cr\u00e9teil","thumb":"","tags":[],"id":12813,"height":0,"width":0},"13":{"status":"active","src":"https:\/\/www.thibxl.be\/photos\/wp-content\/uploads\/bus-217\/Bus-217-Paris-RATP-Ao\u00fbt-2012-1.jpg","title":"Bus 7237 (770 QAM 75) sur la ligne 217 (RATP) \u00e0 Cr\u00e9teil","link":"http:\/\/www.thibxl.be\/photos\/wp-content\/uploads\/bus-217\/Bus-217-Paris-RATP-Ao\u00fbt-2012-1.jpg","alt":"Bus 7237 (770 QAM 75) sur la ligne 217 (RATP) \u00e0 Cr\u00e9teil","caption":"Renault Agora S n\u00b07237 (770 QAM 75) sur la ligne 217 (RATP) \u00e0 Cr\u00e9teil","thumb":"","tags":[],"id":3601,"height":0,"width":0},"52":{"status":"active","src":"https:\/\/www.thibxl.be\/photos\/wp-content\/uploads\/m8\/Ao\u00fbt-2012-55.jpg","title":"M\u00e9tro 103 sur la ligne 8 (RATP) \u00e0 Cr\u00e9teil","link":"http:\/\/www.thibxl.be\/photos\/wp-content\/uploads\/m8\/Ao\u00fbt-2012-55.jpg","alt":"M\u00e9tro 103 sur la ligne 8 (RATP) \u00e0 Cr\u00e9teil","caption":"MF 77 n\u00b0103 sur la ligne 8 (RATP) \u00e0 Cr\u00e9teil","thumb":"","tags":[],"id":4589,"height":0,"width":0},"157":{"status":"active","src":"https:\/\/www.thibxl.be\/photos\/wp-content\/uploads\/bus-117\/Bus-117-Paris-RATP-Novembre-2015-6.jpg","title":"Bus 7630 (115 QBJ 75) sur la ligne 117 (RATP) \u00e0 Cr\u00e9teil","link":"http:\/\/www.thibxl.be\/photos\/wp-content\/uploads\/bus-117\/Bus-117-Paris-RATP-Novembre-2015-6.jpg","alt":"Bus 7630 (115 QBJ 75) sur la ligne 117 (RATP) \u00e0 Cr\u00e9teil","caption":"Renault Agora S n\u00b07630 (115 QBJ 75) sur la ligne 117 (RATP) \u00e0 Cr\u00e9teil","thumb":"","tags":[],"id":9253,"height":0,"width":0},"56":{"status":"active","src":"https:\/\/www.thibxl.be\/photos\/wp-content\/uploads\/m8\/Ao\u00fbt-2012-69.jpg","title":"M\u00e9tro 144 sur la ligne 8 (RATP) \u00e0 Cr\u00e9teil","link":"http:\/\/www.thibxl.be\/photos\/wp-content\/uploads\/m8\/Ao\u00fbt-2012-69.jpg","alt":"M\u00e9tro 144 sur la ligne 8 (RATP) \u00e0 Cr\u00e9teil","caption":"MF 77 n\u00b0144 sur la ligne 8 (RATP) \u00e0 Cr\u00e9teil","thumb":"","tags":[],"id":4520,"height":0,"width":0},"48":{"status":"active","src":"https:\/\/www.thibxl.be\/photos\/wp-content\/uploads\/bus-k\/Bus-K-Paris-Aout-2012-7.jpg","title":"Bus 425 (105 DPZ 91) sur la ligne K (STRAV) \u00e0 Cr\u00e9teil","link":"http:\/\/www.thibxl.be\/photos\/wp-content\/uploads\/bus-k\/Bus-K-Paris-Aout-2012-7.jpg","alt":"Bus 425 (105 DPZ 91) sur la ligne K (STRAV) \u00e0 Cr\u00e9teil","caption":"Mercedes-Benz O 530 Citaro G n\u00b0425 (105 DPZ 91) sur la ligne K (STRAV) \u00e0 Cr\u00e9teil","thumb":"","tags":[],"id":12863,"height":0,"width":0},"74":{"status":"active","src":"https:\/\/www.thibxl.be\/photos\/wp-content\/uploads\/m8\/Ao\u00fbt-2012-18.jpg","title":"M\u00e9tro 100 sur la ligne 8 (RATP) \u00e0 Cr\u00e9teil","link":"http:\/\/www.thibxl.be\/photos\/wp-content\/uploads\/m8\/Ao\u00fbt-2012-18.jpg","alt":"M\u00e9tro 100 sur la ligne 8 (RATP) \u00e0 Cr\u00e9teil","caption":"MF 77 n\u00b0100 sur la ligne 8 (RATP) \u00e0 Cr\u00e9teil","thumb":"","tags":[],"id":4552,"height":0,"width":0},"17":{"status":"active","src":"https:\/\/www.thibxl.be\/photos\/wp-content\/uploads\/bus-23\/Bus-23-Transdev-Paris-Novembre-2015-1.jpg","title":"Bus 3127 (BB-559-TF) sur la ligne 23 (SETRA) \u00e0 Cr\u00e9teil","link":"http:\/\/www.thibxl.be\/photos\/wp-content\/uploads\/bus-23\/Bus-23-Transdev-Paris-Novembre-2015-1.jpg","alt":"Bus 3127 (BB-559-TF) sur la ligne 23 (SETRA) \u00e0 Cr\u00e9teil","caption":"Heuliez GX 327 n\u00b03127 (BB-559-TF) sur la ligne 23 (SETRA) \u00e0 Cr\u00e9teil","thumb":"","tags":[],"id":12784,"height":0,"width":0},"117":{"status":"active","src":"https:\/\/www.thibxl.be\/photos\/wp-content\/uploads\/m8\/Ao\u00fbt-2012-47.jpg","title":"M\u00e9tro 109 sur la ligne 8 (RATP) \u00e0 Cr\u00e9teil","link":"http:\/\/www.thibxl.be\/photos\/wp-content\/uploads\/m8\/Ao\u00fbt-2012-47.jpg","alt":"M\u00e9tro 109 sur la ligne 8 (RATP) \u00e0 Cr\u00e9teil","caption":"MF 77 n\u00b0109 sur la ligne 8 (RATP) \u00e0 Cr\u00e9teil","thumb":"","tags":[],"id":4581,"height":0,"width":0},"47":{"status":"active","src":"https:\/\/www.thibxl.be\/photos\/wp-content\/uploads\/bus-14\/Bus-14-RATP-TVM-Paris-Novembre-2015-15.jpg","title":"Bus 4763 (CV-454-NW) sur la ligne Tvm (Trans-Val-de-Marne - RATP) \u00e0 Cr\u00e9teil","link":"http:\/\/www.thibxl.be\/photos\/wp-content\/uploads\/bus-14\/Bus-14-RATP-TVM-Paris-Novembre-2015-15.jpg","alt":"Bus 4763 (CV-454-NW) sur la ligne Tvm (Trans-Val-de-Marne - RATP) \u00e0 Cr\u00e9teil","caption":"MAN NG 283 (A23) Lion's City G n\u00b04763 (CV-454-NW) sur la ligne Tvm (Trans-Val-de-Marne - RATP) \u00e0 Cr\u00e9teil","thumb":"","tags":[],"id":12748,"height":0,"width":0},"145":{"status":"active","src":"https:\/\/www.thibxl.be\/photos\/wp-content\/uploads\/m8\/Ao\u00fbt-2012-49.jpg","title":"M\u00e9tro 105 sur la ligne 8 (RATP) \u00e0 Cr\u00e9teil","link":"http:\/\/www.thibxl.be\/photos\/wp-content\/uploads\/m8\/Ao\u00fbt-2012-49.jpg","alt":"M\u00e9tro 105 sur la ligne 8 (RATP) \u00e0 Cr\u00e9teil","caption":"MF 77 n\u00b0105 sur la ligne 8 (RATP) \u00e0 Cr\u00e9teil","thumb":"","tags":[],"id":4583,"height":0,"width":0},"109":{"status":"active","src":"https:\/\/www.thibxl.be\/photos\/wp-content\/uploads\/bus-117\/Bus-117-Paris-RATP-Novembre-2015-1.jpg","title":"Bus 7636 (881 QBE 75) sur la ligne 117 (RATP) \u00e0 Cr\u00e9teil","link":"http:\/\/www.thibxl.be\/photos\/wp-content\/uploads\/bus-117\/Bus-117-Paris-RATP-Novembre-2015-1.jpg","alt":"Bus 7636 (881 QBE 75) sur la ligne 117 (RATP) \u00e0 Cr\u00e9teil","caption":"Renault Agora S n\u00b07636 (881 QBE 75) sur la ligne 117 (RATP) \u00e0 Cr\u00e9teil","thumb":"","tags":[],"id":9248,"height":0,"width":0},"111":{"status":"active","src":"https:\/\/www.thibxl.be\/photos\/wp-content\/uploads\/bus-k\/Bus-K-Paris-Aout-2012-4.jpg","title":"Bus 425 (105 DPZ 91) sur la ligne K (STRAV) \u00e0 Cr\u00e9teil","link":"http:\/\/www.thibxl.be\/photos\/wp-content\/uploads\/bus-k\/Bus-K-Paris-Aout-2012-4.jpg","alt":"Bus 425 (105 DPZ 91) sur la ligne K (STRAV) \u00e0 Cr\u00e9teil","caption":"Mercedes-Benz O 530 Citaro G n\u00b0425 (105 DPZ 91) sur la ligne K (STRAV) \u00e0 Cr\u00e9teil","thumb":"","tags":[],"id":12860,"height":0,"width":0},"146":{"status":"active","src":"https:\/\/www.thibxl.be\/photos\/wp-content\/uploads\/bus-117\/Bus-117-Paris-RATP-Aout-2012-1.jpg","title":"Bus 7636 (881 QBE 75) sur la ligne 117 (RATP) \u00e0 Cr\u00e9teil","link":"http:\/\/www.thibxl.be\/photos\/wp-content\/uploads\/bus-117\/Bus-117-Paris-RATP-Aout-2012-1.jpg","alt":"Bus 7636 (881 QBE 75) sur la ligne 117 (RATP) \u00e0 Cr\u00e9teil","caption":"Renault Agora S n\u00b07636 (881 QBE 75) sur la ligne 117 (RATP) \u00e0 Cr\u00e9teil","thumb":"","tags":[],"id":9238,"height":0,"width":0},"147":{"status":"active","src":"https:\/\/www.thibxl.be\/photos\/wp-content\/uploads\/bus-k\/Bus-K-Paris-Aout-2012-6.jpg","title":"Bus 445 (470 EAH 91) sur la ligne K (STRAV) \u00e0 Cr\u00e9teil","link":"http:\/\/www.thibxl.be\/photos\/wp-content\/uploads\/bus-k\/Bus-K-Paris-Aout-2012-6.jpg","alt":"Bus 445 (470 EAH 91) sur la ligne K (STRAV) \u00e0 Cr\u00e9teil","caption":"Mercedes-Benz O 530 Citaro G n\u00b0445 (470 EAH 91) sur la ligne K (STRAV) \u00e0 Cr\u00e9teil","thumb":"","tags":[],"id":12862,"height":0,"width":0},"123":{"status":"active","src":"https:\/\/www.thibxl.be\/photos\/wp-content\/uploads\/m8\/Ao\u00fbt-2012-30.jpg","title":"M\u00e9tro 016G sur la ligne 8 (RATP) \u00e0 Cr\u00e9teil","link":"http:\/\/www.thibxl.be\/photos\/wp-content\/uploads\/m8\/Ao\u00fbt-2012-30.jpg","alt":"M\u00e9tro 016G sur la ligne 8 (RATP) \u00e0 Cr\u00e9teil","caption":"MF 77 n\u00b0016G sur la ligne 8 (RATP) \u00e0 Cr\u00e9teil","thumb":"","tags":[],"id":4564,"height":0,"width":0},"156":{"status":"active","src":"https:\/\/www.thibxl.be\/photos\/wp-content\/uploads\/m8\/Ao\u00fbt-2012-38.jpg","title":"M\u00e9tro 146 sur la ligne 8 (RATP) \u00e0 Cr\u00e9teil","link":"http:\/\/www.thibxl.be\/photos\/wp-content\/uploads\/m8\/Ao\u00fbt-2012-38.jpg","alt":"M\u00e9tro 146 sur la ligne 8 (RATP) \u00e0 Cr\u00e9teil","caption":"MF 77 n\u00b0146 sur la ligne 8 (RATP) \u00e0 Cr\u00e9teil","thumb":"","tags":[],"id":4572,"height":0,"width":0},"35":{"status":"active","src":"https:\/\/www.thibxl.be\/photos\/wp-content\/uploads\/bus-308\/Bus-308-RATP-Paris-Novembre-2015-6.jpg","title":"Bus 8724 (CS-382-JY) sur la ligne 308 (RATP) \u00e0 Cr\u00e9teil","link":"http:\/\/www.thibxl.be\/photos\/wp-content\/uploads\/bus-308\/Bus-308-RATP-Paris-Novembre-2015-6.jpg","alt":"Bus 8724 (CS-382-JY) sur la ligne 308 (RATP) \u00e0 Cr\u00e9teil","caption":"Irisbus Citelis 12 n\u00b08724 (CS-382-JY) sur la ligne 308 (RATP) \u00e0 Cr\u00e9teil","thumb":"","tags":[],"id":11537,"height":0,"width":0},"81":{"status":"active","src":"https:\/\/www.thibxl.be\/photos\/wp-content\/uploads\/bus-23\/Bus-23-Veolia-Paris-Aout-2012-4.jpg","title":"Bus 3156 (BR-877-XY) sur la ligne 23 (SETRA) \u00e0 Cr\u00e9teil","link":"http:\/\/www.thibxl.be\/photos\/wp-content\/uploads\/bus-23\/Bus-23-Veolia-Paris-Aout-2012-4.jpg","alt":"Bus 3156 (BR-877-XY) sur la ligne 23 (SETRA) \u00e0 Cr\u00e9teil","caption":"Mercedes-Benz O 530 Citaro n\u00b03156 (BR-877-XY) sur la ligne 23 (SETRA) \u00e0 Cr\u00e9teil","thumb":"","tags":[],"id":12781,"height":0,"width":0},"113":{"status":"active","src":"https:\/\/www.thibxl.be\/photos\/wp-content\/uploads\/m8\/Ao\u00fbt-2012-60.jpg","title":"M\u00e9tro 106 sur la ligne 8 (RATP) \u00e0 Cr\u00e9teil","link":"http:\/\/www.thibxl.be\/photos\/wp-content\/uploads\/m8\/Ao\u00fbt-2012-60.jpg","alt":"M\u00e9tro 106 sur la ligne 8 (RATP) \u00e0 Cr\u00e9teil","caption":"MF 77 n\u00b0106 sur la ligne 8 (RATP) \u00e0 Cr\u00e9teil","thumb":"","tags":[],"id":4511,"height":0,"width":0},"55":{"status":"active","src":"https:\/\/www.thibxl.be\/photos\/wp-content\/uploads\/bus-k\/Bus-K-Paris-Aout-2012-8.jpg","title":"Bus 425 (105 DPZ 91) sur la ligne K (STRAV) \u00e0 Cr\u00e9teil","link":"http:\/\/www.thibxl.be\/photos\/wp-content\/uploads\/bus-k\/Bus-K-Paris-Aout-2012-8.jpg","alt":"Bus 425 (105 DPZ 91) sur la ligne K (STRAV) \u00e0 Cr\u00e9teil","caption":"Mercedes-Benz O 530 Citaro G n\u00b0425 (105 DPZ 91) sur la ligne K (STRAV) \u00e0 Cr\u00e9teil","thumb":"","tags":[],"id":12864,"height":0,"width":0},"143":{"status":"active","src":"https:\/\/www.thibxl.be\/photos\/wp-content\/uploads\/m8\/Ao\u00fbt-2012-66.jpg","title":"M\u00e9tro 107 sur la ligne 8 (RATP) \u00e0 Cr\u00e9teil","link":"http:\/\/www.thibxl.be\/photos\/wp-content\/uploads\/m8\/Ao\u00fbt-2012-66.jpg","alt":"M\u00e9tro 107 sur la ligne 8 (RATP) \u00e0 Cr\u00e9teil","caption":"MF 77 n\u00b0107 sur la ligne 8 (RATP) \u00e0 Cr\u00e9teil","thumb":"","tags":[],"id":4517,"height":0,"width":0},"119":{"status":"active","src":"https:\/\/www.thibxl.be\/photos\/wp-content\/uploads\/bus-23\/Bus-23-Veolia-Paris-Aout-2012-7.jpg","title":"Bus 3157 (BR-902-XY) sur la ligne 23 (SETRA) \u00e0 Cr\u00e9teil","link":"http:\/\/www.thibxl.be\/photos\/wp-content\/uploads\/bus-23\/Bus-23-Veolia-Paris-Aout-2012-7.jpg","alt":"Bus 3157 (BR-902-XY) sur la ligne 23 (SETRA) \u00e0 Cr\u00e9teil","caption":"Mercedes-Benz O 530 Citaro n\u00b03157 (BR-902-XY) sur la ligne 23 (SETRA) \u00e0 Cr\u00e9teil","thumb":"","tags":[],"id":12777,"height":0,"width":0},"120":{"status":"active","src":"https:\/\/www.thibxl.be\/photos\/wp-content\/uploads\/bus-23\/Bus-23-Veolia-Paris-Aout-2012-2.jpg","title":"Bus 3157 (BR-902-XY) sur la ligne 23 (SETRA) \u00e0 Cr\u00e9teil","link":"http:\/\/www.thibxl.be\/photos\/wp-content\/uploads\/bus-23\/Bus-23-Veolia-Paris-Aout-2012-2.jpg","alt":"Bus 3157 (BR-902-XY) sur la ligne 23 (SETRA) \u00e0 Cr\u00e9teil","caption":"Mercedes-Benz O 530 Citaro n\u00b03157 (BR-902-XY) sur la ligne 23 (SETRA) \u00e0 Cr\u00e9teil","thumb":"","tags":[],"id":12779,"height":0,"width":0},"116":{"status":"active","src":"https:\/\/www.thibxl.be\/photos\/wp-content\/uploads\/m8\/Ao\u00fbt-2012-31.jpg","title":"M\u00e9tro 143 sur la ligne 8 (RATP) \u00e0 Cr\u00e9teil","link":"http:\/\/www.thibxl.be\/photos\/wp-content\/uploads\/m8\/Ao\u00fbt-2012-31.jpg","alt":"M\u00e9tro 143 sur la ligne 8 (RATP) \u00e0 Cr\u00e9teil","caption":"MF 77 n\u00b0143 sur la ligne 8 (RATP) \u00e0 Cr\u00e9teil","thumb":"","tags":[],"id":4565,"height":0,"width":0},"5":{"status":"active","src":"https:\/\/www.thibxl.be\/photos\/wp-content\/uploads\/m8\/Ao\u00fbt-2012-4.jpg","title":"M\u00e9tro 144 sur la ligne 8 (RATP) \u00e0 Cr\u00e9teil","link":"http:\/\/www.thibxl.be\/photos\/wp-content\/uploads\/m8\/Ao\u00fbt-2012-4.jpg","alt":"M\u00e9tro 144 sur la ligne 8 (RATP) \u00e0 Cr\u00e9teil","caption":"MF 77 n\u00b0144 sur la ligne 8 (RATP) \u00e0 Cr\u00e9teil","thumb":"","tags":[],"id":4538,"height":0,"width":0},"158":{"status":"active","src":"https:\/\/www.thibxl.be\/photos\/wp-content\/uploads\/m8\/Ao\u00fbt-2012-54.jpg","title":"M\u00e9tro 126G sur la ligne 8 (RATP) \u00e0 Cr\u00e9teil","link":"http:\/\/www.thibxl.be\/photos\/wp-content\/uploads\/m8\/Ao\u00fbt-2012-54.jpg","alt":"M\u00e9tro 126G sur la ligne 8 (RATP) \u00e0 Cr\u00e9teil","caption":"MF 77 n\u00b0126G sur la ligne 8 (RATP) \u00e0 Cr\u00e9teil","thumb":"","tags":[],"id":4588,"height":0,"width":0},"6":{"status":"active","src":"https:\/\/www.thibxl.be\/photos\/wp-content\/uploads\/bus-k\/Bus-K-Paris-Aout-2012-10.jpg","title":"Bus 425 (105 DPZ 91) sur la ligne K (STRAV) \u00e0 Cr\u00e9teil","link":"http:\/\/www.thibxl.be\/photos\/wp-content\/uploads\/bus-k\/Bus-K-Paris-Aout-2012-10.jpg","alt":"Bus 425 (105 DPZ 91) sur la ligne K (STRAV) \u00e0 Cr\u00e9teil","caption":"Mercedes-Benz O 530 Citaro G n\u00b0425 (105 DPZ 91) sur la ligne K (STRAV) \u00e0 Cr\u00e9teil","thumb":"","tags":[],"id":12866,"height":0,"width":0},"97":{"status":"active","src":"https:\/\/www.thibxl.be\/photos\/wp-content\/uploads\/m8\/Ao\u00fbt-2012-36.jpg","title":"M\u00e9tro 106 sur la ligne 8 (RATP) \u00e0 Cr\u00e9teil","link":"http:\/\/www.thibxl.be\/photos\/wp-content\/uploads\/m8\/Ao\u00fbt-2012-36.jpg","alt":"M\u00e9tro 106 sur la ligne 8 (RATP) \u00e0 Cr\u00e9teil","caption":"MF 77 n\u00b0106 sur la ligne 8 (RATP) \u00e0 Cr\u00e9teil","thumb":"","tags":[],"id":4570,"height":0,"width":0},"126":{"status":"active","src":"https:\/\/www.thibxl.be\/photos\/wp-content\/uploads\/m8\/Ao\u00fbt-2012-6.jpg","title":"M\u00e9tro 124G sur la ligne 8 (RATP) \u00e0 Cr\u00e9teil","link":"http:\/\/www.thibxl.be\/photos\/wp-content\/uploads\/m8\/Ao\u00fbt-2012-6.jpg","alt":"M\u00e9tro 124G sur la ligne 8 (RATP) \u00e0 Cr\u00e9teil","caption":"MF 77 n\u00b0124G sur la ligne 8 (RATP) \u00e0 Cr\u00e9teil","thumb":"","tags":[],"id":4540,"height":0,"width":0},"103":{"status":"active","src":"https:\/\/www.thibxl.be\/photos\/wp-content\/uploads\/bus-k\/Bus-K-Paris-Aout-2012-5.jpg","title":"Bus 423 (108 DPZ 91) sur la ligne K (STRAV) \u00e0 Cr\u00e9teil","link":"http:\/\/www.thibxl.be\/photos\/wp-content\/uploads\/bus-k\/Bus-K-Paris-Aout-2012-5.jpg","alt":"Bus 423 (108 DPZ 91) sur la ligne K (STRAV) \u00e0 Cr\u00e9teil","caption":"Mercedes-Benz O 530 Citaro G n\u00b0423 (108 DPZ 91) sur la ligne K (STRAV) \u00e0 Cr\u00e9teil","thumb":"","tags":[],"id":12861,"height":0,"width":0},"139":{"status":"active","src":"https:\/\/www.thibxl.be\/photos\/wp-content\/uploads\/m8\/Ao\u00fbt-2012-2.jpg","title":"M\u00e9tro 124G sur la ligne 8 (RATP) \u00e0 Cr\u00e9teil","link":"http:\/\/www.thibxl.be\/photos\/wp-content\/uploads\/m8\/Ao\u00fbt-2012-2.jpg","alt":"M\u00e9tro 124G sur la ligne 8 (RATP) \u00e0 Cr\u00e9teil","caption":"MF 77 n\u00b0124G sur la ligne 8 (RATP) \u00e0 Cr\u00e9teil","thumb":"","tags":[],"id":4536,"height":0,"width":0},"76":{"status":"active","src":"https:\/\/www.thibxl.be\/photos\/wp-content\/uploads\/bus-181\/Bus-181-Paris-RATP-Novembre-2015-6.jpg","title":"Bus 7053 (CM-688-VS) sur la ligne 181 (RATP) \u00e0 Cr\u00e9teil","link":"http:\/\/www.thibxl.be\/photos\/wp-content\/uploads\/bus-181\/Bus-181-Paris-RATP-Novembre-2015-6.jpg","alt":"Bus 7053 (CM-688-VS) sur la ligne 181 (RATP) \u00e0 Cr\u00e9teil","caption":"Renault Agora S GNV n\u00b07053 (CM-688-VS) sur la ligne 181 (RATP) \u00e0 Cr\u00e9teil","thumb":"","tags":[],"id":3394,"height":0,"width":0},"68":{"status":"active","src":"https:\/\/www.thibxl.be\/photos\/wp-content\/uploads\/bus-317\/Bus-317-RATP-Paris-Novembre-2015-9.jpg","title":"Bus 5328 (BZ-992-KP) sur la ligne 317 (RATP) \u00e0 Cr\u00e9teil","link":"http:\/\/www.thibxl.be\/photos\/wp-content\/uploads\/bus-317\/Bus-317-RATP-Paris-Novembre-2015-9.jpg","alt":"Bus 5328 (BZ-992-KP) sur la ligne 317 (RATP) \u00e0 Cr\u00e9teil","caption":"Irisbus Citelis 12 n\u00b05328 (BZ-992-KP) sur la ligne 317 (RATP) \u00e0 Cr\u00e9teil","thumb":"","tags":[],"id":11549,"height":0,"width":0},"62":{"status":"active","src":"https:\/\/www.thibxl.be\/photos\/wp-content\/uploads\/m8\/Ao\u00fbt-2012-41.jpg","title":"M\u00e9tro 130 sur la ligne 8 (RATP) \u00e0 Cr\u00e9teil","link":"http:\/\/www.thibxl.be\/photos\/wp-content\/uploads\/m8\/Ao\u00fbt-2012-41.jpg","alt":"M\u00e9tro 130 sur la ligne 8 (RATP) \u00e0 Cr\u00e9teil","caption":"MF 77 n\u00b0130 sur la ligne 8 (RATP) \u00e0 Cr\u00e9teil","thumb":"","tags":[],"id":4575,"height":0,"width":0},"16":{"status":"active","src":"https:\/\/www.thibxl.be\/photos\/wp-content\/uploads\/bus-317\/Bus-317-RATP-Paris-Novembre-2015-2.jpg","title":"Bus 5328 (BZ-992-KP) sur la ligne 317 (RATP) \u00e0 Cr\u00e9teil","link":"http:\/\/www.thibxl.be\/photos\/wp-content\/uploads\/bus-317\/Bus-317-RATP-Paris-Novembre-2015-2.jpg","alt":"Bus 5328 (BZ-992-KP) sur la ligne 317 (RATP) \u00e0 Cr\u00e9teil","caption":"Irisbus Citelis 12 n\u00b05328 (BZ-992-KP) sur la ligne 317 (RATP) \u00e0 Cr\u00e9teil","thumb":"","tags":[],"id":11542,"height":0,"width":0},"106":{"status":"active","src":"https:\/\/www.thibxl.be\/photos\/wp-content\/uploads\/bus-117\/Bus-117-Paris-RATP-Aout-2012-7.jpg","title":"Bus 7623 (510 QBG 75) sur la ligne 117 (RATP) \u00e0 Cr\u00e9teil","link":"http:\/\/www.thibxl.be\/photos\/wp-content\/uploads\/bus-117\/Bus-117-Paris-RATP-Aout-2012-7.jpg","alt":"Bus 7623 (510 QBG 75) sur la ligne 117 (RATP) \u00e0 Cr\u00e9teil","caption":"Renault Agora S n\u00b07623 (510 QBG 75) sur la ligne 117 (RATP) \u00e0 Cr\u00e9teil","thumb":"","tags":[],"id":9244,"height":0,"width":0},"151":{"status":"active","src":"https:\/\/www.thibxl.be\/photos\/wp-content\/uploads\/m8\/Ao\u00fbt-2012-29.jpg","title":"M\u00e9tro 143 sur la ligne 8 (RATP) \u00e0 Cr\u00e9teil","link":"http:\/\/www.thibxl.be\/photos\/wp-content\/uploads\/m8\/Ao\u00fbt-2012-29.jpg","alt":"M\u00e9tro 143 sur la ligne 8 (RATP) \u00e0 Cr\u00e9teil","caption":"MF 77 n\u00b0143 sur la ligne 8 (RATP) \u00e0 Cr\u00e9teil","thumb":"","tags":[],"id":4563,"height":0,"width":0},"73":{"status":"active","src":"https:\/\/www.thibxl.be\/photos\/wp-content\/uploads\/bus-217\/Bus-217-Paris-RATP-Ao\u00fbt-2012-4.jpg","title":"Bus 7237 (770 QAM 75) sur la ligne 217 (RATP) \u00e0 Cr\u00e9teil","link":"http:\/\/www.thibxl.be\/photos\/wp-content\/uploads\/bus-217\/Bus-217-Paris-RATP-Ao\u00fbt-2012-4.jpg","alt":"Bus 7237 (770 QAM 75) sur la ligne 217 (RATP) \u00e0 Cr\u00e9teil","caption":"Renault Agora S n\u00b07237 (770 QAM 75) sur la ligne 217 (RATP) \u00e0 Cr\u00e9teil","thumb":"","tags":[],"id":3595,"height":0,"width":0},"26":{"status":"active","src":"https:\/\/www.thibxl.be\/photos\/wp-content\/uploads\/bus-23\/Bus-23-Veolia-Paris-Aout-2012-5.jpg","title":"Bus 3156 (BR-877-XY) sur la ligne 23 (SETRA) \u00e0 Cr\u00e9teil","link":"http:\/\/www.thibxl.be\/photos\/wp-content\/uploads\/bus-23\/Bus-23-Veolia-Paris-Aout-2012-5.jpg","alt":"Bus 3156 (BR-877-XY) sur la ligne 23 (SETRA) \u00e0 Cr\u00e9teil","caption":"Mercedes-Benz O 530 Citaro n\u00b03156 (BR-877-XY) sur la ligne 23 (SETRA) \u00e0 Cr\u00e9teil","thumb":"","tags":[],"id":12782,"height":0,"width":0},"29":{"status":"active","src":"https:\/\/www.thibxl.be\/photos\/wp-content\/uploads\/bus-217\/Bus-217-Paris-RATP-Novembre-2015-3.jpg","title":"Bus 7267 (865 QAZ 75) sur la ligne 217 (RATP) \u00e0 Cr\u00e9teil","link":"http:\/\/www.thibxl.be\/photos\/wp-content\/uploads\/bus-217\/Bus-217-Paris-RATP-Novembre-2015-3.jpg","alt":"Bus 7267 (865 QAZ 75) sur la ligne 217 (RATP) \u00e0 Cr\u00e9teil","caption":"Renault Agora S n\u00b07267 (865 QAZ 75) sur la ligne 217 (RATP) \u00e0 Cr\u00e9teil","thumb":"","tags":[],"id":3604,"height":0,"width":0},"98":{"status":"active","src":"https:\/\/www.thibxl.be\/photos\/wp-content\/uploads\/bus-217\/Bus-217-Paris-RATP-Ao\u00fbt-2012-2.jpg","title":"Bus 7237 (770 QAM 75) sur la ligne 217 (RATP) \u00e0 Cr\u00e9teil","link":"http:\/\/www.thibxl.be\/photos\/wp-content\/uploads\/bus-217\/Bus-217-Paris-RATP-Ao\u00fbt-2012-2.jpg","alt":"Bus 7237 (770 QAM 75) sur la ligne 217 (RATP) \u00e0 Cr\u00e9teil","caption":"Renault Agora S n\u00b07237 (770 QAM 75) sur la ligne 217 (RATP) \u00e0 Cr\u00e9teil","thumb":"","tags":[],"id":3593,"height":0,"width":0},"94":{"status":"active","src":"https:\/\/www.thibxl.be\/photos\/wp-content\/uploads\/bus-117\/Bus-117-Paris-RATP-Novembre-2015-9.jpg","title":"Bus 7630 (115 QBJ 75) sur la ligne 117 (RATP) \u00e0 Cr\u00e9teil","link":"http:\/\/www.thibxl.be\/photos\/wp-content\/uploads\/bus-117\/Bus-117-Paris-RATP-Novembre-2015-9.jpg","alt":"Bus 7630 (115 QBJ 75) sur la ligne 117 (RATP) \u00e0 Cr\u00e9teil","caption":"Renault Agora S n\u00b07630 (115 QBJ 75) sur la ligne 117 (RATP) \u00e0 Cr\u00e9teil","thumb":"","tags":[],"id":9256,"height":0,"width":0},"30":{"status":"active","src":"https:\/\/www.thibxl.be\/photos\/wp-content\/uploads\/m8\/Ao\u00fbt-2012-37.jpg","title":"M\u00e9tro 124G sur la ligne 8 (RATP) \u00e0 Cr\u00e9teil","link":"http:\/\/www.thibxl.be\/photos\/wp-content\/uploads\/m8\/Ao\u00fbt-2012-37.jpg","alt":"M\u00e9tro 124G sur la ligne 8 (RATP) \u00e0 Cr\u00e9teil","caption":"MF 77 n\u00b0124G sur la ligne 8 (RATP) \u00e0 Cr\u00e9teil","thumb":"","tags":[],"id":4571,"height":0,"width":0},"150":{"status":"active","src":"https:\/\/www.thibxl.be\/photos\/wp-content\/uploads\/bus-308\/Bus-308-RATP-Paris-Novembre-2015-1.jpg","title":"Bus 8732 (CS-745-JZ) sur la ligne 308 (RATP) \u00e0 Cr\u00e9teil","link":"http:\/\/www.thibxl.be\/photos\/wp-content\/uploads\/bus-308\/Bus-308-RATP-Paris-Novembre-2015-1.jpg","alt":"Bus 8732 (CS-745-JZ) sur la ligne 308 (RATP) \u00e0 Cr\u00e9teil","caption":"Irisbus Citelis 12 n\u00b08732 (CS-745-JZ) sur la ligne 308 (RATP) \u00e0 Cr\u00e9teil","thumb":"","tags":[],"id":11532,"height":0,"width":0},"43":{"status":"active","src":"https:\/\/www.thibxl.be\/photos\/wp-content\/uploads\/bus-k\/Bus-K-Paris-Novembre-2015-2.jpg","title":"Bus 435 (289 DVY 91) sur la ligne K (STRAV) \u00e0 Cr\u00e9teil","link":"http:\/\/www.thibxl.be\/photos\/wp-content\/uploads\/bus-k\/Bus-K-Paris-Novembre-2015-2.jpg","alt":"Bus 435 (289 DVY 91) sur la ligne K (STRAV) \u00e0 Cr\u00e9teil","caption":"Irisbus Agora L n\u00b0435 (289 DVY 91) sur la ligne K (STRAV) \u00e0 Cr\u00e9teil","thumb":"","tags":[],"id":12872,"height":0,"width":0},"2":{"status":"active","src":"https:\/\/www.thibxl.be\/photos\/wp-content\/uploads\/m8\/Ao\u00fbt-2012-52.jpg","title":"M\u00e9tro 124G sur la ligne 8 (RATP) \u00e0 Cr\u00e9teil","link":"http:\/\/www.thibxl.be\/photos\/wp-content\/uploads\/m8\/Ao\u00fbt-2012-52.jpg","alt":"M\u00e9tro 124G sur la ligne 8 (RATP) \u00e0 Cr\u00e9teil","caption":"MF 77 n\u00b0124G sur la ligne 8 (RATP) \u00e0 Cr\u00e9teil","thumb":"","tags":[],"id":4586,"height":0,"width":0},"154":{"status":"active","src":"https:\/\/www.thibxl.be\/photos\/wp-content\/uploads\/bus-117\/Bus-117-Paris-RATP-Novembre-2015-16.jpg","title":"Bus 7636 (881 QBE 75) sur la ligne 117 (RATP) \u00e0 Cr\u00e9teil","link":"http:\/\/www.thibxl.be\/photos\/wp-content\/uploads\/bus-117\/Bus-117-Paris-RATP-Novembre-2015-16.jpg","alt":"Bus 7636 (881 QBE 75) sur la ligne 117 (RATP) \u00e0 Cr\u00e9teil","caption":"Renault Agora S n\u00b07636 (881 QBE 75) sur la ligne 117 (RATP) \u00e0 Cr\u00e9teil","thumb":"","tags":[],"id":9263,"height":0,"width":0},"50":{"status":"active","src":"https:\/\/www.thibxl.be\/photos\/wp-content\/uploads\/bus-117\/Bus-117-Paris-RATP-Novembre-2015-12.jpg","title":"Bus 7636 (881 QBE 75) sur la ligne 117 (RATP) \u00e0 Cr\u00e9teil","link":"http:\/\/www.thibxl.be\/photos\/wp-content\/uploads\/bus-117\/Bus-117-Paris-RATP-Novembre-2015-12.jpg","alt":"Bus 7636 (881 QBE 75) sur la ligne 117 (RATP) \u00e0 Cr\u00e9teil","caption":"Renault Agora S n\u00b07636 (881 QBE 75) sur la ligne 117 (RATP) \u00e0 Cr\u00e9teil","thumb":"","tags":[],"id":9259,"height":0,"width":0},"32":{"status":"active","src":"https:\/\/www.thibxl.be\/photos\/wp-content\/uploads\/m8\/Ao\u00fbt-2012-65.jpg","title":"M\u00e9tro 116 sur la ligne 8 (RATP) \u00e0 Cr\u00e9teil","link":"http:\/\/www.thibxl.be\/photos\/wp-content\/uploads\/m8\/Ao\u00fbt-2012-65.jpg","alt":"M\u00e9tro 116 sur la ligne 8 (RATP) \u00e0 Cr\u00e9teil","caption":"MF 77 n\u00b0116 sur la ligne 8 (RATP) \u00e0 Cr\u00e9teil","thumb":"","tags":[],"id":4516,"height":0,"width":0},"121":{"status":"active","src":"https:\/\/www.thibxl.be\/photos\/wp-content\/uploads\/bus-317\/Bus-317-RATP-Paris-Novembre-2015-5.jpg","title":"Bus 5328 (BZ-992-KP) sur la ligne 317 (RATP) \u00e0 Cr\u00e9teil","link":"http:\/\/www.thibxl.be\/photos\/wp-content\/uploads\/bus-317\/Bus-317-RATP-Paris-Novembre-2015-5.jpg","alt":"Bus 5328 (BZ-992-KP) sur la ligne 317 (RATP) \u00e0 Cr\u00e9teil","caption":"Irisbus Citelis 12 n\u00b05328 (BZ-992-KP) sur la ligne 317 (RATP) \u00e0 Cr\u00e9teil","thumb":"","tags":[],"id":11545,"height":0,"width":0},"18":{"status":"active","src":"https:\/\/www.thibxl.be\/photos\/wp-content\/uploads\/bus-317\/Bus-317-RATP-Paris-Novembre-2015-8.jpg","title":"Bus 5334 (BZ-641-WL) sur la ligne 317 (RATP) \u00e0 Cr\u00e9teil","link":"http:\/\/www.thibxl.be\/photos\/wp-content\/uploads\/bus-317\/Bus-317-RATP-Paris-Novembre-2015-8.jpg","alt":"Bus 5334 (BZ-641-WL) sur la ligne 317 (RATP) \u00e0 Cr\u00e9teil","caption":"Irisbus Citelis 12 n\u00b05334 (BZ-641-WL) sur la ligne 317 (RATP) \u00e0 Cr\u00e9teil","thumb":"","tags":[],"id":11548,"height":0,"width":0},"102":{"status":"active","src":"https:\/\/www.thibxl.be\/photos\/wp-content\/uploads\/bus-14\/Bus-14-RATP-TVM-Paris-Novembre-2015-27.jpg","title":"Bus 4763 (CV-454-NW) sur la ligne Tvm (Trans-Val-de-Marne - RATP) \u00e0 Cr\u00e9teil","link":"http:\/\/www.thibxl.be\/photos\/wp-content\/uploads\/bus-14\/Bus-14-RATP-TVM-Paris-Novembre-2015-27.jpg","alt":"Bus 4763 (CV-454-NW) sur la ligne Tvm (Trans-Val-de-Marne - RATP) \u00e0 Cr\u00e9teil","caption":"MAN NG 283 (A23) Lion's City G n\u00b04763 (CV-454-NW) sur la ligne Tvm (Trans-Val-de-Marne - RATP) \u00e0 Cr\u00e9teil","thumb":"","tags":[],"id":12760,"height":0,"width":0},"59":{"status":"active","src":"https:\/\/www.thibxl.be\/photos\/wp-content\/uploads\/bus-14\/Bus-14-RATP-TVM-Paris-Novembre-2015-23.jpg","title":"Bus 4763 (CV-454-NW) sur la ligne Tvm (Trans-Val-de-Marne - RATP) \u00e0 Cr\u00e9teil","link":"http:\/\/www.thibxl.be\/photos\/wp-content\/uploads\/bus-14\/Bus-14-RATP-TVM-Paris-Novembre-2015-23.jpg","alt":"Bus 4763 (CV-454-NW) sur la ligne Tvm (Trans-Val-de-Marne - RATP) \u00e0 Cr\u00e9teil","caption":"MAN NG 283 (A23) Lion's City G n\u00b04763 (CV-454-NW) sur la ligne Tvm (Trans-Val-de-Marne - RATP) \u00e0 Cr\u00e9teil","thumb":"","tags":[],"id":12756,"height":0,"width":0},"105":{"status":"active","src":"https:\/\/www.thibxl.be\/photos\/wp-content\/uploads\/bus-117\/Bus-117-Paris-RATP-Aout-2012-11.jpg","title":"Bus 7636 (881 QBE 75) sur la ligne 117 (RATP) \u00e0 Cr\u00e9teil","link":"http:\/\/www.thibxl.be\/photos\/wp-content\/uploads\/bus-117\/Bus-117-Paris-RATP-Aout-2012-11.jpg","alt":"Bus 7636 (881 QBE 75) sur la ligne 117 (RATP) \u00e0 Cr\u00e9teil","caption":"Renault Agora S n\u00b07636 (881 QBE 75) sur la ligne 117 (RATP) \u00e0 Cr\u00e9teil","thumb":"","tags":[],"id":9237,"height":0,"width":0},"85":{"status":"active","src":"https:\/\/www.thibxl.be\/photos\/wp-content\/uploads\/m8\/Ao\u00fbt-2012-50.jpg","title":"M\u00e9tro 106 sur la ligne 8 (RATP) \u00e0 Cr\u00e9teil","link":"http:\/\/www.thibxl.be\/photos\/wp-content\/uploads\/m8\/Ao\u00fbt-2012-50.jpg","alt":"M\u00e9tro 106 sur la ligne 8 (RATP) \u00e0 Cr\u00e9teil","caption":"MF 77 n\u00b0106 sur la ligne 8 (RATP) \u00e0 Cr\u00e9teil","thumb":"","tags":[],"id":4584,"height":0,"width":0},"122":{"status":"active","src":"https:\/\/www.thibxl.be\/photos\/wp-content\/uploads\/bus-117\/Bus-117-Paris-RATP-Novembre-2015-17.jpg","title":"Bus 7500 (DB-942-YJ) sur la ligne 117 (RATP) \u00e0 Cr\u00e9teil","link":"http:\/\/www.thibxl.be\/photos\/wp-content\/uploads\/bus-117\/Bus-117-Paris-RATP-Novembre-2015-17.jpg","alt":"Bus 7500 (DB-942-YJ) sur la ligne 117 (RATP) \u00e0 Cr\u00e9teil","caption":"Renault Agora S n\u00b07500 (DB-942-YJ) sur la ligne 117 (RATP) \u00e0 Cr\u00e9teil","thumb":"","tags":[],"id":9264,"height":0,"width":0},"58":{"status":"active","src":"https:\/\/www.thibxl.be\/photos\/wp-content\/uploads\/bus-217\/Bus-217-Paris-RATP-Ao\u00fbt-2012-6.jpg","title":"Bus 7237 (770 QAM 75) sur la ligne 217 (RATP) \u00e0 Cr\u00e9teil","link":"http:\/\/www.thibxl.be\/photos\/wp-content\/uploads\/bus-217\/Bus-217-Paris-RATP-Ao\u00fbt-2012-6.jpg","alt":"Bus 7237 (770 QAM 75) sur la ligne 217 (RATP) \u00e0 Cr\u00e9teil","caption":"Renault Agora S n\u00b07237 (770 QAM 75) sur la ligne 217 (RATP) \u00e0 Cr\u00e9teil","thumb":"","tags":[],"id":3597,"height":0,"width":0},"0":{"status":"active","src":"https:\/\/www.thibxl.be\/photos\/wp-content\/uploads\/m8\/Ao\u00fbt-2012-28.jpg","title":"Station Cr\u00e9teil-Pr\u00e9fecture sur la ligne 8 (RATP) \u00e0 Cr\u00e9teil","link":"http:\/\/www.thibxl.be\/photos\/wp-content\/uploads\/m8\/Ao\u00fbt-2012-28.jpg","alt":"Station Cr\u00e9teil-Pr\u00e9fecture sur la ligne 8 (RATP) \u00e0 Cr\u00e9teil","caption":"Station Cr\u00e9teil-Pr\u00e9fecture sur la ligne 8 (RATP) \u00e0 Cr\u00e9teil","thumb":"","tags":[],"id":4562,"height":0,"width":0},"132":{"status":"active","src":"https:\/\/www.thibxl.be\/photos\/wp-content\/uploads\/m8\/Ao\u00fbt-2012-71.jpg","title":"M\u00e9tro 106 sur la ligne 8 (RATP) \u00e0 Cr\u00e9teil","link":"http:\/\/www.thibxl.be\/photos\/wp-content\/uploads\/m8\/Ao\u00fbt-2012-71.jpg","alt":"M\u00e9tro 106 sur la ligne 8 (RATP) \u00e0 Cr\u00e9teil","caption":"MF 77 n\u00b0106 sur la ligne 8 (RATP) \u00e0 Cr\u00e9teil","thumb":"","tags":[],"id":4522,"height":0,"width":0},"66":{"status":"active","src":"https:\/\/www.thibxl.be\/photos\/wp-content\/uploads\/bus-181\/Bus-181-Paris-RATP-Novembre-2015-7.jpg","title":"Bus 7053 (CM-688-VS) sur la ligne 181 (RATP) \u00e0 Cr\u00e9teil","link":"http:\/\/www.thibxl.be\/photos\/wp-content\/uploads\/bus-181\/Bus-181-Paris-RATP-Novembre-2015-7.jpg","alt":"Bus 7053 (CM-688-VS) sur la ligne 181 (RATP) \u00e0 Cr\u00e9teil","caption":"Renault Agora S GNV n\u00b07053 (CM-688-VS) sur la ligne 181 (RATP) \u00e0 Cr\u00e9teil","thumb":"","tags":[],"id":3395,"height":0,"width":0},"36":{"status":"active","src":"https:\/\/www.thibxl.be\/photos\/wp-content\/uploads\/bus-317\/Bus-317-RATP-Paris-Novembre-2015-6.jpg","title":"Bus 5328 (BZ-992-KP) sur la ligne 317 (RATP) \u00e0 Cr\u00e9teil","link":"http:\/\/www.thibxl.be\/photos\/wp-content\/uploads\/bus-317\/Bus-317-RATP-Paris-Novembre-2015-6.jpg","alt":"Bus 5328 (BZ-992-KP) sur la ligne 317 (RATP) \u00e0 Cr\u00e9teil","caption":"Irisbus Citelis 12 n\u00b05328 (BZ-992-KP) sur la ligne 317 (RATP) \u00e0 Cr\u00e9teil","thumb":"","tags":[],"id":11546,"height":0,"width":0},"57":{"status":"active","src":"https:\/\/www.thibxl.be\/photos\/wp-content\/uploads\/bus-117\/Bus-117-Paris-RATP-Novembre-2015-14.jpg","title":"Bus 7633 (885 QBE 75) sur la ligne 117 (RATP) \u00e0 Cr\u00e9teil","link":"http:\/\/www.thibxl.be\/photos\/wp-content\/uploads\/bus-117\/Bus-117-Paris-RATP-Novembre-2015-14.jpg","alt":"Bus 7633 (885 QBE 75) sur la ligne 117 (RATP) \u00e0 Cr\u00e9teil","caption":"Renault Agora S n\u00b07633 (885 QBE 75) sur la ligne 117 (RATP) \u00e0 Cr\u00e9teil","thumb":"","tags":[],"id":9261,"height":0,"width":0},"125":{"status":"active","src":"https:\/\/www.thibxl.be\/photos\/wp-content\/uploads\/bus-308\/Bus-308-RATP-Paris-Aout-2012-1.jpg","title":"Bus 2518 sur la ligne 308 (RATP) \u00e0 Cr\u00e9teil","link":"http:\/\/www.thibxl.be\/photos\/wp-content\/uploads\/bus-308\/Bus-308-RATP-Paris-Aout-2012-1.jpg","alt":"Bus 2518 sur la ligne 308 (RATP) \u00e0 Cr\u00e9teil","caption":"Renault Agora S n\u00b02518 sur la ligne 308 (RATP) \u00e0 Cr\u00e9teil","thumb":"","tags":[],"id":11517,"height":0,"width":0},"90":{"status":"active","src":"https:\/\/www.thibxl.be\/photos\/wp-content\/uploads\/bus-217\/Bus-217-Paris-RATP-Ao\u00fbt-2012-7.jpg","title":"Bus 7237 (770 QAM 75) sur la ligne 217 (RATP) \u00e0 Cr\u00e9teil","link":"http:\/\/www.thibxl.be\/photos\/wp-content\/uploads\/bus-217\/Bus-217-Paris-RATP-Ao\u00fbt-2012-7.jpg","alt":"Bus 7237 (770 QAM 75) sur la ligne 217 (RATP) \u00e0 Cr\u00e9teil","caption":"Renault Agora S n\u00b07237 (770 QAM 75) sur la ligne 217 (RATP) \u00e0 Cr\u00e9teil","thumb":"","tags":[],"id":3598,"height":0,"width":0},"87":{"status":"active","src":"https:\/\/www.thibxl.be\/photos\/wp-content\/uploads\/bus-181\/Bus-181-Paris-RATP-Novembre-2015-3.jpg","title":"Bus 7053 (CM-688-VS) sur la ligne 181 (RATP) \u00e0 cr\u00e9teil","link":"http:\/\/www.thibxl.be\/photos\/wp-content\/uploads\/bus-181\/Bus-181-Paris-RATP-Novembre-2015-3.jpg","alt":"Bus 7053 (CM-688-VS) sur la ligne 181 (RATP) \u00e0 cr\u00e9teil","caption":"Renault Agora S GNV n\u00b07053 (CM-688-VS) sur la ligne 181 (RATP) \u00e0 Cr\u00e9teil","thumb":"","tags":[],"id":3391,"height":0,"width":0},"24":{"status":"active","src":"https:\/\/www.thibxl.be\/photos\/wp-content\/uploads\/m8\/Ao\u00fbt-2012-80.jpg","title":"M\u00e9tro 124G sur la ligne 8 (RATP) \u00e0 Cr\u00e9teil","link":"http:\/\/www.thibxl.be\/photos\/wp-content\/uploads\/m8\/Ao\u00fbt-2012-80.jpg","alt":"M\u00e9tro 124G sur la ligne 8 (RATP) \u00e0 Cr\u00e9teil","caption":"MF 77 n\u00b0124G sur la ligne 8 (RATP) \u00e0 Cr\u00e9teil","thumb":"","tags":[],"id":4531,"height":0,"width":0},"15":{"status":"active","src":"https:\/\/www.thibxl.be\/photos\/wp-content\/uploads\/bus-117\/Bus-117-Paris-RATP-Aout-2012-10.jpg","title":"Bus 7604 (611 PZY 75) sur la ligne 117 (RATP) \u00e0 Cr\u00e9teil","link":"http:\/\/www.thibxl.be\/photos\/wp-content\/uploads\/bus-117\/Bus-117-Paris-RATP-Aout-2012-10.jpg","alt":"Bus 7604 (611 PZY 75) sur la ligne 117 (RATP) \u00e0 Cr\u00e9teil","caption":"Renault Agora S n\u00b07604 (611 PZY 75) sur la ligne 117 (RATP) \u00e0 Cr\u00e9teil","thumb":"","tags":[],"id":9247,"height":0,"width":0},"49":{"status":"active","src":"https:\/\/www.thibxl.be\/photos\/wp-content\/uploads\/bus-181\/Bus-181-Paris-RATP-Novembre-2015-8.jpg","title":"Bus 7039 (CK-581-PY) sur la ligne 181 (RATP) \u00e0 Cr\u00e9teil","link":"http:\/\/www.thibxl.be\/photos\/wp-content\/uploads\/bus-181\/Bus-181-Paris-RATP-Novembre-2015-8.jpg","alt":"Bus 7039 (CK-581-PY) sur la ligne 181 (RATP) \u00e0 Cr\u00e9teil","caption":"Irisbus Agora S GNV n\u00b07039 (CK-581-PY) sur la ligne 181 (RATP) \u00e0 Cr\u00e9teil","thumb":"","tags":[],"id":3396,"height":0,"width":0},"77":{"status":"active","src":"https:\/\/www.thibxl.be\/photos\/wp-content\/uploads\/bus-117\/Bus-117-Paris-RATP-Aout-2012-8.jpg","title":"Bus 7636 (881 QBE 75) sur la ligne 117 (RATP) \u00e0 Cr\u00e9teil","link":"http:\/\/www.thibxl.be\/photos\/wp-content\/uploads\/bus-117\/Bus-117-Paris-RATP-Aout-2012-8.jpg","alt":"Bus 7636 (881 QBE 75) sur la ligne 117 (RATP) \u00e0 Cr\u00e9teil","caption":"Renault Agora S n\u00b07636 (881 QBE 75) sur la ligne 117 (RATP) \u00e0 Cr\u00e9teil","thumb":"","tags":[],"id":9245,"height":0,"width":0},"131":{"status":"active","src":"https:\/\/www.thibxl.be\/photos\/wp-content\/uploads\/bus-117\/Bus-117-Paris-RATP-Aout-2012-6.jpg","title":"Bus 7623 (510 QBG 75) sur la ligne 117 (RATP) \u00e0 Cr\u00e9teil","link":"http:\/\/www.thibxl.be\/photos\/wp-content\/uploads\/bus-117\/Bus-117-Paris-RATP-Aout-2012-6.jpg","alt":"Bus 7623 (510 QBG 75) sur la ligne 117 (RATP) \u00e0 Cr\u00e9teil","caption":"Renault Agora S n\u00b07623 (510 QBG 75) sur la ligne 117 (RATP) \u00e0 Cr\u00e9teil","thumb":"","tags":[],"id":9243,"height":0,"width":0},"82":{"status":"active","src":"https:\/\/www.thibxl.be\/photos\/wp-content\/uploads\/bus-23\/Bus-23-Transdev-Paris-Novembre-2015-2.jpg","title":"Bus 3127 (BB-559-TF) sur la ligne 23 (SETRA) \u00e0 Cr\u00e9teil","link":"http:\/\/www.thibxl.be\/photos\/wp-content\/uploads\/bus-23\/Bus-23-Transdev-Paris-Novembre-2015-2.jpg","alt":"Bus 3127 (BB-559-TF) sur la ligne 23 (SETRA) \u00e0 Cr\u00e9teil","caption":"Heuliez GX 327 n\u00b03127 (BB-559-TF) sur la ligne 23 (SETRA) \u00e0 Cr\u00e9teil","thumb":"","tags":[],"id":12785,"height":0,"width":0},"34":{"status":"active","src":"https:\/\/www.thibxl.be\/photos\/wp-content\/uploads\/bus-217\/Bus-217-Paris-RATP-Novembre-2015-1.jpg","title":"Bus 7267 (865 QAZ 75) sur la ligne 217 (RATP) \u00e0 Cr\u00e9teil","link":"http:\/\/www.thibxl.be\/photos\/wp-content\/uploads\/bus-217\/Bus-217-Paris-RATP-Novembre-2015-1.jpg","alt":"Bus 7267 (865 QAZ 75) sur la ligne 217 (RATP) \u00e0 Cr\u00e9teil","caption":"Renault Agora S n\u00b07267 (865 QAZ 75) sur la ligne 217 (RATP) \u00e0 Cr\u00e9teil","thumb":"","tags":[],"id":3602,"height":0,"width":0},"67":{"status":"active","src":"https:\/\/www.thibxl.be\/photos\/wp-content\/uploads\/m8\/Ao\u00fbt-2012-12.jpg","title":"M\u00e9tro 016G sur la ligne 8 (RATP) \u00e0 Cr\u00e9teil","link":"http:\/\/www.thibxl.be\/photos\/wp-content\/uploads\/m8\/Ao\u00fbt-2012-12.jpg","alt":"M\u00e9tro 016G sur la ligne 8 (RATP) \u00e0 Cr\u00e9teil","caption":"MF 77 n\u00b0016G sur la ligne 8 (RATP) \u00e0 Cr\u00e9teil","thumb":"","tags":[],"id":4546,"height":0,"width":0},"25":{"status":"active","src":"https:\/\/www.thibxl.be\/photos\/wp-content\/uploads\/bus-117\/Bus-117-Paris-RATP-Aout-2012-5.jpg","title":"Bus 7623 (510 QBG 75) sur la ligne 117 (RATP) \u00e0 Cr\u00e9teil","link":"http:\/\/www.thibxl.be\/photos\/wp-content\/uploads\/bus-117\/Bus-117-Paris-RATP-Aout-2012-5.jpg","alt":"Bus 7623 (510 QBG 75) sur la ligne 117 (RATP) \u00e0 Cr\u00e9teil","caption":"Renault Agora S n\u00b07623 (510 QBG 75) sur la ligne 117 (RATP) \u00e0 Cr\u00e9teil","thumb":"","tags":[],"id":9242,"height":0,"width":0},"63":{"status":"active","src":"https:\/\/www.thibxl.be\/photos\/wp-content\/uploads\/bus-117\/Bus-117-Paris-RATP-Aout-2012-9.jpg","title":"Bus 7623 (510 QBG 75) sur la ligne 117 (RATP) \u00e0 Cr\u00e9teil","link":"http:\/\/www.thibxl.be\/photos\/wp-content\/uploads\/bus-117\/Bus-117-Paris-RATP-Aout-2012-9.jpg","alt":"Bus 7623 (510 QBG 75) sur la ligne 117 (RATP) \u00e0 Cr\u00e9teil","caption":"Renault Agora S n\u00b07623 (510 QBG 75) sur la ligne 117 (RATP) \u00e0 Cr\u00e9teil","thumb":"","tags":[],"id":9246,"height":0,"width":0},"21":{"status":"active","src":"https:\/\/www.thibxl.be\/photos\/wp-content\/uploads\/bus-281\/Bus-281-Paris-RATP-Novembre-2015-3.jpg","title":"Bus 8622 (CK-343-SE) sur la ligne 281 (RATP) \u00e0 Cr\u00e9teil","link":"http:\/\/www.thibxl.be\/photos\/wp-content\/uploads\/bus-281\/Bus-281-Paris-RATP-Novembre-2015-3.jpg","alt":"Bus 8622 (CK-343-SE) sur la ligne 281 (RATP) \u00e0 Cr\u00e9teil","caption":"Irisbus Citelis 12 n\u00b08622 (CK-343-SE) sur la ligne 281 (RATP) \u00e0 Cr\u00e9teil","thumb":"","tags":[],"id":3870,"height":0,"width":0},"42":{"status":"active","src":"https:\/\/www.thibxl.be\/photos\/wp-content\/uploads\/bus-308\/Bus-308-RATP-Paris-Novembre-2015-4.jpg","title":"Bus 8724 (CS-382-JY) sur la ligne 308 (RATP) \u00e0 Cr\u00e9teil","link":"http:\/\/www.thibxl.be\/photos\/wp-content\/uploads\/bus-308\/Bus-308-RATP-Paris-Novembre-2015-4.jpg","alt":"Bus 8724 (CS-382-JY) sur la ligne 308 (RATP) \u00e0 Cr\u00e9teil","caption":"Irisbus Citelis 12 n\u00b08724 (CS-382-JY) sur la ligne 308 (RATP) \u00e0 Cr\u00e9teil","thumb":"","tags":[],"id":11535,"height":0,"width":0},"136":{"status":"active","src":"https:\/\/www.thibxl.be\/photos\/wp-content\/uploads\/bus-181\/Bus-181-Paris-RATP-Novembre-2015-5.jpg","title":"Bus 7039 (CK-581-PY) sur la ligne 181 (RATP) \u00e0 Cr\u00e9teil","link":"http:\/\/www.thibxl.be\/photos\/wp-content\/uploads\/bus-181\/Bus-181-Paris-RATP-Novembre-2015-5.jpg","alt":"Bus 7039 (CK-581-PY) sur la ligne 181 (RATP) \u00e0 Cr\u00e9teil","caption":"Irisbus Agora S GNV n\u00b07039 (CK-581-PY) sur la ligne 181 (RATP) \u00e0 Cr\u00e9teil","thumb":"","tags":[],"id":3393,"height":0,"width":0},"75":{"status":"active","src":"https:\/\/www.thibxl.be\/photos\/wp-content\/uploads\/m8\/Ao\u00fbt-2012-72.jpg","title":"M\u00e9tro 124G sur la ligne 8 (RATP) \u00e0 Cr\u00e9teil","link":"http:\/\/www.thibxl.be\/photos\/wp-content\/uploads\/m8\/Ao\u00fbt-2012-72.jpg","alt":"M\u00e9tro 124G sur la ligne 8 (RATP) \u00e0 Cr\u00e9teil","caption":"MF 77 n\u00b0124G sur la ligne 8 (RATP) \u00e0 Cr\u00e9teil","thumb":"","tags":[],"id":4523,"height":0,"width":0},"1":{"status":"active","src":"https:\/\/www.thibxl.be\/photos\/wp-content\/uploads\/m8\/Ao\u00fbt-2012-19.jpg","title":"M\u00e9tro 128 sur la ligne 8 (RATP) \u00e0 Cr\u00e9teil","link":"http:\/\/www.thibxl.be\/photos\/wp-content\/uploads\/m8\/Ao\u00fbt-2012-19.jpg","alt":"M\u00e9tro 128 sur la ligne 8 (RATP) \u00e0 Cr\u00e9teil","caption":"MF 77 n\u00b0128 sur la ligne 8 (RATP) \u00e0 Cr\u00e9teil","thumb":"","tags":[],"id":4553,"height":0,"width":0},"45":{"status":"active","src":"https:\/\/www.thibxl.be\/photos\/wp-content\/uploads\/m8\/Ao\u00fbt-2012-46.jpg","title":"Int\u00e9rieur du MF 77 n\u00b0016G sur la ligne 8 (RATP)","link":"http:\/\/www.thibxl.be\/photos\/wp-content\/uploads\/m8\/Ao\u00fbt-2012-46.jpg","alt":"Int\u00e9rieur du MF 77 n\u00b0016G sur la ligne 8 (RATP)","caption":"Int\u00e9rieur du MF 77 n\u00b0016G sur la ligne 8 (RATP)","thumb":"","tags":[],"id":4580,"height":0,"width":0},"86":{"status":"active","src":"https:\/\/www.thibxl.be\/photos\/wp-content\/uploads\/bus-k\/Bus-K-Paris-Novembre-2015-1.jpg","title":"Bus 435 (289 DVY 91) sur la ligne K (STRAV) \u00e0 Cr\u00e9teil","link":"http:\/\/www.thibxl.be\/photos\/wp-content\/uploads\/bus-k\/Bus-K-Paris-Novembre-2015-1.jpg","alt":"Bus 435 (289 DVY 91) sur la ligne K (STRAV) \u00e0 Cr\u00e9teil","caption":"Irisbus Agora L n\u00b0435 (289 DVY 91) sur la ligne K (STRAV) \u00e0 Cr\u00e9teil","thumb":"","tags":[],"id":12871,"height":0,"width":0},"152":{"status":"active","src":"https:\/\/www.thibxl.be\/photos\/wp-content\/uploads\/bus-181\/Bus-181-Paris-RATP-Novembre-2015-2.jpg","title":"Bus 7053 (CM-688-VS) sur la ligne 181 (RATP) \u00e0 cr\u00e9teil","link":"http:\/\/www.thibxl.be\/photos\/wp-content\/uploads\/bus-181\/Bus-181-Paris-RATP-Novembre-2015-2.jpg","alt":"Bus 7053 (CM-688-VS) sur la ligne 181 (RATP) \u00e0 cr\u00e9teil","caption":"Renault Agora S GNV n\u00b07053 (CM-688-VS) sur la ligne 181 (RATP) \u00e0 Cr\u00e9teil","thumb":"","tags":[],"id":3390,"height":0,"width":0},"118":{"status":"active","src":"https:\/\/www.thibxl.be\/photos\/wp-content\/uploads\/m8\/Ao\u00fbt-2012-15.jpg","title":"M\u00e9tro 103 sur la ligne 8 (RATP) \u00e0 Cr\u00e9teil","link":"http:\/\/www.thibxl.be\/photos\/wp-content\/uploads\/m8\/Ao\u00fbt-2012-15.jpg","alt":"M\u00e9tro 103 sur la ligne 8 (RATP) \u00e0 Cr\u00e9teil","caption":"MF 77 n\u00b0103 sur la ligne 8 (RATP) \u00e0 Cr\u00e9teil","thumb":"","tags":[],"id":4549,"height":0,"width":0},"153":{"status":"active","src":"https:\/\/www.thibxl.be\/photos\/wp-content\/uploads\/bus-117\/Bus-117-Paris-RATP-Novembre-2015-5.jpg","title":"Bus 7636 (881 QBE 75) sur la ligne 117 (RATP) \u00e0 Cr\u00e9teil","link":"http:\/\/www.thibxl.be\/photos\/wp-content\/uploads\/bus-117\/Bus-117-Paris-RATP-Novembre-2015-5.jpg","alt":"Bus 7636 (881 QBE 75) sur la ligne 117 (RATP) \u00e0 Cr\u00e9teil","caption":"Renault Agora S n\u00b07636 (881 QBE 75) sur la ligne 117 (RATP) \u00e0 Cr\u00e9teil","thumb":"","tags":[],"id":9252,"height":0,"width":0},"144":{"status":"active","src":"https:\/\/www.thibxl.be\/photos\/wp-content\/uploads\/bus-k\/Bus-K-Paris-Aout-2012-9.jpg","title":"Bus 425 (105 DPZ 91) sur la ligne K (STRAV) \u00e0 Cr\u00e9teil","link":"http:\/\/www.thibxl.be\/photos\/wp-content\/uploads\/bus-k\/Bus-K-Paris-Aout-2012-9.jpg","alt":"Bus 425 (105 DPZ 91) sur la ligne K (STRAV) \u00e0 Cr\u00e9teil","caption":"Mercedes-Benz O 530 Citaro G n\u00b0425 (105 DPZ 91) sur la ligne K (STRAV) \u00e0 Cr\u00e9teil","thumb":"","tags":[],"id":12865,"height":0,"width":0},"23":{"status":"active","src":"https:\/\/www.thibxl.be\/photos\/wp-content\/uploads\/bus-181\/Bus-181-Paris-RATP-Novembre-2015-1.jpg","title":"Bus 7039 (CK-581-PY) sur la ligne 181 (RATP) \u00e0 Cr\u00e9teil","link":"http:\/\/www.thibxl.be\/photos\/wp-content\/uploads\/bus-181\/Bus-181-Paris-RATP-Novembre-2015-1.jpg","alt":"Bus 7039 (CK-581-PY) sur la ligne 181 (RATP) \u00e0 Cr\u00e9teil","caption":"Irisbus Agora S GNV n\u00b07039 (CK-581-PY) sur la ligne 181 (RATP) \u00e0 Cr\u00e9teil","thumb":"","tags":[],"id":3397,"height":0,"width":0},"44":{"status":"active","src":"https:\/\/www.thibxl.be\/photos\/wp-content\/uploads\/bus-23\/Bus-23-Veolia-Paris-Aout-2012-6.jpg","title":"Bus 3157 (BR-902-XY) sur la ligne 23 (SETRA) \u00e0 Cr\u00e9teil","link":"http:\/\/www.thibxl.be\/photos\/wp-content\/uploads\/bus-23\/Bus-23-Veolia-Paris-Aout-2012-6.jpg","alt":"Bus 3157 (BR-902-XY) sur la ligne 23 (SETRA) \u00e0 Cr\u00e9teil","caption":"Mercedes-Benz O 530 Citaro n\u00b03157 (BR-902-XY) sur la ligne 23 (SETRA) \u00e0 Cr\u00e9teil","thumb":"","tags":[],"id":12783,"height":0,"width":0},"84":{"status":"active","src":"https:\/\/www.thibxl.be\/photos\/wp-content\/uploads\/m8\/Ao\u00fbt-2012-58.jpg","title":"M\u00e9tro 123G sur la ligne 8 (RATP) \u00e0 Cr\u00e9teil","link":"http:\/\/www.thibxl.be\/photos\/wp-content\/uploads\/m8\/Ao\u00fbt-2012-58.jpg","alt":"M\u00e9tro 123G sur la ligne 8 (RATP) \u00e0 Cr\u00e9teil","caption":"MF 77 n\u00b0123G sur la ligne 8 (RATP) \u00e0 Cr\u00e9teil","thumb":"","tags":[],"id":4592,"height":0,"width":0},"27":{"status":"active","src":"https:\/\/www.thibxl.be\/photos\/wp-content\/uploads\/bus-281\/Bus-281-Paris-RATP-Novembre-2015-6.jpg","title":"Bus 8622 (CK-343-SE) sur la ligne 281 (RATP) \u00e0 Cr\u00e9teil","link":"http:\/\/www.thibxl.be\/photos\/wp-content\/uploads\/bus-281\/Bus-281-Paris-RATP-Novembre-2015-6.jpg","alt":"Bus 8622 (CK-343-SE) sur la ligne 281 (RATP) \u00e0 Cr\u00e9teil","caption":"Irisbus Citelis 12 n\u00b08622 (CK-343-SE) sur la ligne 281 (RATP) \u00e0 Cr\u00e9teil","thumb":"","tags":[],"id":3873,"height":0,"width":0},"104":{"status":"active","src":"https:\/\/www.thibxl.be\/photos\/wp-content\/uploads\/bus-117\/Bus-117-Paris-RATP-Aout-2012-3.jpg","title":"Bus 7623 (510 QBG 75) sur la ligne 117 (RATP) \u00e0 Cr\u00e9teil","link":"http:\/\/www.thibxl.be\/photos\/wp-content\/uploads\/bus-117\/Bus-117-Paris-RATP-Aout-2012-3.jpg","alt":"Bus 7623 (510 QBG 75) sur la ligne 117 (RATP) \u00e0 Cr\u00e9teil","caption":"Renault Agora S n\u00b07623 (510 QBG 75) sur la ligne 117 (RATP) \u00e0 Cr\u00e9teil","thumb":"","tags":[],"id":9240,"height":0,"width":0},"72":{"status":"active","src":"https:\/\/www.thibxl.be\/photos\/wp-content\/uploads\/bus-393\/Bus-393-RATP-Paris-Aout-2012-2.jpg","title":"Bus 1947 (BN-946-EJ) sur la ligne 393 (RATP) \u00e0 Cr\u00e9teil","link":"http:\/\/www.thibxl.be\/photos\/wp-content\/uploads\/bus-393\/Bus-393-RATP-Paris-Aout-2012-2.jpg","alt":"Bus 1947 (BN-946-EJ) sur la ligne 393 (RATP) \u00e0 Cr\u00e9teil","caption":"Irisbus Citelis 18 n\u00b01947 (BN-946-EJ) sur la ligne 393 (RATP) \u00e0 Cr\u00e9teil","thumb":"","tags":[],"id":12072,"height":0,"width":0},"108":{"status":"active","src":"https:\/\/www.thibxl.be\/photos\/wp-content\/uploads\/bus-317\/Bus-317-RATP-Paris-Novembre-2015-10.jpg","title":"Bus 5328 (BZ-992-KP) sur la ligne 317 (RATP) \u00e0 Cr\u00e9teil","link":"http:\/\/www.thibxl.be\/photos\/wp-content\/uploads\/bus-317\/Bus-317-RATP-Paris-Novembre-2015-10.jpg","alt":"Bus 5328 (BZ-992-KP) sur la ligne 317 (RATP) \u00e0 Cr\u00e9teil","caption":"Irisbus Citelis 12 n\u00b05328 (BZ-992-KP) sur la ligne 317 (RATP) \u00e0 Cr\u00e9teil","thumb":"","tags":[],"id":11550,"height":0,"width":0},"114":{"status":"active","src":"https:\/\/www.thibxl.be\/photos\/wp-content\/uploads\/m8\/Ao\u00fbt-2012-51.jpg","title":"M\u00e9tro 143 sur la ligne 8 (RATP) \u00e0 Cr\u00e9teil","link":"http:\/\/www.thibxl.be\/photos\/wp-content\/uploads\/m8\/Ao\u00fbt-2012-51.jpg","alt":"M\u00e9tro 143 sur la ligne 8 (RATP) \u00e0 Cr\u00e9teil","caption":"MF 77 n\u00b0143 sur la ligne 8 (RATP) \u00e0 Cr\u00e9teil","thumb":"","tags":[],"id":4585,"height":0,"width":0},"155":{"status":"active","src":"https:\/\/www.thibxl.be\/photos\/wp-content\/uploads\/m8\/Ao\u00fbt-2012-67.jpg","title":"Station Cr\u00e9teil-L'Echat sur la ligne 8 (RATP) \u00e0 Cr\u00e9teil","link":"http:\/\/www.thibxl.be\/photos\/wp-content\/uploads\/m8\/Ao\u00fbt-2012-67.jpg","alt":"Station Cr\u00e9teil-L'Echat sur la ligne 8 (RATP) \u00e0 Cr\u00e9teil","caption":"Station Cr\u00e9teil-L'Echat sur la ligne 8 (RATP) \u00e0 Cr\u00e9teil","thumb":"","tags":[],"id":4518,"height":0,"width":0},"130":{"status":"active","src":"https:\/\/www.thibxl.be\/photos\/wp-content\/uploads\/bus-217\/Bus-217-Paris-RATP-Ao\u00fbt-2012-8.jpg","title":"Bus 7237 (770 QAM 75) sur la ligne 217 (RATP) \u00e0 Cr\u00e9teil","link":"http:\/\/www.thibxl.be\/photos\/wp-content\/uploads\/bus-217\/Bus-217-Paris-RATP-Ao\u00fbt-2012-8.jpg","alt":"Bus 7237 (770 QAM 75) sur la ligne 217 (RATP) \u00e0 Cr\u00e9teil","caption":"Renault Agora S n\u00b07237 (770 QAM 75) sur la ligne 217 (RATP) \u00e0 Cr\u00e9teil","thumb":"","tags":[],"id":3599,"height":0,"width":0},"112":{"status":"active","src":"https:\/\/www.thibxl.be\/photos\/wp-content\/uploads\/bus-k\/Bus-K-Paris-Aout-2012-2.jpg","title":"Bus 425 (105 DPZ 91) sur la ligne K (STRAV) \u00e0 Cr\u00e9teil","link":"http:\/\/www.thibxl.be\/photos\/wp-content\/uploads\/bus-k\/Bus-K-Paris-Aout-2012-2.jpg","alt":"Bus 425 (105 DPZ 91) sur la ligne K (STRAV) \u00e0 Cr\u00e9teil","caption":"Mercedes-Benz O 530 Citaro G n\u00b0425 (105 DPZ 91) sur la ligne K (STRAV) \u00e0 Cr\u00e9teil","thumb":"","tags":[],"id":12869,"height":0,"width":0},"4":{"status":"active","src":"https:\/\/www.thibxl.be\/photos\/wp-content\/uploads\/m8\/Ao\u00fbt-2012-20.jpg","title":"M\u00e9tro 116 sur la ligne 8 (RATP) \u00e0 Cr\u00e9teil","link":"http:\/\/www.thibxl.be\/photos\/wp-content\/uploads\/m8\/Ao\u00fbt-2012-20.jpg","alt":"M\u00e9tro 116 sur la ligne 8 (RATP) \u00e0 Cr\u00e9teil","caption":"MF 77 n\u00b0116 sur la ligne 8 (RATP) \u00e0 Cr\u00e9teil","thumb":"","tags":[],"id":4554,"height":0,"width":0},"129":{"status":"active","src":"https:\/\/www.thibxl.be\/photos\/wp-content\/uploads\/m8\/Ao\u00fbt-2012-23.jpg","title":"M\u00e9tro 002 sur la ligne 8 (RATP) \u00e0 Cr\u00e9teil","link":"http:\/\/www.thibxl.be\/photos\/wp-content\/uploads\/m8\/Ao\u00fbt-2012-23.jpg","alt":"M\u00e9tro 002 sur la ligne 8 (RATP) \u00e0 Cr\u00e9teil","caption":"MF 77 n\u00b0002 sur la ligne 8 (RATP) \u00e0 Cr\u00e9teil","thumb":"","tags":[],"id":4557,"height":0,"width":0},"96":{"status":"active","src":"https:\/\/www.thibxl.be\/photos\/wp-content\/uploads\/m8\/Ao\u00fbt-2012-8.jpg","title":"M\u00e9tro 124G sur la ligne 8 (RATP) \u00e0 Cr\u00e9teil","link":"http:\/\/www.thibxl.be\/photos\/wp-content\/uploads\/m8\/Ao\u00fbt-2012-8.jpg","alt":"M\u00e9tro 124G sur la ligne 8 (RATP) \u00e0 Cr\u00e9teil","caption":"MF 77 n\u00b0124G sur la ligne 8 (RATP) \u00e0 Cr\u00e9teil","thumb":"","tags":[],"id":4542,"height":0,"width":0}},"config":{"sort_order":"1","type":"default","layout":"automatic","columns":"0","gallery_theme":"base","justified_margins":1,"justified_last_row":"nojustify","lazy_loading":1,"lazy_loading_delay":500,"gutter":0,"margin":0,"image_size":"default","square_size":false,"crop_width":640,"crop_height":480,"crop":0,"crop_position":"c","additional_copy_0":0,"additional_copy_title":0,"additional_copy_caption":0,"additional_copy_title_caption":0,"additional_copy_0_mobile":0,"additional_copy_title_mobile":0,"additional_copy_caption_mobile":0,"additional_copy_title_caption_mobile":0,"gallery_column_title_caption":"0","gallery_column_title_caption_mobile":"0","additional_copy_automatic_0":0,"additional_copy_automatic_title":0,"additional_copy_automatic_caption":0,"additional_copy_automatic_title_caption":0,"additional_copy_automatic_0_mobile":0,"additional_copy_automatic_title_mobile":0,"additional_copy_automatic_caption_mobile":0,"additional_copy_automatic_title_caption_mobile":0,"gallery_automatic_title_caption":"caption","gallery_automatic_title_caption_mobile":"0","justified_row_height":150,"description_position":"0","description":"","random":"1","sorting_direction":"ASC","image_sizes_random":[],"isotope":0,"lightbox_enabled":1,"gallery_link_enabled":1,"lightbox_theme":"base_dark","lightbox_image_size":"default","title_display":"float","lightbox_title_caption":"caption","arrows":1,"arrows_position":"inside","toolbar":0,"toolbar_title":0,"toolbar_position":"top","loop":1,"lightbox_open_close_effect":"fade","effect":"fade","supersize":0,"thumbnails_toggle":0,"thumbnails_hide":0,"image_counter":1,"thumbnails":1,"thumbnails_width":75,"thumbnails_height":50,"thumbnails_position":"bottom","thumbnails_custom_size":0,"mobile":1,"mobile_width":320,"mobile_height":240,"mobile_lightbox":1,"mobile_gallery_link_enabled":1,"mobile_arrows":1,"mobile_toolbar":1,"mobile_thumbnails":0,"mobile_touchwipe_close":0,"mobile_thumbnails_width":75,"mobile_thumbnails_height":50,"mobile_justified_row_height":80,"keyboard":true,"standalone_template":"","classes":["envira-default-gallery"],"rtl":0,"slug":"creteil","custom_css":"#envira-gallery-124 {\r\n    \/* margin-bottom: 20px; *\/\r\n    \/* font-size: 18px; *\/\r\n    \/* font-family: \"roboto\"; *\/\r\n}","deeplinking":1,"download_all":0,"download_all_position":"below","download_all_label":"Download All Images","download":0,"download_custom_name":"","download_position":"top-left","download_image_size":"default","download_force":0,"password_protection_download":false,"download_invalid_password_message":false,"download_lightbox":0,"download_lightbox_position":"top-left","download_lightbox_force":0,"native_gallery_override":0,"fullscreen":0,"open_fullscreen":0,"protection":1,"protection_popup":0,"protection_message":"","protection_title":"","protection_button_text":"","slideshow":0,"autoplay":0,"slideshow_hover":0,"ss_speed":5000,"tags":1,"tags_filter":"","tags_position":"above","tags_all_enabled":1,"tags_all":"Toutes les photos","tags_sorting":"","tags_manual_sorting":[""],"tags_display":"","tags_scroll":0,"tags_mobile":1,"tags_count":0,"title":"Cr\u00e9teil"}},"_links":{"self":[{"href":"https:\/\/www.thibxl.be\/photos\/wp-json\/wp\/v2\/envira-gallery\/14168"}],"collection":[{"href":"https:\/\/www.thibxl.be\/photos\/wp-json\/wp\/v2\/envira-gallery"}],"about":[{"href":"https:\/\/www.thibxl.be\/photos\/wp-json\/wp\/v2\/types\/envira"}],"author":[{"embeddable":true,"href":"https:\/\/www.thibxl.be\/photos\/wp-json\/wp\/v2\/users\/1"}],"wp:featuredmedia":[{"embeddable":true,"href":"https:\/\/www.thibxl.be\/photos\/wp-json\/wp\/v2\/media\/12866"}],"wp:attachment":[{"href":"https:\/\/www.thibxl.be\/photos\/wp-json\/wp\/v2\/media?parent=14168"}],"curies":[{"name":"wp","href":"https:\/\/api.w.org\/{rel}","templated":true}]}}