{"id":13733,"date":"2021-05-16T14:46:44","date_gmt":"2021-05-16T12:46:44","guid":{"rendered":"http:\/\/www.thibxl.be\/photos\/?post_type=envira&#038;p=13733"},"modified":"2021-05-16T14:46:44","modified_gmt":"2021-05-16T12:46:44","slug":"ligne-92","status":"publish","type":"envira","link":"https:\/\/www.thibxl.be\/photos\/galeries\/ligne-92\/","title":{"rendered":"Ligne 92"},"author":1,"featured_media":8450,"template":"","gallery_data":{"id":13733,"gallery":{"6":{"status":"active","src":"https:\/\/www.thibxl.be\/photos\/wp-content\/uploads\/bus-92\/Bus-92-Paris-RATP-Ao\u00fbt-2015-4.jpg","title":"Bus 8799 (DB-736-CT) sur la ligne 92 (RATP) \u00e0 Montparnasse - Bienven\u00fce (Paris)","link":"http:\/\/www.thibxl.be\/photos\/wp-content\/uploads\/bus-92\/Bus-92-Paris-RATP-Ao\u00fbt-2015-4.jpg","alt":"Bus 8799 (DB-736-CT) sur la ligne 92 (RATP) \u00e0 Montparnasse - Bienven\u00fce (Paris)","caption":"Irisbus Citelis 12 n\u00b08799 (DB-736-CT) sur la ligne 92 (RATP) \u00e0 Montparnasse - Bienven\u00fce (Paris)","thumb":"","tags":[],"id":8447,"height":0,"width":0},"2":{"status":"active","src":"https:\/\/www.thibxl.be\/photos\/wp-content\/uploads\/bus-92\/Bus-92-Paris-RATP-Juillet-2015-15.jpg","title":"Bus 8792 (DA-344-JF) sur la ligne 92 (RATP) \u00e0 Charles de Gaulle - \u00c9toile (Paris)","link":"http:\/\/www.thibxl.be\/photos\/wp-content\/uploads\/bus-92\/Bus-92-Paris-RATP-Juillet-2015-15.jpg","alt":"Bus 8792 (DA-344-JF) sur la ligne 92 (RATP) \u00e0 Charles de Gaulle - \u00c9toile (Paris)","caption":"Irisbus Citelis 12 n\u00b08792 (DA-344-JF) sur la ligne 92 (RATP) \u00e0 Charles de Gaulle - \u00c9toile (Paris)","thumb":"","tags":[],"id":8437,"height":0,"width":0},"3":{"status":"active","src":"https:\/\/www.thibxl.be\/photos\/wp-content\/uploads\/bus-92\/Bus-92-Paris-RATP-Juillet-2013-3.jpg","title":"Bus 2890 (CG-039-VW) sur la ligne 92 (RATP) \u00e0 Alma-Marceau (Paris)","link":"http:\/\/www.thibxl.be\/photos\/wp-content\/uploads\/bus-92\/Bus-92-Paris-RATP-Juillet-2013-3.jpg","alt":"Bus 2890 (CG-039-VW) sur la ligne 92 (RATP) \u00e0 Alma-Marceau (Paris)","caption":"Renault Agora S n\u00b02890 (CG-039-VW) sur la ligne 92 (RATP) \u00e0 Alma-Marceau (Paris)","thumb":"","tags":[],"id":8404,"height":0,"width":0},"33":{"status":"active","src":"https:\/\/www.thibxl.be\/photos\/wp-content\/uploads\/bus-92\/Bus-92-Paris-RATP-Juillet-2013-15.jpg","title":"Bus 2882 (CC-655-ZN) sur la ligne 92 (RATP) \u00e0 Pont de l'Alma (Paris)","link":"http:\/\/www.thibxl.be\/photos\/wp-content\/uploads\/bus-92\/Bus-92-Paris-RATP-Juillet-2013-15.jpg","alt":"Bus 2882 (CC-655-ZN) sur la ligne 92 (RATP) \u00e0 Pont de l'Alma (Paris)","caption":"Renault Agora S n\u00b02882 (CC-655-ZN) sur la ligne 92 (RATP) \u00e0 Pont de l'Alma (Paris)","thumb":"","tags":[],"id":8416,"height":0,"width":0},"15":{"status":"active","src":"https:\/\/www.thibxl.be\/photos\/wp-content\/uploads\/bus-92\/Bus-92-Paris-RATP-D\u00e9cembre-2010-5.jpg","title":"Bus 2878 sur la ligne 92 (RATP) \u00e0 Porte de Champerret (Paris)","link":"http:\/\/www.thibxl.be\/photos\/wp-content\/uploads\/bus-92\/Bus-92-Paris-RATP-D\u00e9cembre-2010-5.jpg","alt":"Bus 2878 sur la ligne 92 (RATP) \u00e0 Porte de Champerret (Paris)","caption":"Renault Agora S n\u00b02878 sur la ligne 92 (RATP) \u00e0 Porte de Champerret (Paris)","thumb":"","tags":[],"id":8388,"height":0,"width":0},"65":{"status":"active","src":"https:\/\/www.thibxl.be\/photos\/wp-content\/uploads\/bus-92\/Bus-92-Paris-RATP-Juillet-2015-1.jpg","title":"Bus 8791 (DA-338-XY) sur la ligne 92 (RATP) \u00e0 Ternes (Paris)","link":"http:\/\/www.thibxl.be\/photos\/wp-content\/uploads\/bus-92\/Bus-92-Paris-RATP-Juillet-2015-1.jpg","alt":"Bus 8791 (DA-338-XY) sur la ligne 92 (RATP) \u00e0 Ternes (Paris)","caption":"Irisbus Citelis 12 n\u00b08791 (DA-338-XY) sur la ligne 92 (RATP) \u00e0 Ternes (Paris)","thumb":"","tags":[],"id":8443,"height":0,"width":0},"28":{"status":"active","src":"https:\/\/www.thibxl.be\/photos\/wp-content\/uploads\/bus-92\/Bus-92-Paris-RATP-Ao\u00fbt-2015-5.jpg","title":"Bus 8799 (DB-736-CT) sur la ligne 92 (RATP) \u00e0 Montparnasse - Bienven\u00fce (Paris)","link":"http:\/\/www.thibxl.be\/photos\/wp-content\/uploads\/bus-92\/Bus-92-Paris-RATP-Ao\u00fbt-2015-5.jpg","alt":"Bus 8799 (DB-736-CT) sur la ligne 92 (RATP) \u00e0 Montparnasse - Bienven\u00fce (Paris)","caption":"Irisbus Citelis 12 n\u00b08799 (DB-736-CT) sur la ligne 92 (RATP) \u00e0 Montparnasse - Bienven\u00fce (Paris)","thumb":"","tags":[],"id":8448,"height":0,"width":0},"39":{"status":"active","src":"https:\/\/www.thibxl.be\/photos\/wp-content\/uploads\/bus-92\/Bus-92-Paris-RATP-Mars-2012-3.jpg","title":"Bus 2877 sur la ligne 92 (RATP) \u00e0 Pereire (Paris)","link":"http:\/\/www.thibxl.be\/photos\/wp-content\/uploads\/bus-92\/Bus-92-Paris-RATP-Mars-2012-3.jpg","alt":"Bus 2877 sur la ligne 92 (RATP) \u00e0 Pereire (Paris)","caption":"Renault Agora S n\u00b02877 sur la ligne 92 (RATP) \u00e0 Pereire (Paris)","thumb":"","tags":[],"id":8395,"height":0,"width":0},"46":{"status":"active","src":"https:\/\/www.thibxl.be\/photos\/wp-content\/uploads\/bus-92\/Bus-92-Paris-RATP-Mars-2012-8.jpg","title":"Bus 2882 sur la ligne 92 (RATP) \u00e0 Pereire (Paris)","link":"http:\/\/www.thibxl.be\/photos\/wp-content\/uploads\/bus-92\/Bus-92-Paris-RATP-Mars-2012-8.jpg","alt":"Bus 2882 sur la ligne 92 (RATP) \u00e0 Pereire (Paris)","caption":"Renault Agora S n\u00b02882 sur la ligne 92 (RATP) \u00e0 Pereire (Paris)","thumb":"","tags":[],"id":8400,"height":0,"width":0},"4":{"status":"active","src":"https:\/\/www.thibxl.be\/photos\/wp-content\/uploads\/bus-92\/Bus-92-Paris-RATP-Ao\u00fbt-2015-7.jpg","title":"Bus 8802 (DB-912-HC) sur la ligne 92 (RATP) \u00e0 Charles de Gaulle - \u00c9toile (Paris)","link":"http:\/\/www.thibxl.be\/photos\/wp-content\/uploads\/bus-92\/Bus-92-Paris-RATP-Ao\u00fbt-2015-7.jpg","alt":"Bus 8802 (DB-912-HC) sur la ligne 92 (RATP) \u00e0 Charles de Gaulle - \u00c9toile (Paris)","caption":"Irisbus Citelis 12 n\u00b08802 (DB-912-HC) sur la ligne 92 (RATP) \u00e0 Charles de Gaulle - \u00c9toile (Paris)","thumb":"","tags":[],"id":8450,"height":0,"width":0},"16":{"status":"active","src":"https:\/\/www.thibxl.be\/photos\/wp-content\/uploads\/bus-92\/Bus-92-Paris-RATP-Juillet-2015-13.jpg","title":"Bus 8803 (DB-829-JT) sur la ligne 92 (RATP) \u00e0 Ternes (Paris)","link":"http:\/\/www.thibxl.be\/photos\/wp-content\/uploads\/bus-92\/Bus-92-Paris-RATP-Juillet-2015-13.jpg","alt":"Bus 8803 (DB-829-JT) sur la ligne 92 (RATP) \u00e0 Ternes (Paris)","caption":"Irisbus Citelis 12 n\u00b08803 (DB-829-JT) sur la ligne 92 (RATP) \u00e0 Ternes (Paris)","thumb":"","tags":[],"id":8435,"height":0,"width":0},"1":{"status":"active","src":"https:\/\/www.thibxl.be\/photos\/wp-content\/uploads\/bus-92\/Bus-92-Paris-RATP-Juillet-2015-18.jpg","title":"Bus 8792 (DA-344-JF) sur la ligne 92 (RATP) \u00e0 Charles de Gaulle - \u00c9toile (Paris)","link":"http:\/\/www.thibxl.be\/photos\/wp-content\/uploads\/bus-92\/Bus-92-Paris-RATP-Juillet-2015-18.jpg","alt":"Bus 8792 (DA-344-JF) sur la ligne 92 (RATP) \u00e0 Charles de Gaulle - \u00c9toile (Paris)","caption":"Irisbus Citelis 12 n\u00b08792 (DA-344-JF) sur la ligne 92 (RATP) \u00e0 Charles de Gaulle - \u00c9toile (Paris)","thumb":"","tags":[],"id":8440,"height":0,"width":0},"29":{"status":"active","src":"https:\/\/www.thibxl.be\/photos\/wp-content\/uploads\/bus-92\/Bus-92-Paris-RATP-Juillet-2015-9.jpg","title":"Bus 8783 (CZ-347-QK) sur la ligne 92 (RATP) \u00e0 Ternes (Paris)","link":"http:\/\/www.thibxl.be\/photos\/wp-content\/uploads\/bus-92\/Bus-92-Paris-RATP-Juillet-2015-9.jpg","alt":"Bus 8783 (CZ-347-QK) sur la ligne 92 (RATP) \u00e0 Ternes (Paris)","caption":"Irisbus Citelis 12 n\u00b08783 (CZ-347-QK) sur la ligne 92 (RATP) \u00e0 Ternes (Paris)","thumb":"","tags":[],"id":8431,"height":0,"width":0},"12":{"status":"active","src":"https:\/\/www.thibxl.be\/photos\/wp-content\/uploads\/bus-92\/Bus-92-Paris-RATP-Juillet-2013-21.jpg","title":"Bus 2870 (CG-124-TA) sur la ligne 92 (RATP) \u00e0 Charles de Gaulle - \u00c9toile (Paris)","link":"http:\/\/www.thibxl.be\/photos\/wp-content\/uploads\/bus-92\/Bus-92-Paris-RATP-Juillet-2013-21.jpg","alt":"Bus 2870 (CG-124-TA) sur la ligne 92 (RATP) \u00e0 Charles de Gaulle - \u00c9toile (Paris)","caption":"Renault Agora S n\u00b02870 (CG-124-TA) sur la ligne 92 (RATP) \u00e0 Charles de Gaulle - \u00c9toile (Paris)","thumb":"","tags":[],"id":8422,"height":0,"width":0},"64":{"status":"active","src":"https:\/\/www.thibxl.be\/photos\/wp-content\/uploads\/bus-92\/Bus-92-Paris-RATP-D\u00e9cembre-2010-3.jpg","title":"Bus 2888 sur la ligne 92 (RATP) \u00e0 Porte de Champerret (Paris)","link":"http:\/\/www.thibxl.be\/photos\/wp-content\/uploads\/bus-92\/Bus-92-Paris-RATP-D\u00e9cembre-2010-3.jpg","alt":"Bus 2888 sur la ligne 92 (RATP) \u00e0 Porte de Champerret (Paris)","caption":"Renault Agora S n\u00b02888 sur la ligne 92 (RATP) \u00e0 Porte de Champerret (Paris)","thumb":"","tags":[],"id":8386,"height":0,"width":0},"42":{"status":"active","src":"https:\/\/www.thibxl.be\/photos\/wp-content\/uploads\/bus-92\/Bus-92-Paris-RATP-Juillet-2015-12.jpg","title":"Bus 8783 (CZ-347-QK) sur la ligne 92 (RATP) \u00e0 Pereire (Paris)","link":"http:\/\/www.thibxl.be\/photos\/wp-content\/uploads\/bus-92\/Bus-92-Paris-RATP-Juillet-2015-12.jpg","alt":"Bus 8783 (CZ-347-QK) sur la ligne 92 (RATP) \u00e0 Pereire (Paris)","caption":"Irisbus Citelis 12 n\u00b08783 (CZ-347-QK) sur la ligne 92 (RATP) \u00e0 Pereire (Paris)","thumb":"","tags":[],"id":8434,"height":0,"width":0},"59":{"status":"active","src":"https:\/\/www.thibxl.be\/photos\/wp-content\/uploads\/bus-92\/Bus-92-Paris-RATP-Mars-2012-5.jpg","title":"Bus 2888 sur la ligne 92 (RATP) \u00e0 Charles de Gaulle - \u00c9toile (Paris)","link":"http:\/\/www.thibxl.be\/photos\/wp-content\/uploads\/bus-92\/Bus-92-Paris-RATP-Mars-2012-5.jpg","alt":"Bus 2888 sur la ligne 92 (RATP) \u00e0 Charles de Gaulle - \u00c9toile (Paris)","caption":"Renault Agora S n\u00b02888 sur la ligne 92 (RATP) \u00e0 Charles de Gaulle - \u00c9toile (Paris)","thumb":"","tags":[],"id":8397,"height":0,"width":0},"32":{"status":"active","src":"https:\/\/www.thibxl.be\/photos\/wp-content\/uploads\/bus-92\/Bus-92-Paris-RATP-Ao\u00fbt-2015-6.jpg","title":"Bus 8801 (DB-927-GP) sur la ligne 92 (RATP) \u00e0 Montparnasse - Bienven\u00fce (Paris)","link":"http:\/\/www.thibxl.be\/photos\/wp-content\/uploads\/bus-92\/Bus-92-Paris-RATP-Ao\u00fbt-2015-6.jpg","alt":"Bus 8801 (DB-927-GP) sur la ligne 92 (RATP) \u00e0 Montparnasse - Bienven\u00fce (Paris)","caption":"Irisbus Citelis 12 n\u00b08801 (DB-927-GP) sur la ligne 92 (RATP) \u00e0 Montparnasse - Bienven\u00fce (Paris)","thumb":"","tags":[],"id":8449,"height":0,"width":0},"49":{"status":"active","src":"https:\/\/www.thibxl.be\/photos\/wp-content\/uploads\/bus-92\/Bus-92-Paris-RATP-Juillet-2015-6.jpg","title":"Bus 8794 (DB-420-KH) sur la ligne 92 (RATP) \u00e0 Charles de Gaulle - \u00c9toile (Paris)","link":"http:\/\/www.thibxl.be\/photos\/wp-content\/uploads\/bus-92\/Bus-92-Paris-RATP-Juillet-2015-6.jpg","alt":"Bus 8794 (DB-420-KH) sur la ligne 92 (RATP) \u00e0 Charles de Gaulle - \u00c9toile (Paris)","caption":"Irisbus Citelis 12 n\u00b08794 (DB-420-KH) sur la ligne 92 (RATP) \u00e0 Charles de Gaulle - \u00c9toile (Paris)","thumb":"","tags":[],"id":8428,"height":0,"width":0},"9":{"status":"active","src":"https:\/\/www.thibxl.be\/photos\/wp-content\/uploads\/bus-92\/Bus-92-Paris-RATP-Juillet-2013-11.jpg","title":"Bus 2890 (CG-039-VW) sur la ligne 92 (RATP) \u00e0 Alma-Marceau (Paris)","link":"http:\/\/www.thibxl.be\/photos\/wp-content\/uploads\/bus-92\/Bus-92-Paris-RATP-Juillet-2013-11.jpg","alt":"Bus 2890 (CG-039-VW) sur la ligne 92 (RATP) \u00e0 Alma-Marceau (Paris)","caption":"Renault Agora S n\u00b02890 (CG-039-VW) sur la ligne 92 (RATP) \u00e0 Alma-Marceau (Paris)","thumb":"","tags":[],"id":8412,"height":0,"width":0},"19":{"status":"active","src":"https:\/\/www.thibxl.be\/photos\/wp-content\/uploads\/bus-92\/Bus-92-Paris-RATP-Juillet-2013-2.jpg","title":"Bus 7347 (BX-500-SK) sur la ligne 92 (RATP) \u00e0 Alma-Marceau (Paris)","link":"http:\/\/www.thibxl.be\/photos\/wp-content\/uploads\/bus-92\/Bus-92-Paris-RATP-Juillet-2013-2.jpg","alt":"Bus 7347 (BX-500-SK) sur la ligne 92 (RATP) \u00e0 Alma-Marceau (Paris)","caption":"Renault Agora S n\u00b07347 (BX-500-SK) sur la ligne 92 (RATP) \u00e0 Alma-Marceau (Paris)","thumb":"","tags":[],"id":8403,"height":0,"width":0},"69":{"status":"active","src":"https:\/\/www.thibxl.be\/photos\/wp-content\/uploads\/bus-92\/Bus-92-Paris-RATP-Janvier-2011-3.jpg","title":"Bus 2872 sur la ligne 92 (RATP) \u00e0 Montparnasse - Bienven\u00fce (Paris)","link":"http:\/\/www.thibxl.be\/photos\/wp-content\/uploads\/bus-92\/Bus-92-Paris-RATP-Janvier-2011-3.jpg","alt":"Bus 2872 sur la ligne 92 (RATP) \u00e0 Montparnasse - Bienven\u00fce (Paris)","caption":"Renault Agora S n\u00b02872 sur la ligne 92 (RATP) \u00e0 Montparnasse - Bienven\u00fce (Paris)","thumb":"","tags":[],"id":8391,"height":0,"width":0},"8":{"status":"active","src":"https:\/\/www.thibxl.be\/photos\/wp-content\/uploads\/bus-92\/Bus-92-Paris-RATP-Juillet-2013-19.jpg","title":"Bus 2870 (CG-124-TA) sur la ligne 92 (RATP) \u00e0 Charles de Gaulle - \u00c9toile (Paris)","link":"http:\/\/www.thibxl.be\/photos\/wp-content\/uploads\/bus-92\/Bus-92-Paris-RATP-Juillet-2013-19.jpg","alt":"Bus 2870 (CG-124-TA) sur la ligne 92 (RATP) \u00e0 Charles de Gaulle - \u00c9toile (Paris)","caption":"Renault Agora S n\u00b02870 (CG-124-TA) sur la ligne 92 (RATP) \u00e0 Charles de Gaulle - \u00c9toile (Paris)","thumb":"","tags":[],"id":8420,"height":0,"width":0},"48":{"status":"active","src":"https:\/\/www.thibxl.be\/photos\/wp-content\/uploads\/bus-92\/Bus-92-Paris-RATP-Juillet-2013-16.jpg","title":"Bus 2890 (CG-039-VW) sur la ligne 92 (RATP) \u00e0 Alma-Marceau (Paris)","link":"http:\/\/www.thibxl.be\/photos\/wp-content\/uploads\/bus-92\/Bus-92-Paris-RATP-Juillet-2013-16.jpg","alt":"Bus 2890 (CG-039-VW) sur la ligne 92 (RATP) \u00e0 Alma-Marceau (Paris)","caption":"Renault Agora S n\u00b02890 (CG-039-VW) sur la ligne 92 (RATP) \u00e0 Alma-Marceau (Paris)","thumb":"","tags":[],"id":8417,"height":0,"width":0},"18":{"status":"active","src":"https:\/\/www.thibxl.be\/photos\/wp-content\/uploads\/bus-92\/Bus-92-Paris-RATP-Juillet-2013-18.jpg","title":"Bus 2881 (CC-617-ZN) sur la ligne 92 (RATP) \u00e0 Charles de Gaulle - \u00c9toile (Paris)","link":"http:\/\/www.thibxl.be\/photos\/wp-content\/uploads\/bus-92\/Bus-92-Paris-RATP-Juillet-2013-18.jpg","alt":"Bus 2881 (CC-617-ZN) sur la ligne 92 (RATP) \u00e0 Charles de Gaulle - \u00c9toile (Paris)","caption":"Renault Agora S n\u00b02881 (CC-617-ZN) sur la ligne 92 (RATP) \u00e0 Charles de Gaulle - \u00c9toile (Paris)","thumb":"","tags":[],"id":8419,"height":0,"width":0},"17":{"status":"active","src":"https:\/\/www.thibxl.be\/photos\/wp-content\/uploads\/bus-92\/Bus-92-Paris-RATP-Ao\u00fbt-2015-10.jpg","title":"Bus 8797 (DB-447-CT) sur la ligne 92 (RATP) \u00e0 Montparnasse - Bienven\u00fce (Paris)","link":"http:\/\/www.thibxl.be\/photos\/wp-content\/uploads\/bus-92\/Bus-92-Paris-RATP-Ao\u00fbt-2015-10.jpg","alt":"Bus 8797 (DB-447-CT) sur la ligne 92 (RATP) \u00e0 Montparnasse - Bienven\u00fce (Paris)","caption":"Irisbus Citelis 12 n\u00b08797 (DB-447-CT) sur la ligne 92 (RATP) \u00e0 Montparnasse - Bienven\u00fce (Paris)","thumb":"","tags":[],"id":8453,"height":0,"width":0},"21":{"status":"active","src":"https:\/\/www.thibxl.be\/photos\/wp-content\/uploads\/bus-92\/Bus-92-Paris-RATP-Ao\u00fbt-2015-9.jpg","title":"Bus 8799 (DB-736-CT) sur la ligne 92 (RATP) \u00e0 Montparnasse - Bienven\u00fce (Paris)","link":"http:\/\/www.thibxl.be\/photos\/wp-content\/uploads\/bus-92\/Bus-92-Paris-RATP-Ao\u00fbt-2015-9.jpg","alt":"Bus 8799 (DB-736-CT) sur la ligne 92 (RATP) \u00e0 Montparnasse - Bienven\u00fce (Paris)","caption":"Irisbus Citelis 12 n\u00b08799 (DB-736-CT) sur la ligne 92 (RATP) \u00e0 Montparnasse - Bienven\u00fce (Paris)","thumb":"","tags":[],"id":8452,"height":0,"width":0},"50":{"status":"active","src":"https:\/\/www.thibxl.be\/photos\/wp-content\/uploads\/bus-92\/Bus-92-Paris-RATP-Juillet-2015-4.jpg","title":"Bus 8783 (CZ-347-QK) sur la ligne 92 (RATP) \u00e0 Pereire (Paris)","link":"http:\/\/www.thibxl.be\/photos\/wp-content\/uploads\/bus-92\/Bus-92-Paris-RATP-Juillet-2015-4.jpg","alt":"Bus 8783 (CZ-347-QK) sur la ligne 92 (RATP) \u00e0 Pereire (Paris)","caption":"Irisbus Citelis 12 n\u00b08783 (CZ-347-QK) sur la ligne 92 (RATP) \u00e0 Pereire (Paris)","thumb":"","tags":[],"id":8426,"height":0,"width":0},"61":{"status":"active","src":"https:\/\/www.thibxl.be\/photos\/wp-content\/uploads\/bus-92\/Bus-92-Paris-RATP-Juillet-2013-4.jpg","title":"Bus 2871 (CG-112-TA) sur la ligne 92 (RATP) \u00e0 Charles de Gaulle - \u00c9toile (Paris)","link":"http:\/\/www.thibxl.be\/photos\/wp-content\/uploads\/bus-92\/Bus-92-Paris-RATP-Juillet-2013-4.jpg","alt":"Bus 2871 (CG-112-TA) sur la ligne 92 (RATP) \u00e0 Charles de Gaulle - \u00c9toile (Paris)","caption":"Renault Agora S n\u00b02871 (CG-112-TA) sur la ligne 92 (RATP) \u00e0 Charles de Gaulle - \u00c9toile (Paris)","thumb":"","tags":[],"id":8405,"height":0,"width":0},"58":{"status":"active","src":"https:\/\/www.thibxl.be\/photos\/wp-content\/uploads\/bus-92\/Bus-92-Paris-RATP-Juillet-2013-14.jpg","title":"Bus 2871 (CG-112-TA) sur la ligne 92 (RATP) \u00e0 Charles de Gaulle - \u00c9toile (Paris)","link":"http:\/\/www.thibxl.be\/photos\/wp-content\/uploads\/bus-92\/Bus-92-Paris-RATP-Juillet-2013-14.jpg","alt":"Bus 2871 (CG-112-TA) sur la ligne 92 (RATP) \u00e0 Charles de Gaulle - \u00c9toile (Paris)","caption":"Renault Agora S n\u00b02871 (CG-112-TA) sur la ligne 92 (RATP) \u00e0 Charles de Gaulle - \u00c9toile (Paris)","thumb":"","tags":[],"id":8415,"height":0,"width":0},"68":{"status":"active","src":"https:\/\/www.thibxl.be\/photos\/wp-content\/uploads\/bus-92\/Bus-92-Paris-RATP-Juillet-2013-5.jpg","title":"Bus 2871 (CG-112-TA) sur la ligne 92 (RATP) \u00e0 Charles de Gaulle - \u00c9toile (Paris)","link":"http:\/\/www.thibxl.be\/photos\/wp-content\/uploads\/bus-92\/Bus-92-Paris-RATP-Juillet-2013-5.jpg","alt":"Bus 2871 (CG-112-TA) sur la ligne 92 (RATP) \u00e0 Charles de Gaulle - \u00c9toile (Paris)","caption":"Renault Agora S n\u00b02871 (CG-112-TA) sur la ligne 92 (RATP) \u00e0 Charles de Gaulle - \u00c9toile (Paris)","thumb":"","tags":[],"id":8406,"height":0,"width":0},"52":{"status":"active","src":"https:\/\/www.thibxl.be\/photos\/wp-content\/uploads\/bus-92\/Bus-92-Paris-RATP-Juillet-2013-10.jpg","title":"Bus 2882 (CC-655-ZN) sur la ligne 92 (RATP) \u00e0 Pont de l'Alma (Paris)","link":"http:\/\/www.thibxl.be\/photos\/wp-content\/uploads\/bus-92\/Bus-92-Paris-RATP-Juillet-2013-10.jpg","alt":"Bus 2882 (CC-655-ZN) sur la ligne 92 (RATP) \u00e0 Pont de l'Alma (Paris)","caption":"Renault Agora S n\u00b02882 (CC-655-ZN) sur la ligne 92 (RATP) \u00e0 Pont de l'Alma (Paris)","thumb":"","tags":[],"id":8411,"height":0,"width":0},"26":{"status":"active","src":"https:\/\/www.thibxl.be\/photos\/wp-content\/uploads\/bus-92\/Bus-92-Paris-RATP-Juillet-2015-11.jpg","title":"Bus 8783 (CZ-347-QK) sur la ligne 92 (RATP) \u00e0 Pereire (Paris)","link":"http:\/\/www.thibxl.be\/photos\/wp-content\/uploads\/bus-92\/Bus-92-Paris-RATP-Juillet-2015-11.jpg","alt":"Bus 8783 (CZ-347-QK) sur la ligne 92 (RATP) \u00e0 Pereire (Paris)","caption":"Irisbus Citelis 12 n\u00b08783 (CZ-347-QK) sur la ligne 92 (RATP) \u00e0 Pereire (Paris)","thumb":"","tags":[],"id":8433,"height":0,"width":0},"37":{"status":"active","src":"https:\/\/www.thibxl.be\/photos\/wp-content\/uploads\/bus-92\/Bus-92-Paris-RATP-Ao\u00fbt-2015-3.jpg","title":"Bus 8801 (DB-927-GP) sur la ligne 92 (RATP) \u00e0 Montparnasse - Bienven\u00fce (Paris)","link":"http:\/\/www.thibxl.be\/photos\/wp-content\/uploads\/bus-92\/Bus-92-Paris-RATP-Ao\u00fbt-2015-3.jpg","alt":"Bus 8801 (DB-927-GP) sur la ligne 92 (RATP) \u00e0 Montparnasse - Bienven\u00fce (Paris)","caption":"Irisbus Citelis 12 n\u00b08801 (DB-927-GP) sur la ligne 92 (RATP) \u00e0 Montparnasse - Bienven\u00fce (Paris)","thumb":"","tags":[],"id":8446,"height":0,"width":0},"25":{"status":"active","src":"https:\/\/www.thibxl.be\/photos\/wp-content\/uploads\/bus-92\/Bus-92-Paris-RATP-Juillet-2013-1.jpg","title":"Bus 2890 (CG-039-VW) sur la ligne 92 (RATP) \u00e0 Alma-Marceau (Paris)","link":"http:\/\/www.thibxl.be\/photos\/wp-content\/uploads\/bus-92\/Bus-92-Paris-RATP-Juillet-2013-1.jpg","alt":"Bus 2890 (CG-039-VW) sur la ligne 92 (RATP) \u00e0 Alma-Marceau (Paris)","caption":"Renault Agora S n\u00b02890 (CG-039-VW) sur la ligne 92 (RATP) \u00e0 Alma-Marceau (Paris)","thumb":"","tags":[],"id":8402,"height":0,"width":0},"40":{"status":"active","src":"https:\/\/www.thibxl.be\/photos\/wp-content\/uploads\/bus-92\/Bus-92-Paris-RATP-Juillet-2013-22.jpg","title":"Bus 7347 (BX-500-SK) sur la ligne 92 (RATP) \u00e0 Alma-Marceau (Paris)","link":"http:\/\/www.thibxl.be\/photos\/wp-content\/uploads\/bus-92\/Bus-92-Paris-RATP-Juillet-2013-22.jpg","alt":"Bus 7347 (BX-500-SK) sur la ligne 92 (RATP) \u00e0 Alma-Marceau (Paris)","caption":"Renault Agora S n\u00b07347 (BX-500-SK) sur la ligne 92 (RATP) \u00e0 Alma-Marceau (Paris)","thumb":"","tags":[],"id":8423,"height":0,"width":0},"53":{"status":"active","src":"https:\/\/www.thibxl.be\/photos\/wp-content\/uploads\/bus-92\/Bus-92-Paris-RATP-Mars-2012-6.jpg","title":"Bus 2874 sur la ligne 92 (RATP) \u00e0 Porte de Champerret (Paris)","link":"http:\/\/www.thibxl.be\/photos\/wp-content\/uploads\/bus-92\/Bus-92-Paris-RATP-Mars-2012-6.jpg","alt":"Bus 2874 sur la ligne 92 (RATP) \u00e0 Porte de Champerret (Paris)","caption":"Renault Agora S n\u00b02874 sur la ligne 92 (RATP) \u00e0 Porte de Champerret (Paris)","thumb":"","tags":[],"id":8398,"height":0,"width":0},"23":{"status":"active","src":"https:\/\/www.thibxl.be\/photos\/wp-content\/uploads\/bus-92\/Bus-92-Paris-RATP-Ao\u00fbt-2015-2.jpg","title":"Bus 8801 (DB-927-GP) sur la ligne 92 (RATP) \u00e0 Montparnasse - Bienven\u00fce (Paris)","link":"http:\/\/www.thibxl.be\/photos\/wp-content\/uploads\/bus-92\/Bus-92-Paris-RATP-Ao\u00fbt-2015-2.jpg","alt":"Bus 8801 (DB-927-GP) sur la ligne 92 (RATP) \u00e0 Montparnasse - Bienven\u00fce (Paris)","caption":"Irisbus Citelis 12 n\u00b08801 (DB-927-GP) sur la ligne 92 (RATP) \u00e0 Montparnasse - Bienven\u00fce (Paris)","thumb":"","tags":[],"id":8445,"height":0,"width":0},"63":{"status":"active","src":"https:\/\/www.thibxl.be\/photos\/wp-content\/uploads\/bus-92\/Bus-92-Paris-RATP-Mars-2012-7.jpg","title":"Bus 2874 sur la ligne 92 (RATP) \u00e0 Porte de Champerret (Paris)","link":"http:\/\/www.thibxl.be\/photos\/wp-content\/uploads\/bus-92\/Bus-92-Paris-RATP-Mars-2012-7.jpg","alt":"Bus 2874 sur la ligne 92 (RATP) \u00e0 Porte de Champerret (Paris)","caption":"Renault Agora S n\u00b02874 sur la ligne 92 (RATP) \u00e0 Porte de Champerret (Paris)","thumb":"","tags":[],"id":8399,"height":0,"width":0},"43":{"status":"active","src":"https:\/\/www.thibxl.be\/photos\/wp-content\/uploads\/bus-92\/Bus-92-Paris-RATP-Juillet-2013-13.jpg","title":"Bus 2870 (CG-124-TA) sur la ligne 92 (RATP) \u00e0 Charles de Gaulle - \u00c9toile (Paris)","link":"http:\/\/www.thibxl.be\/photos\/wp-content\/uploads\/bus-92\/Bus-92-Paris-RATP-Juillet-2013-13.jpg","alt":"Bus 2870 (CG-124-TA) sur la ligne 92 (RATP) \u00e0 Charles de Gaulle - \u00c9toile (Paris)","caption":"Renault Agora S n\u00b02870 (CG-124-TA) sur la ligne 92 (RATP) \u00e0 Charles de Gaulle - \u00c9toile (Paris)","thumb":"","tags":[],"id":8414,"height":0,"width":0},"44":{"status":"active","src":"https:\/\/www.thibxl.be\/photos\/wp-content\/uploads\/bus-92\/Bus-92-Paris-RATP-Juillet-2013-6.jpg","title":"Bus 2882 (CC-655-ZN) sur la ligne 92 (RATP) \u00e0 Pont de l'Alma (Paris)","link":"http:\/\/www.thibxl.be\/photos\/wp-content\/uploads\/bus-92\/Bus-92-Paris-RATP-Juillet-2013-6.jpg","alt":"Bus 2882 (CC-655-ZN) sur la ligne 92 (RATP) \u00e0 Pont de l'Alma (Paris)","caption":"Renault Agora S n\u00b02882 (CC-655-ZN) sur la ligne 92 (RATP) \u00e0 Pont de l'Alma (Paris)","thumb":"","tags":[],"id":8407,"height":0,"width":0},"20":{"status":"active","src":"https:\/\/www.thibxl.be\/photos\/wp-content\/uploads\/bus-92\/Bus-92-Paris-RATP-Ao\u00fbt-2015-8.jpg","title":"Bus 8797 (DB-447-CT) sur la ligne 92 (RATP) \u00e0 Montparnasse - Bienven\u00fce (Paris)","link":"http:\/\/www.thibxl.be\/photos\/wp-content\/uploads\/bus-92\/Bus-92-Paris-RATP-Ao\u00fbt-2015-8.jpg","alt":"Bus 8797 (DB-447-CT) sur la ligne 92 (RATP) \u00e0 Montparnasse - Bienven\u00fce (Paris)","caption":"Irisbus Citelis 12 n\u00b08797 (DB-447-CT) sur la ligne 92 (RATP) \u00e0 Montparnasse - Bienven\u00fce (Paris)","thumb":"","tags":[],"id":8451,"height":0,"width":0},"45":{"status":"active","src":"https:\/\/www.thibxl.be\/photos\/wp-content\/uploads\/bus-92\/Bus-92-Paris-RATP-D\u00e9cembre-2010-2.jpg","title":"Bus 2878 sur la ligne 92 (RATP) \u00e0 Pereire (Paris)","link":"http:\/\/www.thibxl.be\/photos\/wp-content\/uploads\/bus-92\/Bus-92-Paris-RATP-D\u00e9cembre-2010-2.jpg","alt":"Bus 2878 sur la ligne 92 (RATP) \u00e0 Pereire (Paris)","caption":"Renault Agora S n\u00b02878 sur la ligne 92 (RATP) \u00e0 Pereire (Paris)","thumb":"","tags":[],"id":8385,"height":0,"width":0},"66":{"status":"active","src":"https:\/\/www.thibxl.be\/photos\/wp-content\/uploads\/bus-92\/Bus-92-Paris-RATP-Juillet-2015-3.jpg","title":"Bus 8783 (CZ-347-QK) sur la ligne 92 (RATP) \u00e0 Porte de Champerret (Paris)","link":"http:\/\/www.thibxl.be\/photos\/wp-content\/uploads\/bus-92\/Bus-92-Paris-RATP-Juillet-2015-3.jpg","alt":"Bus 8783 (CZ-347-QK) sur la ligne 92 (RATP) \u00e0 Porte de Champerret (Paris)","caption":"Irisbus Citelis 12 n\u00b08783 (CZ-347-QK) sur la ligne 92 (RATP) \u00e0 Porte de Champerret (Paris)","thumb":"","tags":[],"id":8425,"height":0,"width":0},"22":{"status":"active","src":"https:\/\/www.thibxl.be\/photos\/wp-content\/uploads\/bus-92\/Bus-92-Paris-RATP-Juillet-2015-8.jpg","title":"Bus 8802 (DB-912-HC) sur la ligne 92 (RATP) \u00e0 Charles de Gaulle - \u00c9toile (Paris)","link":"http:\/\/www.thibxl.be\/photos\/wp-content\/uploads\/bus-92\/Bus-92-Paris-RATP-Juillet-2015-8.jpg","alt":"Bus 8802 (DB-912-HC) sur la ligne 92 (RATP) \u00e0 Charles de Gaulle - \u00c9toile (Paris)","caption":"Irisbus Citelis 12 n\u00b08802 (DB-912-HC) sur la ligne 92 (RATP) \u00e0 Charles de Gaulle - \u00c9toile (Paris)","thumb":"","tags":[],"id":8430,"height":0,"width":0},"36":{"status":"active","src":"https:\/\/www.thibxl.be\/photos\/wp-content\/uploads\/bus-92\/Bus-92-Paris-RATP-Juillet-2015-2.jpg","title":"Bus 8794 (DB-420-KH) sur la ligne 92 (RATP) \u00e0 Charles de Gaulle - \u00c9toile (Paris)","link":"http:\/\/www.thibxl.be\/photos\/wp-content\/uploads\/bus-92\/Bus-92-Paris-RATP-Juillet-2015-2.jpg","alt":"Bus 8794 (DB-420-KH) sur la ligne 92 (RATP) \u00e0 Charles de Gaulle - \u00c9toile (Paris)","caption":"Irisbus Citelis 12 n\u00b08794 (DB-420-KH) sur la ligne 92 (RATP) \u00e0 Charles de Gaulle - \u00c9toile (Paris)","thumb":"","tags":[],"id":8424,"height":0,"width":0},"30":{"status":"active","src":"https:\/\/www.thibxl.be\/photos\/wp-content\/uploads\/bus-92\/Bus-92-Paris-RATP-Juillet-2015-7.jpg","title":"Bus 8783 (CZ-347-QK) sur la ligne 92 (RATP) \u00e0 Porte de Champerret (Paris)","link":"http:\/\/www.thibxl.be\/photos\/wp-content\/uploads\/bus-92\/Bus-92-Paris-RATP-Juillet-2015-7.jpg","alt":"Bus 8783 (CZ-347-QK) sur la ligne 92 (RATP) \u00e0 Porte de Champerret (Paris)","caption":"Irisbus Citelis 12 n\u00b08783 (CZ-347-QK) sur la ligne 92 (RATP) \u00e0 Porte de Champerret (Paris)","thumb":"","tags":[],"id":8429,"height":0,"width":0},"56":{"status":"active","src":"https:\/\/www.thibxl.be\/photos\/wp-content\/uploads\/bus-92\/Bus-92-Paris-RATP-Juillet-2015-20.jpg","title":"Bus 8800 (DA-646-ZK) sur la ligne 92 (RATP) \u00e0 Charles de Gaulle - \u00c9toile (Paris)","link":"http:\/\/www.thibxl.be\/photos\/wp-content\/uploads\/bus-92\/Bus-92-Paris-RATP-Juillet-2015-20.jpg","alt":"Bus 8800 (DA-646-ZK) sur la ligne 92 (RATP) \u00e0 Charles de Gaulle - \u00c9toile (Paris)","caption":"Irisbus Citelis 12 n\u00b08800 (DA-646-ZK) sur la ligne 92 (RATP) \u00e0 Charles de Gaulle - \u00c9toile (Paris)","thumb":"","tags":[],"id":8442,"height":0,"width":0},"57":{"status":"active","src":"https:\/\/www.thibxl.be\/photos\/wp-content\/uploads\/bus-92\/Bus-92-Paris-RATP-Juillet-2015-10.jpg","title":"Bus 8800 (DA-646-ZK) sur la ligne 92 (RATP) \u00e0 Pereire (Paris)","link":"http:\/\/www.thibxl.be\/photos\/wp-content\/uploads\/bus-92\/Bus-92-Paris-RATP-Juillet-2015-10.jpg","alt":"Bus 8800 (DA-646-ZK) sur la ligne 92 (RATP) \u00e0 Pereire (Paris)","caption":"Irisbus Citelis 12 n\u00b08800 (DA-646-ZK) sur la ligne 92 (RATP) \u00e0 Pereire (Paris)","thumb":"","tags":[],"id":8432,"height":0,"width":0},"67":{"status":"active","src":"https:\/\/www.thibxl.be\/photos\/wp-content\/uploads\/bus-92\/Bus-92-Paris-RATP-Juillet-2015-5.jpg","title":"Bus 8791 (DA-338-XY) sur la ligne 92 (RATP) \u00e0 Ternes (Paris)","link":"http:\/\/www.thibxl.be\/photos\/wp-content\/uploads\/bus-92\/Bus-92-Paris-RATP-Juillet-2015-5.jpg","alt":"Bus 8791 (DA-338-XY) sur la ligne 92 (RATP) \u00e0 Ternes (Paris)","caption":"Irisbus Citelis 12 n\u00b08791 (DA-338-XY) sur la ligne 92 (RATP) \u00e0 Ternes (Paris)","thumb":"","tags":[],"id":8427,"height":0,"width":0},"31":{"status":"active","src":"https:\/\/www.thibxl.be\/photos\/wp-content\/uploads\/bus-92\/Bus-92-Paris-RATP-D\u00e9cembre-2010-4.jpg","title":"Bus 2870 sur la ligne 92 (RATP) \u00e0 Pereire (Paris)","link":"http:\/\/www.thibxl.be\/photos\/wp-content\/uploads\/bus-92\/Bus-92-Paris-RATP-D\u00e9cembre-2010-4.jpg","alt":"Bus 2870 sur la ligne 92 (RATP) \u00e0 Pereire (Paris)","caption":"Renault Agora S n\u00b02870 sur la ligne 92 (RATP) \u00e0 Pereire (Paris)","thumb":"","tags":[],"id":8387,"height":0,"width":0},"41":{"status":"active","src":"https:\/\/www.thibxl.be\/photos\/wp-content\/uploads\/bus-92\/Bus-92-Paris-RATP-Mars-2012-9.jpg","title":"Bus 2876 sur la ligne 92 (RATP) \u00e0 Charles de Gaulle - \u00c9toile (Paris)","link":"http:\/\/www.thibxl.be\/photos\/wp-content\/uploads\/bus-92\/Bus-92-Paris-RATP-Mars-2012-9.jpg","alt":"Bus 2876 sur la ligne 92 (RATP) \u00e0 Charles de Gaulle - \u00c9toile (Paris)","caption":"Renault Agora S n\u00b02876 sur la ligne 92 (RATP) \u00e0 Charles de Gaulle - \u00c9toile (Paris)","thumb":"","tags":[],"id":8401,"height":0,"width":0},"14":{"status":"active","src":"https:\/\/www.thibxl.be\/photos\/wp-content\/uploads\/bus-92\/Bus-92-Paris-RATP-Mars-2012-4.jpg","title":"Bus 2874 sur la ligne 92 (RATP) \u00e0 Porte de Champerret (Paris)","link":"http:\/\/www.thibxl.be\/photos\/wp-content\/uploads\/bus-92\/Bus-92-Paris-RATP-Mars-2012-4.jpg","alt":"Bus 2874 sur la ligne 92 (RATP) \u00e0 Porte de Champerret (Paris)","caption":"Renault Agora S n\u00b02874 sur la ligne 92 (RATP) \u00e0 Porte de Champerret (Paris)","thumb":"","tags":[],"id":8396,"height":0,"width":0},"11":{"status":"active","src":"https:\/\/www.thibxl.be\/photos\/wp-content\/uploads\/bus-92\/Bus-92-Paris-RATP-Mars-2012-2.jpg","title":"Bus 2886 sur la ligne 92 (RATP) \u00e0 Charles de Gaulle - \u00c9toile (Paris)","link":"http:\/\/www.thibxl.be\/photos\/wp-content\/uploads\/bus-92\/Bus-92-Paris-RATP-Mars-2012-2.jpg","alt":"Bus 2886 sur la ligne 92 (RATP) \u00e0 Charles de Gaulle - \u00c9toile (Paris)","caption":"Renault Agora S n\u00b02886 sur la ligne 92 (RATP) \u00e0 Charles de Gaulle - \u00c9toile (Paris)","thumb":"","tags":[],"id":8394,"height":0,"width":0},"47":{"status":"active","src":"https:\/\/www.thibxl.be\/photos\/wp-content\/uploads\/bus-92\/Bus-92-Paris-RATP-Ao\u00fbt-2015-11.jpg","title":"Bus 8801 (DB-927-GP) sur la ligne 92 (RATP) \u00e0 Montparnasse - Bienven\u00fce (Paris)","link":"http:\/\/www.thibxl.be\/photos\/wp-content\/uploads\/bus-92\/Bus-92-Paris-RATP-Ao\u00fbt-2015-11.jpg","alt":"Bus 8801 (DB-927-GP) sur la ligne 92 (RATP) \u00e0 Montparnasse - Bienven\u00fce (Paris)","caption":"Irisbus Citelis 12 n\u00b08801 (DB-927-GP) sur la ligne 92 (RATP) \u00e0 Montparnasse - Bienven\u00fce (Paris)","thumb":"","tags":[],"id":8454,"height":0,"width":0},"51":{"status":"active","src":"https:\/\/www.thibxl.be\/photos\/wp-content\/uploads\/bus-92\/Bus-92-Paris-RATP-Juillet-2015-16.jpg","title":"Bus 8802 (DB-912-HC) sur la ligne 92 (RATP) \u00e0 Charles de Gaulle - \u00c9toile (Paris)","link":"http:\/\/www.thibxl.be\/photos\/wp-content\/uploads\/bus-92\/Bus-92-Paris-RATP-Juillet-2015-16.jpg","alt":"Bus 8802 (DB-912-HC) sur la ligne 92 (RATP) \u00e0 Charles de Gaulle - \u00c9toile (Paris)","caption":"Irisbus Citelis 12 n\u00b08802 (DB-912-HC) sur la ligne 92 (RATP) \u00e0 Charles de Gaulle - \u00c9toile (Paris)","thumb":"","tags":[],"id":8438,"height":0,"width":0},"27":{"status":"active","src":"https:\/\/www.thibxl.be\/photos\/wp-content\/uploads\/bus-92\/Bus-92-Paris-RATP-Juillet-2015-14.jpg","title":"Bus 8783 (CZ-347-QK) sur la ligne 92 (RATP) \u00e0 Ternes (Paris)","link":"http:\/\/www.thibxl.be\/photos\/wp-content\/uploads\/bus-92\/Bus-92-Paris-RATP-Juillet-2015-14.jpg","alt":"Bus 8783 (CZ-347-QK) sur la ligne 92 (RATP) \u00e0 Ternes (Paris)","caption":"Irisbus Citelis 12 n\u00b08783 (CZ-347-QK) sur la ligne 92 (RATP) \u00e0 Ternes (Paris)","thumb":"","tags":[],"id":8436,"height":0,"width":0},"60":{"status":"active","src":"https:\/\/www.thibxl.be\/photos\/wp-content\/uploads\/bus-92\/Bus-92-Paris-RATP-D\u00e9cembre-2010-1.jpg","title":"Bus 2870 sur la ligne 92 (RATP) \u00e0 Pereire (Paris)","link":"http:\/\/www.thibxl.be\/photos\/wp-content\/uploads\/bus-92\/Bus-92-Paris-RATP-D\u00e9cembre-2010-1.jpg","alt":"Bus 2870 sur la ligne 92 (RATP) \u00e0 Pereire (Paris)","caption":"Renault Agora S n\u00b02870 sur la ligne 92 (RATP) \u00e0 Pereire (Paris)","thumb":"","tags":[],"id":8384,"height":0,"width":0},"0":{"status":"active","src":"https:\/\/www.thibxl.be\/photos\/wp-content\/uploads\/bus-92\/Bus-92-Paris-RATP-Janvier-2011-4.jpg","title":"Bus 2878 et 2885 sur la ligne 92 (RATP) \u00e0 Montparnasse - Bienven\u00fce (Paris)","link":"http:\/\/www.thibxl.be\/photos\/wp-content\/uploads\/bus-92\/Bus-92-Paris-RATP-Janvier-2011-4.jpg","alt":"Bus 2878 et 2885 sur la ligne 92 (RATP) \u00e0 Montparnasse - Bienven\u00fce (Paris)","caption":"Renault Agora S n\u00b02878 et n\u00b02885 sur la ligne 92 (RATP) \u00e0 Montparnasse - Bienven\u00fce (Paris)","thumb":"","tags":[],"id":8392,"height":0,"width":0},"34":{"status":"active","src":"https:\/\/www.thibxl.be\/photos\/wp-content\/uploads\/bus-92\/Bus-92-Paris-RATP-Ao\u00fbt-2015-1.jpg","title":"Bus 8799 (DB-736-CT) sur la ligne 92 (RATP) \u00e0 Montparnasse - Bienven\u00fce (Paris)","link":"http:\/\/www.thibxl.be\/photos\/wp-content\/uploads\/bus-92\/Bus-92-Paris-RATP-Ao\u00fbt-2015-1.jpg","alt":"Bus 8799 (DB-736-CT) sur la ligne 92 (RATP) \u00e0 Montparnasse - Bienven\u00fce (Paris)","caption":"Irisbus Citelis 12 n\u00b08799 (DB-736-CT) sur la ligne 92 (RATP) \u00e0 Montparnasse - Bienven\u00fce (Paris)","thumb":"","tags":[],"id":8444,"height":0,"width":0},"13":{"status":"active","src":"https:\/\/www.thibxl.be\/photos\/wp-content\/uploads\/bus-92\/Bus-92-Paris-RATP-Juillet-2013-7.jpg","title":"Bus 2875 (CG-079-TA) sur la ligne 92 (RATP) \u00e0 Alma-Marceau (Paris)","link":"http:\/\/www.thibxl.be\/photos\/wp-content\/uploads\/bus-92\/Bus-92-Paris-RATP-Juillet-2013-7.jpg","alt":"Bus 2875 (CG-079-TA) sur la ligne 92 (RATP) \u00e0 Alma-Marceau (Paris)","caption":"Renault Agora S n\u00b02875 (CG-079-TA) sur la ligne 92 (RATP) \u00e0 Alma-Marceau (Paris)","thumb":"","tags":[],"id":8408,"height":0,"width":0},"10":{"status":"active","src":"https:\/\/www.thibxl.be\/photos\/wp-content\/uploads\/bus-92\/Bus-92-Paris-RATP-Octobre-2015.jpg","title":"Bus 8795 (DA-072-FR) sur la ligne 92 (RATP) \u00e0 \u00c9cole Militaire (Paris)","link":"http:\/\/www.thibxl.be\/photos\/wp-content\/uploads\/bus-92\/Bus-92-Paris-RATP-Octobre-2015.jpg","alt":"Bus 8795 (DA-072-FR) sur la ligne 92 (RATP) \u00e0 \u00c9cole Militaire (Paris)","caption":"Irisbus Citelis 12 n\u00b08795 (DA-072-FR) sur la ligne 92 (RATP) \u00e0 \u00c9cole Militaire (Paris)","thumb":"","tags":[],"id":8455,"height":0,"width":0},"71":{"status":"active","src":"https:\/\/www.thibxl.be\/photos\/wp-content\/uploads\/bus-92\/Bus-92-Paris-RATP-Juillet-2015-17.jpg","title":"Bus 8783 (CZ-347-QK) sur la ligne 92 (RATP) \u00e0 Pereire (Paris)","link":"http:\/\/www.thibxl.be\/photos\/wp-content\/uploads\/bus-92\/Bus-92-Paris-RATP-Juillet-2015-17.jpg","alt":"Bus 8783 (CZ-347-QK) sur la ligne 92 (RATP) \u00e0 Pereire (Paris)","caption":"Irisbus Citelis 12 n\u00b08783 (CZ-347-QK) sur la ligne 92 (RATP) \u00e0 Pereire (Paris)","thumb":"","tags":[],"id":8439,"height":0,"width":0},"35":{"status":"active","src":"https:\/\/www.thibxl.be\/photos\/wp-content\/uploads\/bus-92\/Bus-92-Paris-RATP-Juillet-2013-17.jpg","title":"Bus 2890 (CG-039-VW) sur la ligne 92 (RATP) \u00e0 Alma-Marceau (Paris)","link":"http:\/\/www.thibxl.be\/photos\/wp-content\/uploads\/bus-92\/Bus-92-Paris-RATP-Juillet-2013-17.jpg","alt":"Bus 2890 (CG-039-VW) sur la ligne 92 (RATP) \u00e0 Alma-Marceau (Paris)","caption":"Renault Agora S n\u00b02890 (CG-039-VW) sur la ligne 92 (RATP) \u00e0 Alma-Marceau (Paris)","thumb":"","tags":[],"id":8418,"height":0,"width":0},"54":{"status":"active","src":"https:\/\/www.thibxl.be\/photos\/wp-content\/uploads\/bus-92\/Bus-92-Paris-RATP-Juillet-2013-8.jpg","title":"Bus 2881 (CC-617-ZN) sur la ligne 92 (RATP) \u00e0 Charles de Gaulle - \u00c9toile (Paris)","link":"http:\/\/www.thibxl.be\/photos\/wp-content\/uploads\/bus-92\/Bus-92-Paris-RATP-Juillet-2013-8.jpg","alt":"Bus 2881 (CC-617-ZN) sur la ligne 92 (RATP) \u00e0 Charles de Gaulle - \u00c9toile (Paris)","caption":"Renault Agora S n\u00b02881 (CC-617-ZN) sur la ligne 92 (RATP) \u00e0 Charles de Gaulle - \u00c9toile (Paris)","thumb":"","tags":[],"id":8409,"height":0,"width":0},"55":{"status":"active","src":"https:\/\/www.thibxl.be\/photos\/wp-content\/uploads\/bus-92\/Bus-92-Paris-RATP-Juillet-2013-12.jpg","title":"Bus 2875 (CG-079-TA) sur la ligne 92 (RATP) \u00e0 Alma-Marceau (Paris)","link":"http:\/\/www.thibxl.be\/photos\/wp-content\/uploads\/bus-92\/Bus-92-Paris-RATP-Juillet-2013-12.jpg","alt":"Bus 2875 (CG-079-TA) sur la ligne 92 (RATP) \u00e0 Alma-Marceau (Paris)","caption":"Renault Agora S n\u00b02875 (CG-079-TA) sur la ligne 92 (RATP) \u00e0 Alma-Marceau (Paris)","thumb":"","tags":[],"id":8413,"height":0,"width":0},"24":{"status":"active","src":"https:\/\/www.thibxl.be\/photos\/wp-content\/uploads\/bus-92\/Bus-92-Paris-RATP-Juillet-2015-19.jpg","title":"Bus 8800 (DA-646-ZK) sur la ligne 92 (RATP) \u00e0 Charles de Gaulle - \u00c9toile (Paris)","link":"http:\/\/www.thibxl.be\/photos\/wp-content\/uploads\/bus-92\/Bus-92-Paris-RATP-Juillet-2015-19.jpg","alt":"Bus 8800 (DA-646-ZK) sur la ligne 92 (RATP) \u00e0 Charles de Gaulle - \u00c9toile (Paris)","caption":"Irisbus Citelis 12 n\u00b08800 (DA-646-ZK) sur la ligne 92 (RATP) \u00e0 Charles de Gaulle - \u00c9toile (Paris)","thumb":"","tags":[],"id":8441,"height":0,"width":0},"62":{"status":"active","src":"https:\/\/www.thibxl.be\/photos\/wp-content\/uploads\/bus-92\/Bus-92-Paris-RATP-Juillet-2013-20.jpg","title":"Bus 7347 (BX-500-SK) sur la ligne 92 (RATP) \u00e0 Alma-Marceau (Paris)","link":"http:\/\/www.thibxl.be\/photos\/wp-content\/uploads\/bus-92\/Bus-92-Paris-RATP-Juillet-2013-20.jpg","alt":"Bus 7347 (BX-500-SK) sur la ligne 92 (RATP) \u00e0 Alma-Marceau (Paris)","caption":"Renault Agora S n\u00b07347 (BX-500-SK) sur la ligne 92 (RATP) \u00e0 Alma-Marceau (Paris)","thumb":"","tags":[],"id":8421,"height":0,"width":0},"7":{"status":"active","src":"https:\/\/www.thibxl.be\/photos\/wp-content\/uploads\/bus-92\/Bus-92-Paris-RATP-Mars-2012-1.jpg","title":"Bus 2886 sur la ligne 92 (RATP) \u00e0 Charles de Gaulle - \u00c9toile (Paris)","link":"http:\/\/www.thibxl.be\/photos\/wp-content\/uploads\/bus-92\/Bus-92-Paris-RATP-Mars-2012-1.jpg","alt":"Bus 2886 sur la ligne 92 (RATP) \u00e0 Charles de Gaulle - \u00c9toile (Paris)","caption":"Renault Agora S n\u00b02886 sur la ligne 92 (RATP) \u00e0 Charles de Gaulle - \u00c9toile (Paris)","thumb":"","tags":[],"id":8393,"height":0,"width":0},"70":{"status":"active","src":"https:\/\/www.thibxl.be\/photos\/wp-content\/uploads\/bus-92\/Bus-92-Paris-RATP-Janvier-2011-1.jpg","title":"Bus 2878 sur la ligne 92 (RATP) \u00e0 Montparnasse - Bienven\u00fce (Paris)","link":"http:\/\/www.thibxl.be\/photos\/wp-content\/uploads\/bus-92\/Bus-92-Paris-RATP-Janvier-2011-1.jpg","alt":"Bus 2878 sur la ligne 92 (RATP) \u00e0 Montparnasse - Bienven\u00fce (Paris)","caption":"Renault Agora S n\u00b02878 sur la ligne 92 (RATP) \u00e0 Montparnasse - Bienven\u00fce (Paris)","thumb":"","tags":[],"id":8389,"height":0,"width":0},"5":{"status":"active","src":"https:\/\/www.thibxl.be\/photos\/wp-content\/uploads\/bus-92\/Bus-92-Paris-RATP-Janvier-2011-2.jpg","title":"Bus 2878, 2872 et 2885 sur la ligne 92 (RATP) \u00e0 Montparnasse - Bienven\u00fce (Paris)","link":"http:\/\/www.thibxl.be\/photos\/wp-content\/uploads\/bus-92\/Bus-92-Paris-RATP-Janvier-2011-2.jpg","alt":"Bus 2878, 2872 et 2885 sur la ligne 92 (RATP) \u00e0 Montparnasse - Bienven\u00fce (Paris)","caption":"Renault Agora S n\u00b02878, n\u00b02872 et n\u00b02885 sur la ligne 92 (RATP) \u00e0 Montparnasse - Bienven\u00fce (Paris)","thumb":"","tags":[],"id":8390,"height":0,"width":0},"38":{"status":"active","src":"https:\/\/www.thibxl.be\/photos\/wp-content\/uploads\/bus-92\/Bus-92-Paris-RATP-Juillet-2013-9.jpg","title":"Bus 7347 (BX-500-SK) sur la ligne 92 (RATP) \u00e0 Alma-Marceau (Paris)","link":"http:\/\/www.thibxl.be\/photos\/wp-content\/uploads\/bus-92\/Bus-92-Paris-RATP-Juillet-2013-9.jpg","alt":"Bus 7347 (BX-500-SK) sur la ligne 92 (RATP) \u00e0 Alma-Marceau (Paris)","caption":"Renault Agora S n\u00b07347 (BX-500-SK) sur la ligne 92 (RATP) \u00e0 Alma-Marceau (Paris)","thumb":"","tags":[],"id":8410,"height":0,"width":0}},"config":{"sort_order":"1","type":"default","layout":"automatic","columns":"0","gallery_theme":"base","justified_margins":1,"justified_last_row":"nojustify","lazy_loading":1,"lazy_loading_delay":500,"gutter":0,"margin":0,"image_size":"default","square_size":false,"crop_width":640,"crop_height":480,"crop":0,"crop_position":"c","additional_copy_0":0,"additional_copy_title":0,"additional_copy_caption":0,"additional_copy_title_caption":0,"additional_copy_0_mobile":0,"additional_copy_title_mobile":0,"additional_copy_caption_mobile":0,"additional_copy_title_caption_mobile":0,"gallery_column_title_caption":"0","gallery_column_title_caption_mobile":"0","additional_copy_automatic_0":0,"additional_copy_automatic_title":0,"additional_copy_automatic_caption":0,"additional_copy_automatic_title_caption":0,"additional_copy_automatic_0_mobile":0,"additional_copy_automatic_title_mobile":0,"additional_copy_automatic_caption_mobile":0,"additional_copy_automatic_title_caption_mobile":0,"gallery_automatic_title_caption":"caption","gallery_automatic_title_caption_mobile":"0","justified_row_height":150,"description_position":"0","description":"","random":"1","sorting_direction":"ASC","image_sizes_random":[],"isotope":0,"lightbox_enabled":1,"gallery_link_enabled":1,"lightbox_theme":"base_dark","lightbox_image_size":"default","title_display":"float","lightbox_title_caption":"caption","arrows":1,"arrows_position":"inside","toolbar":0,"toolbar_title":0,"toolbar_position":"top","loop":1,"lightbox_open_close_effect":"fade","effect":"fade","supersize":0,"thumbnails_toggle":0,"thumbnails_hide":0,"image_counter":1,"thumbnails":1,"thumbnails_width":75,"thumbnails_height":50,"thumbnails_position":"bottom","thumbnails_custom_size":0,"mobile":1,"mobile_width":320,"mobile_height":240,"mobile_lightbox":1,"mobile_gallery_link_enabled":1,"mobile_arrows":1,"mobile_toolbar":1,"mobile_thumbnails":0,"mobile_touchwipe_close":0,"mobile_thumbnails_width":75,"mobile_thumbnails_height":50,"mobile_justified_row_height":80,"keyboard":true,"standalone_template":"","classes":["envira-default-gallery"],"rtl":0,"slug":"ligne-92","custom_css":"#envira-gallery-124 {\r\n    \/* margin-bottom: 20px; *\/\r\n    \/* font-size: 18px; *\/\r\n    \/* font-family: \"roboto\"; *\/\r\n}","deeplinking":1,"download_all":0,"download_all_position":"below","download_all_label":"Download All Images","download":0,"download_custom_name":"","download_position":"top-left","download_image_size":"default","download_force":0,"password_protection_download":false,"download_invalid_password_message":false,"download_lightbox":0,"download_lightbox_position":"top-left","download_lightbox_force":0,"native_gallery_override":0,"fullscreen":0,"open_fullscreen":0,"protection":1,"protection_popup":0,"protection_message":"","protection_title":"","protection_button_text":"","slideshow":0,"autoplay":0,"slideshow_hover":0,"ss_speed":5000,"tags":1,"tags_filter":"","tags_position":"above","tags_all_enabled":1,"tags_all":"Toutes les photos","tags_sorting":"","tags_manual_sorting":[""],"tags_display":"","tags_scroll":0,"tags_mobile":1,"tags_count":0,"title":"Ligne 92"}},"_links":{"self":[{"href":"https:\/\/www.thibxl.be\/photos\/wp-json\/wp\/v2\/envira-gallery\/13733"}],"collection":[{"href":"https:\/\/www.thibxl.be\/photos\/wp-json\/wp\/v2\/envira-gallery"}],"about":[{"href":"https:\/\/www.thibxl.be\/photos\/wp-json\/wp\/v2\/types\/envira"}],"author":[{"embeddable":true,"href":"https:\/\/www.thibxl.be\/photos\/wp-json\/wp\/v2\/users\/1"}],"wp:featuredmedia":[{"embeddable":true,"href":"https:\/\/www.thibxl.be\/photos\/wp-json\/wp\/v2\/media\/8450"}],"wp:attachment":[{"href":"https:\/\/www.thibxl.be\/photos\/wp-json\/wp\/v2\/media?parent=13733"}],"curies":[{"name":"wp","href":"https:\/\/api.w.org\/{rel}","templated":true}]}}